{"id":1416,"date":"2025-11-27T12:10:11","date_gmt":"2025-11-27T12:10:11","guid":{"rendered":"https:\/\/www.journalismfestival.eu\/themes\/"},"modified":"2026-03-28T14:41:03","modified_gmt":"2026-03-28T14:41:03","slug":"themes","status":"publish","type":"page","link":"https:\/\/www.journalismfestival.eu\/sk\/themes\/","title":{"rendered":"Themes"},"content":{"rendered":"\t\t<div data-elementor-type=\"wp-page\" data-elementor-id=\"1416\" class=\"elementor elementor-1416 elementor-14\" data-elementor-post-type=\"page\">\n\t\t\t\t<div class=\"elementor-element elementor-element-54b83c2 e-flex e-con-boxed e-con e-parent\" data-id=\"54b83c2\" data-element_type=\"container\" data-settings=\"{&quot;background_background&quot;:&quot;classic&quot;}\">\n\t\t\t\t\t<div class=\"e-con-inner\">\n\t\t\t\t<div class=\"elementor-element elementor-element-7b1f494 elementor-widget elementor-widget-heading\" data-id=\"7b1f494\" data-element_type=\"widget\" data-widget_type=\"heading.default\">\n\t\t\t\t\t<h2 class=\"elementor-heading-title elementor-size-default\">T\u00c9MY\n<\/h2>\t\t\t\t<\/div>\n\t\t\t\t<div class=\"elementor-element elementor-element-9ed3836 elementor-icon-list--layout-inline elementor-align-center elementor-list-item-link-full_width elementor-widget elementor-widget-icon-list\" data-id=\"9ed3836\" data-element_type=\"widget\" data-widget_type=\"icon-list.default\">\n\t\t\t\t\t\t\t<ul class=\"elementor-icon-list-items elementor-inline-items\">\n\t\t\t\t\t\t\t<li class=\"elementor-icon-list-item elementor-inline-item\">\n\t\t\t\t\t\t\t\t\t\t<span class=\"elementor-icon-list-text\">Home<\/span>\n\t\t\t\t\t\t\t\t\t<\/li>\n\t\t\t\t\t\t\t\t<li class=\"elementor-icon-list-item elementor-inline-item\">\n\t\t\t\t\t\t\t\t\t\t\t<span class=\"elementor-icon-list-icon\">\n\t\t\t\t\t\t\t<svg aria-hidden=\"true\" class=\"e-font-icon-svg e-fas-caret-right\" viewBox=\"0 0 192 512\" xmlns=\"http:\/\/www.w3.org\/2000\/svg\"><path d=\"M0 384.662V127.338c0-17.818 21.543-26.741 34.142-14.142l128.662 128.662c7.81 7.81 7.81 20.474 0 28.284L34.142 398.804C21.543 411.404 0 402.48 0 384.662z\"><\/path><\/svg>\t\t\t\t\t\t<\/span>\n\t\t\t\t\t\t\t\t\t\t<span class=\"elementor-icon-list-text\">T\u00c9MY<\/span>\n\t\t\t\t\t\t\t\t\t<\/li>\n\t\t\t\t\t\t<\/ul>\n\t\t\t\t\t\t<\/div>\n\t\t\t\t\t<\/div>\n\t\t\t\t<\/div>\n\t\t<div class=\"elementor-element elementor-element-cd01e26 e-con-full e-flex e-con e-parent\" data-id=\"cd01e26\" data-element_type=\"container\">\n\t\t<div class=\"elementor-element elementor-element-ceb543c e-flex e-con-boxed e-con e-child\" data-id=\"ceb543c\" data-element_type=\"container\">\n\t\t\t\t\t<div class=\"e-con-inner\">\n\t\t<div class=\"elementor-element elementor-element-ddcb95b e-con-full e-flex e-con e-child\" data-id=\"ddcb95b\" data-element_type=\"container\">\n\t\t\t\t<div class=\"elementor-element elementor-element-6531e2e elementor-widget elementor-widget-heading\" data-id=\"6531e2e\" data-element_type=\"widget\" data-widget_type=\"heading.default\">\n\t\t\t\t\t<h2 class=\"elementor-heading-title elementor-size-default\">Hlavn\u00e1 t\u00e9ma festivalu 2026<\/h2>\t\t\t\t<\/div>\n\t\t\t\t<div class=\"elementor-element elementor-element-ff6e128 elementor-widget elementor-widget-heading\" data-id=\"ff6e128\" data-element_type=\"widget\" data-widget_type=\"heading.default\">\n\t\t\t\t\t<h2 class=\"elementor-heading-title elementor-size-default\">Za hranicou na\u0161ej bubliny<\/h2>\t\t\t\t<\/div>\n\t\t\t\t<div class=\"elementor-element elementor-element-2bafa76 elementor-widget elementor-widget-text-editor\" data-id=\"2bafa76\" data-element_type=\"widget\" data-widget_type=\"text-editor.default\">\n\t\t\t\t\t\t\t\t\t<p>Polariz\u00e1cia dnes nie je len politick\u00fdm fenom\u00e9nom. Ovplyv\u0148uje to, \u010do vid\u00edme, komu d\u00f4verujeme a ktor\u00e9 pr\u00edbehy sa dostan\u00fa do verejn\u00e9ho priestoru. Na festivale sa p\u00fdtame, ako m\u00f4\u017eeme prekra\u010dova\u0165 hranice bubl\u00edn, ktor\u00e9 si vytv\u00e1rame v profesion\u00e1lnej, soci\u00e1lnej, technologickej i ment\u00e1lnej rovine.<\/p>\t\t\t\t\t\t\t\t<\/div>\n\t\t\t\t<div class=\"elementor-element elementor-element-6db5297 elementor-widget elementor-widget-button\" data-id=\"6db5297\" data-element_type=\"widget\" data-widget_type=\"button.default\">\n\t\t\t\t\t\t\t\t\t\t<a class=\"elementor-button elementor-button-link elementor-size-sm\" href=\"https:\/\/www.journalismfestival.eu\/themes\/\">\n\t\t\t\t\t\t<span class=\"elementor-button-content-wrapper\">\n\t\t\t\t\t\t\t\t\t<span class=\"elementor-button-text\">Viac info<\/span>\n\t\t\t\t\t<\/span>\n\t\t\t\t\t<\/a>\n\t\t\t\t\t\t\t\t<\/div>\n\t\t\t\t<\/div>\n\t\t<div class=\"elementor-element elementor-element-c6d4650 e-con-full e-flex e-con e-child\" data-id=\"c6d4650\" data-element_type=\"container\">\n\t\t\t\t<div class=\"elementor-element elementor-element-32a8973 elementor-widget elementor-widget-image\" data-id=\"32a8973\" data-element_type=\"widget\" data-widget_type=\"image.default\">\n\t\t\t\t\t\t\t\t\t\t\t\t\t\t\t<img fetchpriority=\"high\" decoding=\"async\" width=\"1070\" height=\"875\" src=\"https:\/\/www.journalismfestival.eu\/wp-content\/uploads\/2025\/12\/festival-SMR-2026-1-e1768220153236.png\" class=\"attachment-full size-full wp-image-1761\" alt=\"\" srcset=\"https:\/\/www.journalismfestival.eu\/wp-content\/uploads\/2025\/12\/festival-SMR-2026-1-e1768220153236.png 1070w, https:\/\/www.journalismfestival.eu\/wp-content\/uploads\/2025\/12\/festival-SMR-2026-1-e1768220153236-300x245.png 300w, https:\/\/www.journalismfestival.eu\/wp-content\/uploads\/2025\/12\/festival-SMR-2026-1-e1768220153236-1024x837.png 1024w, https:\/\/www.journalismfestival.eu\/wp-content\/uploads\/2025\/12\/festival-SMR-2026-1-e1768220153236-768x628.png 768w\" sizes=\"(max-width: 1070px) 100vw, 1070px\" \/>\t\t\t\t\t\t\t\t\t\t\t\t\t\t\t<\/div>\n\t\t\t\t<\/div>\n\t\t\t\t\t<\/div>\n\t\t\t\t<\/div>\n\t\t\t\t<\/div>\n\t\t<div class=\"elementor-element elementor-element-8625e1d e-con-full elementor-hidden-desktop elementor-hidden-tablet elementor-hidden-mobile e-flex e-con e-parent\" data-id=\"8625e1d\" data-element_type=\"container\">\n\t\t<div class=\"elementor-element elementor-element-d4af031 e-flex e-con-boxed e-con e-child\" data-id=\"d4af031\" data-element_type=\"container\">\n\t\t\t\t\t<div class=\"e-con-inner\">\n\t\t<div class=\"elementor-element elementor-element-279958e e-con-full e-flex e-con e-child\" data-id=\"279958e\" data-element_type=\"container\">\n\t\t\t\t<div class=\"elementor-element elementor-element-df89645 elementor-widget elementor-widget-heading\" data-id=\"df89645\" data-element_type=\"widget\" data-widget_type=\"heading.default\">\n\t\t\t\t\t<h2 class=\"elementor-heading-title elementor-size-default\">T\u00c9MY\n<\/h2>\t\t\t\t<\/div>\n\t\t\t\t<div class=\"elementor-element elementor-element-dd959a4 elementor-widget elementor-widget-heading\" data-id=\"dd959a4\" data-element_type=\"widget\" data-widget_type=\"heading.default\">\n\t\t\t\t\t<h2 class=\"elementor-heading-title elementor-size-default\">\u010cERVEN\u00c9 VLAJKY\n<\/h2>\t\t\t\t<\/div>\n\t\t\t\t<div class=\"elementor-element elementor-element-215c5a4 elementor-widget elementor-widget-text-editor\" data-id=\"215c5a4\" data-element_type=\"widget\" data-widget_type=\"text-editor.default\">\n\t\t\t\t\t\t\t\t\t\u010cerven\u00e9 vlajky s\u00fa sign\u00e1ly, \u017ee nie\u010do nie je v poriadku. V \u017eurnalistike si niektor\u00e9 z nich vytv\u00e1rame sami \u2013 ke\u010f nahr\u00e1dzame presnos\u0165 r\u00fdchlos\u0165ou, ke\u010f redak\u010dn\u00e9 kompromisy prejd\u00fa do autocenz\u00fary. In\u00e9 prich\u00e1dzaj\u00fa zvonka \u2013 zastra\u0161ovanie report\u00e9rov, ekonomick\u00fd tlak na redakcie, algoritmy, ktor\u00e9 rozhoduj\u00fa o tom, \u010do vid\u00edme a \u010do nie. Festival Svet medzi riadkami 2026 mapuje tieto varovn\u00e9 sign\u00e1ly. P\u00e4\u0165 dn\u00ed diskusi\u00ed o etick\u00fdch dilem\u00e1ch a profesion\u00e1lnych zlyhaniach, ktor\u00e9 otvorene prizn\u00e1vame. Ale aj o tlaku na slobodu tla\u010de a polariz\u00e1cii prostredn\u00edctvom soci\u00e1lnych siet\u00ed.     \n\t\t\t\t\t\t\t\t<\/div>\n\t\t\t\t<div class=\"elementor-element elementor-element-9d4492c elementor-widget elementor-widget-button\" data-id=\"9d4492c\" data-element_type=\"widget\" data-widget_type=\"button.default\">\n\t\t\t\t\t\t\t\t\t\t<a class=\"elementor-button elementor-button-link elementor-size-sm\" href=\"https:\/\/www.journalismfestival.eu\/sk\/themes\/\">\n\t\t\t\t\t\t<span class=\"elementor-button-content-wrapper\">\n\t\t\t\t\t\t\t\t\t<span class=\"elementor-button-text\">Read more<\/span>\n\t\t\t\t\t<\/span>\n\t\t\t\t\t<\/a>\n\t\t\t\t\t\t\t\t<\/div>\n\t\t\t\t<\/div>\n\t\t<div class=\"elementor-element elementor-element-f0bea69 e-con-full e-flex e-con e-child\" data-id=\"f0bea69\" data-element_type=\"container\">\n\t\t\t\t<div class=\"elementor-element elementor-element-6c23ec0 elementor-widget elementor-widget-image\" data-id=\"6c23ec0\" data-element_type=\"widget\" data-widget_type=\"image.default\">\n\t\t\t\t\t\t\t\t\t\t\t\t\t\t\t<img decoding=\"async\" width=\"940\" height=\"788\" src=\"https:\/\/www.journalismfestival.eu\/wp-content\/uploads\/2025\/12\/Red-flags-in-journalism-3-1.png\" class=\"attachment-full size-full wp-image-1418\" alt=\"\" srcset=\"https:\/\/www.journalismfestival.eu\/wp-content\/uploads\/2025\/12\/Red-flags-in-journalism-3-1.png 940w, https:\/\/www.journalismfestival.eu\/wp-content\/uploads\/2025\/12\/Red-flags-in-journalism-3-1-300x251.png 300w, https:\/\/www.journalismfestival.eu\/wp-content\/uploads\/2025\/12\/Red-flags-in-journalism-3-1-768x644.png 768w\" sizes=\"(max-width: 940px) 100vw, 940px\" \/>\t\t\t\t\t\t\t\t\t\t\t\t\t\t\t<\/div>\n\t\t\t\t<\/div>\n\t\t\t\t\t<\/div>\n\t\t\t\t<\/div>\n\t\t\t\t<\/div>\n\t\t<div class=\"elementor-element elementor-element-e42ca68 elementor-hidden-desktop elementor-hidden-tablet elementor-hidden-mobile e-flex e-con-boxed e-con e-parent\" data-id=\"e42ca68\" data-element_type=\"container\">\n\t\t\t\t\t<div class=\"e-con-inner\">\n\t\t<div class=\"elementor-element elementor-element-05367ee e-flex e-con-boxed e-con e-child\" data-id=\"05367ee\" data-element_type=\"container\">\n\t\t\t\t\t<div class=\"e-con-inner\">\n\t\t\t\t<div class=\"elementor-element elementor-element-4718a74 elementor-widget elementor-widget-heading\" data-id=\"4718a74\" data-element_type=\"widget\" data-widget_type=\"heading.default\">\n\t\t\t\t\t<h2 class=\"elementor-heading-title elementor-size-default\">Red flags<\/h2>\t\t\t\t<\/div>\n\t\t\t\t<div class=\"elementor-element elementor-element-b9c363f elementor-widget elementor-widget-text-editor\" data-id=\"b9c363f\" data-element_type=\"widget\" data-widget_type=\"text-editor.default\">\n\t\t\t\t\t\t\t\t\t<p>Red flags are signals that something is wrong. In journalism, we create some of them ourselves \u2013 when we replace accuracy with speed, when editorial compromises slip into self-censorship.  <br><br>Others come from outside \u2013 intimidation of reporters, economic pressures on editorial offices, algorithms that decide what we see. The World Between the Lines 2025 festival maps these warning signs.  <br><br>Five days of discussions about ethical dilemmas and professional failures that we openly admit. But also about pressures on press freedom and polarization through social networks. <\/p>\t\t\t\t\t\t\t\t<\/div>\n\t\t\t\t\t<\/div>\n\t\t\t\t<\/div>\n\t\t<div class=\"elementor-element elementor-element-7935b19 e-con-full e-flex e-con e-child\" data-id=\"7935b19\" data-element_type=\"container\">\n\t\t\t\t<div class=\"elementor-element elementor-element-2974696 elementor-widget elementor-widget-image\" data-id=\"2974696\" data-element_type=\"widget\" data-widget_type=\"image.default\">\n\t\t\t\t\t\t\t\t\t\t\t\t\t\t\t<img decoding=\"async\" width=\"940\" height=\"788\" src=\"https:\/\/www.journalismfestival.eu\/wp-content\/uploads\/2025\/12\/Red-flags-in-journalism-3-1.png\" class=\"attachment-full size-full wp-image-1418\" alt=\"\" srcset=\"https:\/\/www.journalismfestival.eu\/wp-content\/uploads\/2025\/12\/Red-flags-in-journalism-3-1.png 940w, https:\/\/www.journalismfestival.eu\/wp-content\/uploads\/2025\/12\/Red-flags-in-journalism-3-1-300x251.png 300w, https:\/\/www.journalismfestival.eu\/wp-content\/uploads\/2025\/12\/Red-flags-in-journalism-3-1-768x644.png 768w\" sizes=\"(max-width: 940px) 100vw, 940px\" \/>\t\t\t\t\t\t\t\t\t\t\t\t\t\t\t<\/div>\n\t\t\t\t<\/div>\n\t\t\t\t\t<\/div>\n\t\t\t\t<\/div>\n\t\t<div class=\"elementor-element elementor-element-e232d80 elementor-hidden-desktop elementor-hidden-tablet elementor-hidden-mobile e-flex e-con-boxed e-con e-parent\" data-id=\"e232d80\" data-element_type=\"container\">\n\t\t\t\t\t<div class=\"e-con-inner\">\n\t\t<div class=\"elementor-element elementor-element-74084a3 e-flex e-con-boxed e-con e-child\" data-id=\"74084a3\" data-element_type=\"container\" data-settings=\"{&quot;background_background&quot;:&quot;classic&quot;}\">\n\t\t\t\t\t<div class=\"e-con-inner\">\n\t\t<div class=\"elementor-element elementor-element-8d8ae49 e-con-full e-flex e-con e-child\" data-id=\"8d8ae49\" data-element_type=\"container\">\n\t\t\t\t<div class=\"elementor-element elementor-element-28cf292 elementor-widget__width-initial elementor-widget elementor-widget-image\" data-id=\"28cf292\" data-element_type=\"widget\" data-widget_type=\"image.default\">\n\t\t\t\t\t\t\t\t\t\t\t\t\t\t\t<img decoding=\"async\" width=\"225\" height=\"225\" src=\"https:\/\/www.journalismfestival.eu\/wp-content\/uploads\/2025\/11\/under_construction-removebg-preview.png\" class=\"attachment-full size-full wp-image-1402\" alt=\"\" srcset=\"https:\/\/www.journalismfestival.eu\/wp-content\/uploads\/2025\/11\/under_construction-removebg-preview.png 225w, https:\/\/www.journalismfestival.eu\/wp-content\/uploads\/2025\/11\/under_construction-removebg-preview-150x150.png 150w\" sizes=\"(max-width: 225px) 100vw, 225px\" \/>\t\t\t\t\t\t\t\t\t\t\t\t\t\t\t<\/div>\n\t\t\t\t<\/div>\n\t\t<div class=\"elementor-element elementor-element-7147889 e-con-full e-flex e-con e-child\" data-id=\"7147889\" data-element_type=\"container\">\n\t\t\t\t<div class=\"elementor-element elementor-element-7e73b92 elementor-widget elementor-widget-heading\" data-id=\"7e73b92\" data-element_type=\"widget\" data-widget_type=\"heading.default\">\n\t\t\t\t\t<h2 class=\"elementor-heading-title elementor-size-default\">Akt\u00edvne pripravujeme program festivalu na rok 2026. Tu je v\u00fdber z toho, \u010do pl\u00e1nujeme. Podrobn\u00fd program s konkr\u00e9tnymi d\u00e1tumami a \u010dasmi zverejn\u00edme na za\u010diatku roka 2026.  \n<\/h2>\t\t\t\t<\/div>\n\t\t\t\t<\/div>\n\t\t\t\t\t<\/div>\n\t\t\t\t<\/div>\n\t\t\t\t\t<\/div>\n\t\t\t\t<\/div>\n\t\t<div class=\"elementor-element elementor-element-f35b1a2 e-con-full e-flex e-con e-parent\" data-id=\"f35b1a2\" data-element_type=\"container\" data-settings=\"{&quot;background_background&quot;:&quot;classic&quot;}\">\n\t\t<div class=\"elementor-element elementor-element-97903f1 e-flex e-con-boxed e-con e-child\" data-id=\"97903f1\" data-element_type=\"container\">\n\t\t\t\t\t<div class=\"e-con-inner\">\n\t\t\t\t<div class=\"elementor-element elementor-element-9a872ea elementor-widget elementor-widget-heading\" data-id=\"9a872ea\" data-element_type=\"widget\" data-widget_type=\"heading.default\">\n\t\t\t\t\t<h2 class=\"elementor-heading-title elementor-size-default\">T\u00e9my, o ktor\u00fdch budeme diskutova\u0165 v roku 2026 <\/h2>\t\t\t\t<\/div>\n\t\t\t\t\t<\/div>\n\t\t\t\t<\/div>\n\t\t<div class=\"elementor-element elementor-element-9d2aa7c e-grid e-con-boxed e-con e-child\" data-id=\"9d2aa7c\" data-element_type=\"container\">\n\t\t\t\t\t<div class=\"e-con-inner\">\n\t\t<div class=\"elementor-element elementor-element-2ad227c e-con-full e-flex e-con e-child\" data-id=\"2ad227c\" data-element_type=\"container\">\n\t\t\t\t<div class=\"elementor-element elementor-element-2b24134 elementor-widget elementor-widget-image\" data-id=\"2b24134\" data-element_type=\"widget\" data-widget_type=\"image.default\">\n\t\t\t\t\t\t\t\t\t\t\t\t\t\t\t<img loading=\"lazy\" decoding=\"async\" width=\"379\" height=\"347\" src=\"https:\/\/www.journalismfestival.eu\/wp-content\/uploads\/2026\/02\/Screenshot_2025-12-09_002047-removebg-preview.png\" class=\"attachment-full size-full wp-image-2196\" alt=\"\" srcset=\"https:\/\/www.journalismfestival.eu\/wp-content\/uploads\/2026\/02\/Screenshot_2025-12-09_002047-removebg-preview.png 379w, https:\/\/www.journalismfestival.eu\/wp-content\/uploads\/2026\/02\/Screenshot_2025-12-09_002047-removebg-preview-300x275.png 300w\" sizes=\"(max-width: 379px) 100vw, 379px\" \/>\t\t\t\t\t\t\t\t\t\t\t\t\t\t\t<\/div>\n\t\t\t\t<div class=\"elementor-element elementor-element-6652f28 elementor-widget elementor-widget-heading\" data-id=\"6652f28\" data-element_type=\"widget\" data-widget_type=\"heading.default\">\n\t\t\t\t\t<h2 class=\"elementor-heading-title elementor-size-default\">\u00danikov\u00e1 hra: Dezinform\u00e1cie<\/h2>\t\t\t\t<\/div>\n\t\t\t\t<div class=\"elementor-element elementor-element-e112d21 elementor-widget elementor-widget-text-editor\" data-id=\"e112d21\" data-element_type=\"widget\" data-widget_type=\"text-editor.default\">\n\t\t\t\t\t\t\t\t\t<p>Manipul\u00e1cia v akcii: dok\u00e1\u017eete ju rozpozna\u0165 v momente, ke\u010f sa objav\u00ed? Interakt\u00edvna v\u00fdzva testuje, ako r\u00fdchlo sa falo\u0161n\u00e9 inform\u00e1cie m\u00f4\u017eu javi\u0165 legit\u00edmne a ako \u013eahko na ne nalet\u00edme pod \u010dasov\u00fdm tlakom \u010di zahlten\u00ed obsahom.<\/p>\t\t\t\t\t\t\t\t<\/div>\n\t\t\t\t<\/div>\n\t\t<div class=\"elementor-element elementor-element-027793d e-con-full e-flex e-con e-child\" data-id=\"027793d\" data-element_type=\"container\" data-settings=\"{&quot;background_background&quot;:&quot;classic&quot;}\">\n\t\t\t\t<div class=\"elementor-element elementor-element-2d1a6db elementor-widget elementor-widget-image\" data-id=\"2d1a6db\" data-element_type=\"widget\" data-widget_type=\"image.default\">\n\t\t\t\t\t\t\t\t\t\t\t\t\t\t\t<img loading=\"lazy\" decoding=\"async\" width=\"500\" height=\"500\" src=\"https:\/\/www.journalismfestival.eu\/wp-content\/uploads\/2026\/02\/jf_Citliva-forografia-1.png\" class=\"attachment-full size-full wp-image-2198\" alt=\"\" srcset=\"https:\/\/www.journalismfestival.eu\/wp-content\/uploads\/2026\/02\/jf_Citliva-forografia-1.png 500w, https:\/\/www.journalismfestival.eu\/wp-content\/uploads\/2026\/02\/jf_Citliva-forografia-1-300x300.png 300w, https:\/\/www.journalismfestival.eu\/wp-content\/uploads\/2026\/02\/jf_Citliva-forografia-1-150x150.png 150w\" sizes=\"(max-width: 500px) 100vw, 500px\" \/>\t\t\t\t\t\t\t\t\t\t\t\t\t\t\t<\/div>\n\t\t\t\t<div class=\"elementor-element elementor-element-3eb9954 elementor-widget elementor-widget-heading\" data-id=\"3eb9954\" data-element_type=\"widget\" data-widget_type=\"heading.default\">\n\t\t\t\t\t<h2 class=\"elementor-heading-title elementor-size-default\">Citliv\u00e1 fotografia<\/h2>\t\t\t\t<\/div>\n\t\t\t\t<div class=\"elementor-element elementor-element-eee2a4a elementor-widget elementor-widget-text-editor\" data-id=\"eee2a4a\" data-element_type=\"widget\" data-widget_type=\"text-editor.default\">\n\t\t\t\t\t\t\t\t\t<div class=\"elementor-element elementor-element-18beef3 e-con-full e-flex e-con e-child\" data-id=\"18beef3\" data-element_type=\"container\" data-settings=\"{&quot;background_background&quot;:&quot;classic&quot;}\"><div class=\"elementor-element elementor-element-3c3a711 elementor-widget elementor-widget-text-editor\" data-id=\"3c3a711\" data-element_type=\"widget\" data-widget_type=\"text-editor.default\"><p>Citliv\u00e1 fotografia nie je len ot\u00e1zkou estetiky, ale aj etiky a moci. Na workshope sa nau\u010d\u00edte, ako pracova\u0165 s em\u00f3ciami bez ich zneu\u017eitia a ak\u00fa zodpovednos\u0165 nesie fotograf vo\u010di \u013eu\u010fom, ktor\u00fdch zobrazuje.<\/p><\/div><\/div>\t\t\t\t\t\t\t\t<\/div>\n\t\t\t\t<\/div>\n\t\t<div class=\"elementor-element elementor-element-91f13de e-con-full e-flex e-con e-child\" data-id=\"91f13de\" data-element_type=\"container\">\n\t\t\t\t<div class=\"elementor-element elementor-element-58c4816 elementor-widget elementor-widget-image\" data-id=\"58c4816\" data-element_type=\"widget\" data-widget_type=\"image.default\">\n\t\t\t\t\t\t\t\t\t\t\t\t\t\t\t<img loading=\"lazy\" decoding=\"async\" width=\"444\" height=\"262\" src=\"https:\/\/www.journalismfestival.eu\/wp-content\/uploads\/2026\/02\/Screenshot_2025-12-08_002231-removebg-preview.png\" class=\"attachment-full size-full wp-image-2200\" alt=\"\" srcset=\"https:\/\/www.journalismfestival.eu\/wp-content\/uploads\/2026\/02\/Screenshot_2025-12-08_002231-removebg-preview.png 444w, https:\/\/www.journalismfestival.eu\/wp-content\/uploads\/2026\/02\/Screenshot_2025-12-08_002231-removebg-preview-300x177.png 300w\" sizes=\"(max-width: 444px) 100vw, 444px\" \/>\t\t\t\t\t\t\t\t\t\t\t\t\t\t\t<\/div>\n\t\t\t\t<div class=\"elementor-element elementor-element-6e7da19 elementor-widget elementor-widget-heading\" data-id=\"6e7da19\" data-element_type=\"widget\" data-widget_type=\"heading.default\">\n\t\t\t\t\t<h2 class=\"elementor-heading-title elementor-size-default\">Stredn\u00e1 Eur\u00f3pa o\u010dami zahrani\u010dia <\/h2>\t\t\t\t<\/div>\n\t\t\t\t<div class=\"elementor-element elementor-element-ead8101 elementor-widget elementor-widget-text-editor\" data-id=\"ead8101\" data-element_type=\"widget\" data-widget_type=\"text-editor.default\">\n\t\t\t\t\t\t\t\t\t<p>Ako vidia stredn\u00fa Eur\u00f3pu t\u00ed, ktor\u00ed o nej p\u00ed\u0161u pre ve\u013ek\u00e9 svetov\u00e9 m\u00e9di\u00e1? Zahrani\u010dn\u00fdch kore\u0161pondentov sem nel\u00e1ka len politika \u2013 h\u013eadaj\u00fa pr\u00edbehy, ktor\u00e9 verejnos\u0165 \u010dasto prehliada.<\/p>\t\t\t\t\t\t\t\t<\/div>\n\t\t\t\t<\/div>\n\t\t<div class=\"elementor-element elementor-element-f7a3860 e-con-full e-flex e-con e-child\" data-id=\"f7a3860\" data-element_type=\"container\">\n\t\t\t\t<div class=\"elementor-element elementor-element-79916b5 elementor-widget elementor-widget-image\" data-id=\"79916b5\" data-element_type=\"widget\" data-widget_type=\"image.default\">\n\t\t\t\t\t\t\t\t\t\t\t\t\t\t\t<img loading=\"lazy\" decoding=\"async\" width=\"264\" height=\"261\" src=\"https:\/\/www.journalismfestival.eu\/wp-content\/uploads\/2026\/02\/Screenshot_2025-12-08_002253-removebg-preview.png\" class=\"attachment-full size-full wp-image-2204\" alt=\"\" \/>\t\t\t\t\t\t\t\t\t\t\t\t\t\t\t<\/div>\n\t\t\t\t<div class=\"elementor-element elementor-element-6d75e8f elementor-widget elementor-widget-heading\" data-id=\"6d75e8f\" data-element_type=\"widget\" data-widget_type=\"heading.default\">\n\t\t\t\t\t<h2 class=\"elementor-heading-title elementor-size-default\">\u017deny v m\u00e9di\u00e1ch<\/h2>\t\t\t\t<\/div>\n\t\t\t\t<div class=\"elementor-element elementor-element-6206749 elementor-widget elementor-widget-text-editor\" data-id=\"6206749\" data-element_type=\"widget\" data-widget_type=\"text-editor.default\">\n\t\t\t\t\t\t\t\t\t<p>\u00datoky, ob\u0165a\u017eovanie, spochyb\u0148ovanie kompetenci\u00ed. \u010co za\u017e\u00edvaj\u00fa novin\u00e1rky dnes \u2013 a pre\u010do sa o tom nehovor\u00ed nahlas? Diskusia o \u0161pecifick\u00fdch form\u00e1ch tlaku, ktor\u00fdm \u010delia \u017eeny v \u017eurnalistike.<\/p>\t\t\t\t\t\t\t\t<\/div>\n\t\t\t\t<\/div>\n\t\t<div class=\"elementor-element elementor-element-7b59d3c e-con-full e-flex e-con e-child\" data-id=\"7b59d3c\" data-element_type=\"container\">\n\t\t\t\t<div class=\"elementor-element elementor-element-6d15606 elementor-widget elementor-widget-image\" data-id=\"6d15606\" data-element_type=\"widget\" data-widget_type=\"image.default\">\n\t\t\t\t\t\t\t\t\t\t\t\t\t\t\t<img loading=\"lazy\" decoding=\"async\" width=\"287\" height=\"278\" src=\"https:\/\/www.journalismfestival.eu\/wp-content\/uploads\/2026\/02\/Screenshot_2025-12-08_002307-removebg-preview.png\" class=\"attachment-full size-full wp-image-2206\" alt=\"\" \/>\t\t\t\t\t\t\t\t\t\t\t\t\t\t\t<\/div>\n\t\t\t\t<div class=\"elementor-element elementor-element-802eaa9 elementor-widget elementor-widget-heading\" data-id=\"802eaa9\" data-element_type=\"widget\" data-widget_type=\"heading.default\">\n\t\t\t\t\t<h2 class=\"elementor-heading-title elementor-size-default\">\u0160tudentsk\u00e9 m\u00e9di\u00e1<\/h2>\t\t\t\t<\/div>\n\t\t\t\t<div class=\"elementor-element elementor-element-44d320b elementor-widget elementor-widget-text-editor\" data-id=\"44d320b\" data-element_type=\"widget\" data-widget_type=\"text-editor.default\">\n\t\t\t\t\t\t\t\t\t<p>\u0160tudentsk\u00e9 m\u00e9di\u00e1 nie s\u00fa len &#8222;cvi\u010dn\u00e1&#8220; novin\u00e1r\u010dina \u2013 s\u00fa \u010dasto prv\u00fdm miestom, kde sa testuj\u00fa hranice, experimentuje s form\u00e1tmi a kde vyrastaj\u00fa bud\u00faci investigat\u00edvci.\u00a0<\/p>\t\t\t\t\t\t\t\t<\/div>\n\t\t\t\t<\/div>\n\t\t<div class=\"elementor-element elementor-element-70b8855 e-con-full e-flex e-con e-child\" data-id=\"70b8855\" data-element_type=\"container\">\n\t\t\t\t<div class=\"elementor-element elementor-element-6f7384f elementor-widget elementor-widget-image\" data-id=\"6f7384f\" data-element_type=\"widget\" data-widget_type=\"image.default\">\n\t\t\t\t\t\t\t\t\t\t\t\t\t\t\t<img loading=\"lazy\" decoding=\"async\" width=\"500\" height=\"500\" src=\"https:\/\/www.journalismfestival.eu\/wp-content\/uploads\/2026\/02\/jf_Medialne-bubliny-1.png\" class=\"attachment-full size-full wp-image-2208\" alt=\"\" srcset=\"https:\/\/www.journalismfestival.eu\/wp-content\/uploads\/2026\/02\/jf_Medialne-bubliny-1.png 500w, https:\/\/www.journalismfestival.eu\/wp-content\/uploads\/2026\/02\/jf_Medialne-bubliny-1-300x300.png 300w, https:\/\/www.journalismfestival.eu\/wp-content\/uploads\/2026\/02\/jf_Medialne-bubliny-1-150x150.png 150w\" sizes=\"(max-width: 500px) 100vw, 500px\" \/>\t\t\t\t\t\t\t\t\t\t\t\t\t\t\t<\/div>\n\t\t\t\t<div class=\"elementor-element elementor-element-af60ba8 elementor-widget elementor-widget-heading\" data-id=\"af60ba8\" data-element_type=\"widget\" data-widget_type=\"heading.default\">\n\t\t\t\t\t<h2 class=\"elementor-heading-title elementor-size-default\">Medi\u00e1lne bubliny<\/h2>\t\t\t\t<\/div>\n\t\t\t\t<div class=\"elementor-element elementor-element-bd52417 elementor-widget elementor-widget-text-editor\" data-id=\"bd52417\" data-element_type=\"widget\" data-widget_type=\"text-editor.default\">\n\t\t\t\t\t\t\t\t\t<p><span style=\"font-weight: 400;\">\u010c\u00edtame tie ist\u00e9 zdroje. Sledujeme podobne zm\u00fd\u0161\u013eaj\u00facich \u013eud\u00ed. Algoritmy n\u00e1m ukazuj\u00fa spr\u00e1vy, ktor\u00e9 potvrdzuj\u00fa na\u0161e n\u00e1zory. A potom nevieme pochopi\u0165, pre\u010do druh\u00e1 polovica spolo\u010dnosti vn\u00edma svet \u00faplne inak. Diskusia o tom, ako medi\u00e1lne bubliny funguj\u00fa, ako ovplyv\u0148uj\u00fa na\u0161u pr\u00e1cu \u2013 a \u010di z nej vieme vyst\u00fapi\u0165.<\/span><\/p>\t\t\t\t\t\t\t\t<\/div>\n\t\t\t\t<\/div>\n\t\t<div class=\"elementor-element elementor-element-b4fc8a5 e-con-full e-flex e-con e-child\" data-id=\"b4fc8a5\" data-element_type=\"container\">\n\t\t\t\t<div class=\"elementor-element elementor-element-2c63962 elementor-widget elementor-widget-image\" data-id=\"2c63962\" data-element_type=\"widget\" data-widget_type=\"image.default\">\n\t\t\t\t\t\t\t\t\t\t\t\t\t\t\t<img loading=\"lazy\" decoding=\"async\" width=\"500\" height=\"500\" src=\"https:\/\/www.journalismfestival.eu\/wp-content\/uploads\/2026\/02\/jf_90s-1.png\" class=\"attachment-full size-full wp-image-2210\" alt=\"\" srcset=\"https:\/\/www.journalismfestival.eu\/wp-content\/uploads\/2026\/02\/jf_90s-1.png 500w, https:\/\/www.journalismfestival.eu\/wp-content\/uploads\/2026\/02\/jf_90s-1-300x300.png 300w, https:\/\/www.journalismfestival.eu\/wp-content\/uploads\/2026\/02\/jf_90s-1-150x150.png 150w\" sizes=\"(max-width: 500px) 100vw, 500px\" \/>\t\t\t\t\t\t\t\t\t\t\t\t\t\t\t<\/div>\n\t\t\t\t<div class=\"elementor-element elementor-element-cd1fa22 elementor-widget elementor-widget-heading\" data-id=\"cd1fa22\" data-element_type=\"widget\" data-widget_type=\"heading.default\">\n\t\t\t\t\t<h2 class=\"elementor-heading-title elementor-size-default\">Ako sa robila novin\u00e1r\u010dina v 90-tych rokoch<\/h2>\t\t\t\t<\/div>\n\t\t\t\t<div class=\"elementor-element elementor-element-decce4b elementor-widget elementor-widget-text-editor\" data-id=\"decce4b\" data-element_type=\"widget\" data-widget_type=\"text-editor.default\">\n\t\t\t\t\t\t\t\t\t<p>Ako sa robila novin\u00e1r\u010dina v dev\u00e4\u0165desiatych rokoch a vid\u00edme podobnosti so s\u00fa\u010dasnos\u0165ou? Agresia, rozdelen\u00e1 spolo\u010dnos\u0165, fyzick\u00e9 \u00fatoky na novin\u00e1rov. Diskusia s t\u00fdmi, ktor\u00ed to za\u017eili na vlastnej ko\u017ei.<\/p>\t\t\t\t\t\t\t\t<\/div>\n\t\t\t\t<\/div>\n\t\t<div class=\"elementor-element elementor-element-e5f4550 e-con-full e-flex e-con e-child\" data-id=\"e5f4550\" data-element_type=\"container\">\n\t\t\t\t<div class=\"elementor-element elementor-element-94cfa47 elementor-widget elementor-widget-image\" data-id=\"94cfa47\" data-element_type=\"widget\" data-widget_type=\"image.default\">\n\t\t\t\t\t\t\t\t\t\t\t\t\t\t\t<img loading=\"lazy\" decoding=\"async\" width=\"500\" height=\"500\" src=\"https:\/\/www.journalismfestival.eu\/wp-content\/uploads\/2026\/02\/jf_STV-1.png\" class=\"attachment-full size-full wp-image-2212\" alt=\"\" srcset=\"https:\/\/www.journalismfestival.eu\/wp-content\/uploads\/2026\/02\/jf_STV-1.png 500w, https:\/\/www.journalismfestival.eu\/wp-content\/uploads\/2026\/02\/jf_STV-1-300x300.png 300w, https:\/\/www.journalismfestival.eu\/wp-content\/uploads\/2026\/02\/jf_STV-1-150x150.png 150w\" sizes=\"(max-width: 500px) 100vw, 500px\" \/>\t\t\t\t\t\t\t\t\t\t\t\t\t\t\t<\/div>\n\t\t\t\t<div class=\"elementor-element elementor-element-3078677 elementor-widget elementor-widget-heading\" data-id=\"3078677\" data-element_type=\"widget\" data-widget_type=\"heading.default\">\n\t\t\t\t\t<h2 class=\"elementor-heading-title elementor-size-default\">Zlomov\u00e9 momenty telev\u00edzie<\/h2>\t\t\t\t<\/div>\n\t\t\t\t<div class=\"elementor-element elementor-element-9992f9d elementor-widget elementor-widget-text-editor\" data-id=\"9992f9d\" data-element_type=\"widget\" data-widget_type=\"text-editor.default\">\n\t\t\t\t\t\t\t\t\t<p><span style=\"font-weight: 400;\">Telev\u00edzia formovala sp\u00f4sob, ak\u00fdm sme vn\u00edmali prelomov\u00e9 udalosti \u010deskoslovensk\u00fdch a slovensk\u00fdch dej\u00edn. Ako pokr\u00fdvala august 1968, november 1989 a rozdelenie \u0161t\u00e1tu v roku 1993? Stretnutie s \u013eu\u010fmi z telev\u00edznej brand\u017ee, ktor\u00ed v\u00e1m uk\u00e1\u017eu, ako sa robila \u017eurnalistika v \u010dasoch, ke\u010f ka\u017ed\u00fd z\u00e1ber mohol znamena\u0165 kari\u00e9ru \u2013 alebo jej koniec. <\/span><\/p>\t\t\t\t\t\t\t\t<\/div>\n\t\t\t\t<\/div>\n\t\t<div class=\"elementor-element elementor-element-363d5fa e-con-full e-flex e-con e-child\" data-id=\"363d5fa\" data-element_type=\"container\">\n\t\t\t\t<div class=\"elementor-element elementor-element-6c96e0b elementor-widget elementor-widget-image\" data-id=\"6c96e0b\" data-element_type=\"widget\" data-widget_type=\"image.default\">\n\t\t\t\t\t\t\t\t\t\t\t\t\t\t\t<img loading=\"lazy\" decoding=\"async\" width=\"500\" height=\"500\" src=\"https:\/\/www.journalismfestival.eu\/wp-content\/uploads\/2026\/02\/jf_Overlooked-1.png\" class=\"attachment-full size-full wp-image-2214\" alt=\"\" srcset=\"https:\/\/www.journalismfestival.eu\/wp-content\/uploads\/2026\/02\/jf_Overlooked-1.png 500w, https:\/\/www.journalismfestival.eu\/wp-content\/uploads\/2026\/02\/jf_Overlooked-1-300x300.png 300w, https:\/\/www.journalismfestival.eu\/wp-content\/uploads\/2026\/02\/jf_Overlooked-1-150x150.png 150w\" sizes=\"(max-width: 500px) 100vw, 500px\" \/>\t\t\t\t\t\t\t\t\t\t\t\t\t\t\t<\/div>\n\t\t\t\t<div class=\"elementor-element elementor-element-9158faf elementor-widget elementor-widget-heading\" data-id=\"9158faf\" data-element_type=\"widget\" data-widget_type=\"heading.default\">\n\t\t\t\t\t<h2 class=\"elementor-heading-title elementor-size-default\">StoryLabs: Prehliadan\u00e9 pr\u00edbehy<\/h2>\t\t\t\t<\/div>\n\t\t\t\t<div class=\"elementor-element elementor-element-c58061d elementor-widget elementor-widget-text-editor\" data-id=\"c58061d\" data-element_type=\"widget\" data-widget_type=\"text-editor.default\">\n\t\t\t\t\t\t\t\t\t<p><span style=\"font-weight: 400;\">Mainstreamov\u00e9 m\u00e9di\u00e1 pokr\u00fdvaj\u00fa st\u00e1le tie ist\u00e9 t\u00e9my a st\u00e1le t\u00fdch ist\u00fdch \u013eud\u00ed. Ako n\u00e1js\u0165 pr\u00edbehy, ktor\u00e9 sa stratili mimo radaru redakci\u00ed? Ako da\u0165 priestor hlasom, ktor\u00e9 zvy\u010dajne nikto nepo\u010d\u00fava? Praktick\u00fd workshop s novin\u00e1rkami \u0161pecializuj\u00facimi sa na \u013eudsk\u00e9 pr\u00e1va a soci\u00e1lne ot\u00e1zky o tom, ako h\u013eada\u0165 a spracov\u00e1va\u0165 underreported stories.<\/span><\/p>\t\t\t\t\t\t\t\t<\/div>\n\t\t\t\t<\/div>\n\t\t<div class=\"elementor-element elementor-element-5e286cd e-con-full e-flex e-con e-child\" data-id=\"5e286cd\" data-element_type=\"container\">\n\t\t\t\t<div class=\"elementor-element elementor-element-c6cf4b0 elementor-widget elementor-widget-image\" data-id=\"c6cf4b0\" data-element_type=\"widget\" data-widget_type=\"image.default\">\n\t\t\t\t\t\t\t\t\t\t\t\t\t\t\t<img loading=\"lazy\" decoding=\"async\" width=\"500\" height=\"500\" src=\"https:\/\/www.journalismfestival.eu\/wp-content\/uploads\/2026\/02\/jf_difficult-1.png\" class=\"attachment-full size-full wp-image-2216\" alt=\"\" srcset=\"https:\/\/www.journalismfestival.eu\/wp-content\/uploads\/2026\/02\/jf_difficult-1.png 500w, https:\/\/www.journalismfestival.eu\/wp-content\/uploads\/2026\/02\/jf_difficult-1-300x300.png 300w, https:\/\/www.journalismfestival.eu\/wp-content\/uploads\/2026\/02\/jf_difficult-1-150x150.png 150w\" sizes=\"(max-width: 500px) 100vw, 500px\" \/>\t\t\t\t\t\t\t\t\t\t\t\t\t\t\t<\/div>\n\t\t\t\t<div class=\"elementor-element elementor-element-234478e elementor-widget elementor-widget-heading\" data-id=\"234478e\" data-element_type=\"widget\" data-widget_type=\"heading.default\">\n\t\t\t\t\t<h2 class=\"elementor-heading-title elementor-size-default\">Pr\u00e1ca v n\u00e1ro\u010dnom ter\u00e9ne <\/h2>\t\t\t\t<\/div>\n\t\t\t\t<div class=\"elementor-element elementor-element-83b6e6b elementor-widget elementor-widget-text-editor\" data-id=\"83b6e6b\" data-element_type=\"widget\" data-widget_type=\"text-editor.default\">\n\t\t\t\t\t\t\t\t\t<p><span style=\"font-weight: 400;\">Konfliktn\u00e9 z\u00f3ny, autorit\u00e1rske re\u017eimy, miesta, kde je novin\u00e1r\u010dina nebezpe\u010dn\u00e1. Ako tam pracova\u0165, aby ste zostali v bezpe\u010d\u00ed a z\u00e1rove\u0148 priniesli relevantn\u00fd pr\u00edbeh? Workshop s ma\u010farsk\u00fdm novin\u00e1rom Andr\u00e1som Fold\u00e9som \u0161pecializuj\u00facim sa na kr\u00edzov\u00e9 oblasti o bezpe\u010dnosti, etike a novin\u00e1rskych postupoch pod tlakom.<\/span><\/p>\t\t\t\t\t\t\t\t<\/div>\n\t\t\t\t<\/div>\n\t\t<div class=\"elementor-element elementor-element-b985ef9 e-con-full e-flex e-con e-child\" data-id=\"b985ef9\" data-element_type=\"container\">\n\t\t\t\t<div class=\"elementor-element elementor-element-d3af9c6 elementor-widget elementor-widget-image\" data-id=\"d3af9c6\" data-element_type=\"widget\" data-widget_type=\"image.default\">\n\t\t\t\t\t\t\t\t\t\t\t\t\t\t\t<img loading=\"lazy\" decoding=\"async\" width=\"500\" height=\"500\" src=\"https:\/\/www.journalismfestival.eu\/wp-content\/uploads\/2026\/02\/jf_reportage-1.png\" class=\"attachment-full size-full wp-image-2218\" alt=\"\" srcset=\"https:\/\/www.journalismfestival.eu\/wp-content\/uploads\/2026\/02\/jf_reportage-1.png 500w, https:\/\/www.journalismfestival.eu\/wp-content\/uploads\/2026\/02\/jf_reportage-1-300x300.png 300w, https:\/\/www.journalismfestival.eu\/wp-content\/uploads\/2026\/02\/jf_reportage-1-150x150.png 150w\" sizes=\"(max-width: 500px) 100vw, 500px\" \/>\t\t\t\t\t\t\t\t\t\t\t\t\t\t\t<\/div>\n\t\t\t\t<div class=\"elementor-element elementor-element-e7bd41d elementor-widget elementor-widget-heading\" data-id=\"e7bd41d\" data-element_type=\"widget\" data-widget_type=\"heading.default\">\n\t\t\t\t\t<h2 class=\"elementor-heading-title elementor-size-default\">Ako na super report\u00e1\u017e<\/h2>\t\t\t\t<\/div>\n\t\t\t\t<div class=\"elementor-element elementor-element-d149079 elementor-widget elementor-widget-text-editor\" data-id=\"d149079\" data-element_type=\"widget\" data-widget_type=\"text-editor.default\">\n\t\t\t\t\t\t\t\t\t<p><span style=\"font-weight: 400;\">Report\u00e1\u017e nie je len zoznam faktov \u2013 je to pr\u00edbeh, ktor\u00fd v\u00e1s pohlt\u00ed a ostane v pam\u00e4ti. Workshop s po\u013eskou report\u00e9rkou a sociologi\u010dkou Ludwikou W\u0142odek. Ako vybra\u0165 t\u00fa spr\u00e1vnu sc\u00e9nu? Kde za\u010da\u0165 a kde skon\u010di\u0165? Ako vybudova\u0165 tempo, ktor\u00e9 \u010ditate\u013ea neunavuje? Predsedn\u00ed\u010dka poroty prest\u00ed\u017enej po\u013eskej Ceny <\/span><span style=\"font-weight: 400;\">Ryszarda <\/span><span style=\"font-weight: 400;\">Kapu\u015bci\u0144sk\u00e9ho za najlep\u0161iu report\u00e1\u017enu knihu v\u00e1m uk\u00e1\u017ee, ako sa z faktov st\u00e1va report\u00e1\u017ene umenie.<\/span><\/p>\t\t\t\t\t\t\t\t<\/div>\n\t\t\t\t<\/div>\n\t\t<div class=\"elementor-element elementor-element-ace4492 e-con-full e-flex e-con e-child\" data-id=\"ace4492\" data-element_type=\"container\">\n\t\t\t\t<div class=\"elementor-element elementor-element-466fedc elementor-widget elementor-widget-image\" data-id=\"466fedc\" data-element_type=\"widget\" data-widget_type=\"image.default\">\n\t\t\t\t\t\t\t\t\t\t\t\t\t\t\t<img loading=\"lazy\" decoding=\"async\" width=\"625\" height=\"625\" src=\"https:\/\/www.journalismfestival.eu\/wp-content\/uploads\/2026\/03\/smr-ikony3-01.png\" class=\"attachment-full size-full wp-image-2536\" alt=\"\" srcset=\"https:\/\/www.journalismfestival.eu\/wp-content\/uploads\/2026\/03\/smr-ikony3-01.png 625w, https:\/\/www.journalismfestival.eu\/wp-content\/uploads\/2026\/03\/smr-ikony3-01-300x300.png 300w, https:\/\/www.journalismfestival.eu\/wp-content\/uploads\/2026\/03\/smr-ikony3-01-150x150.png 150w\" sizes=\"(max-width: 625px) 100vw, 625px\" \/>\t\t\t\t\t\t\t\t\t\t\t\t\t\t\t<\/div>\n\t\t\t\t<div class=\"elementor-element elementor-element-3463d96 elementor-widget elementor-widget-heading\" data-id=\"3463d96\" data-element_type=\"widget\" data-widget_type=\"heading.default\">\n\t\t\t\t\t<h2 class=\"elementor-heading-title elementor-size-default\">V4 Media Audit<\/h2>\t\t\t\t<\/div>\n\t\t\t\t<div class=\"elementor-element elementor-element-8d0b841 elementor-widget elementor-widget-text-editor\" data-id=\"8d0b841\" data-element_type=\"widget\" data-widget_type=\"text-editor.default\">\n\t\t\t\t\t\t\t\t\t<p><span style=\"font-weight: 400;\">Vlastn\u00edci zasahuj\u00fa do obsahu, politici \u00fato\u010dia na novin\u00e1rov, legislat\u00edva sa spr\u00eds\u0148uje. Ako to vyzer\u00e1 konkr\u00e9tne <\/span><span style=\"font-weight: 400;\">\u2013<\/span><span style=\"font-weight: 400;\"> v Po\u013esku, Ma\u010farsku, \u010cesku a na Slovensku? Interakt\u00edvny workshop, kde \u00fa\u010dastn\u00edci z cel\u00e9ho V4 regi\u00f3nu spolo\u010dne mapuj\u00fa podoby media capture vo svojich krajin\u00e1ch. V medzin\u00e1rodn\u00fdch skupin\u00e1ch h\u013ead\u00e1te re\u00e1lne pr\u00edpady, porovn\u00e1vate mechanizmy a prezentujete v\u00fdsledky. Diskusia s Petrom Han\u00e1kom, expertom na media capture, ktor\u00fd cel\u00fd proces uzatv\u00e1ra predn\u00e1\u0161kou o stave medi\u00e1lnej slobody v strednej Eur\u00f3pe.<\/span><\/p><p><br style=\"font-weight: 400;\" \/><br style=\"font-weight: 400;\" \/><br \/><\/p>\t\t\t\t\t\t\t\t<\/div>\n\t\t\t\t<\/div>\n\t\t<div class=\"elementor-element elementor-element-2dd5704 e-con-full e-flex e-con e-child\" data-id=\"2dd5704\" data-element_type=\"container\">\n\t\t\t\t<div class=\"elementor-element elementor-element-09751a7 elementor-widget elementor-widget-image\" data-id=\"09751a7\" data-element_type=\"widget\" data-widget_type=\"image.default\">\n\t\t\t\t\t\t\t\t\t\t\t\t\t\t\t<img loading=\"lazy\" decoding=\"async\" width=\"625\" height=\"625\" src=\"https:\/\/www.journalismfestival.eu\/wp-content\/uploads\/2026\/03\/smr-ikony3-03.png\" class=\"attachment-full size-full wp-image-2538\" alt=\"\" srcset=\"https:\/\/www.journalismfestival.eu\/wp-content\/uploads\/2026\/03\/smr-ikony3-03.png 625w, https:\/\/www.journalismfestival.eu\/wp-content\/uploads\/2026\/03\/smr-ikony3-03-300x300.png 300w, https:\/\/www.journalismfestival.eu\/wp-content\/uploads\/2026\/03\/smr-ikony3-03-150x150.png 150w\" sizes=\"(max-width: 625px) 100vw, 625px\" \/>\t\t\t\t\t\t\t\t\t\t\t\t\t\t\t<\/div>\n\t\t\t\t<div class=\"elementor-element elementor-element-bcc49cf elementor-widget elementor-widget-heading\" data-id=\"bcc49cf\" data-element_type=\"widget\" data-widget_type=\"heading.default\">\n\t\t\t\t\t<h2 class=\"elementor-heading-title elementor-size-default\">M\u00e9di\u00e1 a polariz\u00e1cia<\/h2>\t\t\t\t<\/div>\n\t\t\t\t<div class=\"elementor-element elementor-element-fa453d7 elementor-widget elementor-widget-text-editor\" data-id=\"fa453d7\" data-element_type=\"widget\" data-widget_type=\"text-editor.default\">\n\t\t\t\t\t\t\t\t\t<p><span style=\"font-weight: 400;\">\u013dudia \u010doraz \u010dastej\u0161ie neveria rovnak\u00fdm faktom, ne\u010d\u00edtaj\u00fa rovnak\u00e9 spr\u00e1vy a nerozumej\u00fa, ako m\u00f4\u017ee niekto in\u00fd vidie\u0165 svet tak odli\u0161ne. Kde v tomto prostred\u00ed stoj\u00ed novin\u00e1r? Je jeho \u00falohou informova\u0165 \u2013 aj ke\u010f inform\u00e1cia sama osebe dok\u00e1\u017ee preh\u013abi\u0165 priepas\u0165 medzi t\u00e1bormi? Diskusia psychol\u00f3gov a sociol\u00f3ga m\u00e9di\u00ed o mechanizmoch polariz\u00e1cie a o tom, \u010do to znamen\u00e1 pre novin\u00e1rsku pr\u00e1cu dnes.<\/span><\/p>\t\t\t\t\t\t\t\t<\/div>\n\t\t\t\t<\/div>\n\t\t<div class=\"elementor-element elementor-element-15a1cd8 e-con-full e-flex e-con e-child\" data-id=\"15a1cd8\" data-element_type=\"container\">\n\t\t\t\t<div class=\"elementor-element elementor-element-da9bcbd elementor-widget elementor-widget-image\" data-id=\"da9bcbd\" data-element_type=\"widget\" data-widget_type=\"image.default\">\n\t\t\t\t\t\t\t\t\t\t\t\t\t\t\t<img loading=\"lazy\" decoding=\"async\" width=\"625\" height=\"625\" src=\"https:\/\/www.journalismfestival.eu\/wp-content\/uploads\/2026\/03\/smr-ikony3-05.png\" class=\"attachment-full size-full wp-image-2542\" alt=\"\" srcset=\"https:\/\/www.journalismfestival.eu\/wp-content\/uploads\/2026\/03\/smr-ikony3-05.png 625w, https:\/\/www.journalismfestival.eu\/wp-content\/uploads\/2026\/03\/smr-ikony3-05-300x300.png 300w, https:\/\/www.journalismfestival.eu\/wp-content\/uploads\/2026\/03\/smr-ikony3-05-150x150.png 150w\" sizes=\"(max-width: 625px) 100vw, 625px\" \/>\t\t\t\t\t\t\t\t\t\t\t\t\t\t\t<\/div>\n\t\t\t\t<div class=\"elementor-element elementor-element-82547b5 elementor-widget elementor-widget-heading\" data-id=\"82547b5\" data-element_type=\"widget\" data-widget_type=\"heading.default\">\n\t\t\t\t\t<h2 class=\"elementor-heading-title elementor-size-default\">Biznis s klamstvom<\/h2>\t\t\t\t<\/div>\n\t\t\t\t<div class=\"elementor-element elementor-element-bfb2aae elementor-widget elementor-widget-text-editor\" data-id=\"bfb2aae\" data-element_type=\"widget\" data-widget_type=\"text-editor.default\">\n\t\t\t\t\t\t\t\t\t<p><span style=\"font-weight: 400;\">Dezinform\u00e1cie nie s\u00fa len ved\u013eaj\u0161\u00ed produkt internetu \u2013 s\u00fa aj biznisom. Soci\u00e1lne siete im vytvorili ide\u00e1lne prostredie: algoritmy odme\u0148uj\u00face emot\u00edvny obsah, platformy uprednost\u0148uj\u00face vlastn\u00e9 obchodn\u00e9 z\u00e1ujmy, priestor pre koordinovan\u00e9 vplyvov\u00e9 kampane. Funguje v\u00f4bec fact-checking \u2013 a ak \u00e1no, pre koho? Diskusia s expertmi z Po\u013eska, Ma\u010farska a Slovenska o tom, ako dezinforma\u010dn\u00fd ekosyst\u00e9m funguje a \u010do to znamen\u00e1 pre \u017eurnalistiku, ktor\u00e1 si chce zachova\u0165 d\u00f4veru.<\/span><\/p>\t\t\t\t\t\t\t\t<\/div>\n\t\t\t\t<\/div>\n\t\t<div class=\"elementor-element elementor-element-8bf8ce0 e-con-full e-flex e-con e-child\" data-id=\"8bf8ce0\" data-element_type=\"container\">\n\t\t\t\t<div class=\"elementor-element elementor-element-919254f elementor-widget elementor-widget-image\" data-id=\"919254f\" data-element_type=\"widget\" data-widget_type=\"image.default\">\n\t\t\t\t\t\t\t\t\t\t\t\t\t\t\t<img loading=\"lazy\" decoding=\"async\" width=\"625\" height=\"625\" src=\"https:\/\/www.journalismfestival.eu\/wp-content\/uploads\/2026\/03\/smr-ikony3-04.png\" class=\"attachment-full size-full wp-image-2546\" alt=\"\" srcset=\"https:\/\/www.journalismfestival.eu\/wp-content\/uploads\/2026\/03\/smr-ikony3-04.png 625w, https:\/\/www.journalismfestival.eu\/wp-content\/uploads\/2026\/03\/smr-ikony3-04-300x300.png 300w, https:\/\/www.journalismfestival.eu\/wp-content\/uploads\/2026\/03\/smr-ikony3-04-150x150.png 150w\" sizes=\"(max-width: 625px) 100vw, 625px\" \/>\t\t\t\t\t\t\t\t\t\t\t\t\t\t\t<\/div>\n\t\t\t\t<div class=\"elementor-element elementor-element-1dfc12b elementor-widget elementor-widget-heading\" data-id=\"1dfc12b\" data-element_type=\"widget\" data-widget_type=\"heading.default\">\n\t\t\t\t\t<h2 class=\"elementor-heading-title elementor-size-default\">Po\u013esk\u00e1 report\u00e1\u017ena \u0161kola<\/h2>\t\t\t\t<\/div>\n\t\t\t\t<div class=\"elementor-element elementor-element-0d4e62a elementor-widget elementor-widget-text-editor\" data-id=\"0d4e62a\" data-element_type=\"widget\" data-widget_type=\"text-editor.default\">\n\t\t\t\t\t\t\t\t\t<p><span style=\"font-weight: 400;\">Po\u013esko m\u00e1 v report\u00e1\u017ei trad\u00edciu, ktor\u00e1 v \u017eurnalistike nem\u00e1 ve\u013ea obdob \u2013 od Kapu\u015bci\u0144sk\u00e9ho po autorov, ktor\u00ed zaobch\u00e1dzaj\u00fa s formou ako s remeslom aj literat\u00farou z\u00e1rove\u0148. \u010co z tejto trad\u00edcie ost\u00e1va \u017eiv\u00e9 a \u010do z nej m\u00f4\u017ee novin\u00e1rstvo \u010derpa\u0165 dnes? Diskusia o tom, ako vybudova\u0165 sc\u00e9nu, d\u00e1vkova\u0165 tempo pr\u00edbehu a navigova\u0165 hranicu medzi report\u00e1\u017eou a literat\u00farou. S po\u013eskou report\u00e9rkou Ludwikou W\u0142odek a slovensk\u00fdm novin\u00e1rom Luk\u00e1\u0161om Onder\u010daninom, ktor\u00e9ho dokument\u00e1rny rom\u00e1n Ut\u00f3pia v Leninovej z\u00e1hrade sleduje pr\u00edbeh \u010deskoslovenskej kom\u00fany v sovietskom Kirgizsku. Moderuje Zuzana Kepplov\u00e1, autorka liter\u00e1rneho p\u00e1trania Tvaro\u017ekovci: S\u00fakromn\u00e9 dejiny demokracie.<\/span><\/p>\t\t\t\t\t\t\t\t<\/div>\n\t\t\t\t<\/div>\n\t\t<div class=\"elementor-element elementor-element-57ea93b e-con-full e-flex e-con e-child\" data-id=\"57ea93b\" data-element_type=\"container\">\n\t\t\t\t<div class=\"elementor-element elementor-element-cffd1b9 elementor-widget elementor-widget-image\" data-id=\"cffd1b9\" data-element_type=\"widget\" data-widget_type=\"image.default\">\n\t\t\t\t\t\t\t\t\t\t\t\t\t\t\t<img loading=\"lazy\" decoding=\"async\" width=\"625\" height=\"625\" src=\"https:\/\/www.journalismfestival.eu\/wp-content\/uploads\/2026\/03\/smr-ikony3-06.png\" class=\"attachment-full size-full wp-image-2548\" alt=\"\" srcset=\"https:\/\/www.journalismfestival.eu\/wp-content\/uploads\/2026\/03\/smr-ikony3-06.png 625w, https:\/\/www.journalismfestival.eu\/wp-content\/uploads\/2026\/03\/smr-ikony3-06-300x300.png 300w, https:\/\/www.journalismfestival.eu\/wp-content\/uploads\/2026\/03\/smr-ikony3-06-150x150.png 150w\" sizes=\"(max-width: 625px) 100vw, 625px\" \/>\t\t\t\t\t\t\t\t\t\t\t\t\t\t\t<\/div>\n\t\t\t\t<div class=\"elementor-element elementor-element-1c60993 elementor-widget elementor-widget-heading\" data-id=\"1c60993\" data-element_type=\"widget\" data-widget_type=\"heading.default\">\n\t\t\t\t\t<h2 class=\"elementor-heading-title elementor-size-default\">Slep\u00e9 miesta: Men\u0161iny v m\u00e9di\u00e1ch<\/h2>\t\t\t\t<\/div>\n\t\t\t\t<div class=\"elementor-element elementor-element-9892f1a elementor-widget elementor-widget-text-editor\" data-id=\"9892f1a\" data-element_type=\"widget\" data-widget_type=\"text-editor.default\">\n\t\t\t\t\t\t\t\t\t<p><span style=\"font-weight: 400;\">M\u00e9di\u00e1 rozhoduj\u00fa o tom, koho vid\u00edme \u2013 a koho nie. Ako zobrazuj\u00fa men\u0161iny, ak\u00fd priestor im d\u00e1vaj\u00fa a \u010do o tom hovor\u00ed medi\u00e1lny v\u00fdskum? Interakt\u00edvne podujatie kombinuje predn\u00e1\u0161ku, skupinov\u00e9 cvi\u010denie aj otvoren\u00fa diskusiu. Renata Sedl\u00e1kov\u00e1, odborn\u00ed\u010dka na v\u00fdskum m\u00e9di\u00ed a zobrazovanie R\u00f3mov v m\u00e9di\u00e1ch, najprv uvedie do t\u00e9my \u2013 vr\u00e1tane toho, ako medi\u00e1lny v\u00fdskum v\u00f4bec funguje. Nasleduje workshopov\u00e1 \u010das\u0165, kde \u00fa\u010dastn\u00edci v skupin\u00e1ch sk\u00famaj\u00fa, ako m\u00e9di\u00e1 zobrazuj\u00fa \u013eud\u00ed mimo ich bubliny. Z\u00e1ver patr\u00ed rozhovoru s novin\u00e1rom pokr\u00fdvaj\u00facim men\u0161inov\u00e9 t\u00e9my a otvorenej debate.<\/span><\/p>\t\t\t\t\t\t\t\t<\/div>\n\t\t\t\t<\/div>\n\t\t<div class=\"elementor-element elementor-element-39449e2 e-con-full e-flex e-con e-child\" data-id=\"39449e2\" data-element_type=\"container\">\n\t\t\t\t<div class=\"elementor-element elementor-element-5a57af8 elementor-widget elementor-widget-image\" data-id=\"5a57af8\" data-element_type=\"widget\" data-widget_type=\"image.default\">\n\t\t\t\t\t\t\t\t\t\t\t\t\t\t\t<img loading=\"lazy\" decoding=\"async\" width=\"625\" height=\"625\" src=\"https:\/\/www.journalismfestival.eu\/wp-content\/uploads\/2026\/03\/smr-ikony3-02.png\" class=\"attachment-full size-full wp-image-2544\" alt=\"\" srcset=\"https:\/\/www.journalismfestival.eu\/wp-content\/uploads\/2026\/03\/smr-ikony3-02.png 625w, https:\/\/www.journalismfestival.eu\/wp-content\/uploads\/2026\/03\/smr-ikony3-02-300x300.png 300w, https:\/\/www.journalismfestival.eu\/wp-content\/uploads\/2026\/03\/smr-ikony3-02-150x150.png 150w\" sizes=\"(max-width: 625px) 100vw, 625px\" \/>\t\t\t\t\t\t\t\t\t\t\t\t\t\t\t<\/div>\n\t\t\t\t<div class=\"elementor-element elementor-element-0abeaf3 elementor-widget elementor-widget-heading\" data-id=\"0abeaf3\" data-element_type=\"widget\" data-widget_type=\"heading.default\">\n\t\t\t\t\t<h2 class=\"elementor-heading-title elementor-size-default\">Investigat\u00edva intenz\u00edvne<\/h2>\t\t\t\t<\/div>\n\t\t\t\t<div class=\"elementor-element elementor-element-640c8cd elementor-widget elementor-widget-text-editor\" data-id=\"640c8cd\" data-element_type=\"widget\" data-widget_type=\"text-editor.default\">\n\t\t\t\t\t\t\t\t\t<p><b>Investigat\u00edva intenz\u00edvne<span style=\"font-weight: 400;\">Dva workshopy, jeden de\u0148 \u2013 a dvaja novin\u00e1ri, ktor\u00ed v\u00e1m uk\u00e1\u017eu, kde h\u013eada\u0165 to, \u010do niekto nechce, aby ste na\u0161li. Ross Higgins z Bellingcat \u2013 organiz\u00e1cie, ktorej met\u00f3dy citoval britsk\u00fd parlament aj Times \u010di Guardian \u2013 vedie online workshop o OSINT technik\u00e1ch a overovan\u00ed inform\u00e1ci\u00ed z otvoren\u00fdch zdrojov. Martin Tur\u010dek z Aktuality.sk uk\u00e1\u017ee, \u010do prezrad\u00ed kataster, obchodn\u00fd register a centr\u00e1lny register zml\u00fav \u2013 a ako na z\u00e1klade verejne dostupn\u00fdch d\u00e1t vznikaj\u00fa pr\u00edbehy s re\u00e1lnym dopadom.<\/span><\/b><\/p>\t\t\t\t\t\t\t\t<\/div>\n\t\t\t\t<\/div>\n\t\t\t\t\t<\/div>\n\t\t\t\t<\/div>\n\t\t\t\t<\/div>\n\t\t<div class=\"elementor-element elementor-element-d7a8c17 e-con-full elementor-hidden-desktop elementor-hidden-tablet elementor-hidden-mobile e-flex e-con e-parent\" data-id=\"d7a8c17\" data-element_type=\"container\" data-settings=\"{&quot;background_background&quot;:&quot;classic&quot;}\">\n\t\t<div class=\"elementor-element elementor-element-422004d e-flex e-con-boxed e-con e-child\" data-id=\"422004d\" data-element_type=\"container\">\n\t\t\t\t\t<div class=\"e-con-inner\">\n\t\t\t\t<div class=\"elementor-element elementor-element-144cf90 elementor-widget elementor-widget-heading\" data-id=\"144cf90\" data-element_type=\"widget\" data-widget_type=\"heading.default\">\n\t\t\t\t\t<h2 class=\"elementor-heading-title elementor-size-default\">PRIPRAVUJEME PRE V\u00c1S AJ TIETO PODUJATIA\n<\/h2>\t\t\t\t<\/div>\n\t\t\t\t\t<\/div>\n\t\t\t\t<\/div>\n\t\t<div class=\"elementor-element elementor-element-a1dbb7e e-grid e-con-boxed e-con e-child\" data-id=\"a1dbb7e\" data-element_type=\"container\">\n\t\t\t\t\t<div class=\"e-con-inner\">\n\t\t<div class=\"elementor-element elementor-element-976e364 e-con-full e-flex e-con e-child\" data-id=\"976e364\" data-element_type=\"container\">\n\t\t\t\t<div class=\"elementor-element elementor-element-282b6a3 elementor-widget elementor-widget-image\" data-id=\"282b6a3\" data-element_type=\"widget\" data-widget_type=\"image.default\">\n\t\t\t\t\t\t\t\t\t\t\t\t\t\t\t<img loading=\"lazy\" decoding=\"async\" width=\"940\" height=\"788\" src=\"https:\/\/www.journalismfestival.eu\/wp-content\/uploads\/2025\/12\/4-2.png\" class=\"attachment-full size-full wp-image-1419\" alt=\"\" srcset=\"https:\/\/www.journalismfestival.eu\/wp-content\/uploads\/2025\/12\/4-2.png 940w, https:\/\/www.journalismfestival.eu\/wp-content\/uploads\/2025\/12\/4-2-300x251.png 300w, https:\/\/www.journalismfestival.eu\/wp-content\/uploads\/2025\/12\/4-2-768x644.png 768w\" sizes=\"(max-width: 940px) 100vw, 940px\" \/>\t\t\t\t\t\t\t\t\t\t\t\t\t\t\t<\/div>\n\t\t\t\t<div class=\"elementor-element elementor-element-ad09c82 elementor-widget elementor-widget-heading\" data-id=\"ad09c82\" data-element_type=\"widget\" data-widget_type=\"heading.default\">\n\t\t\t\t\t<h2 class=\"elementor-heading-title elementor-size-default\">Za hranicou vlastnej bubliny<\/h2>\t\t\t\t<\/div>\n\t\t\t\t<div class=\"elementor-element elementor-element-aa5f8a5 elementor-widget elementor-widget-text-editor\" data-id=\"aa5f8a5\" data-element_type=\"widget\" data-widget_type=\"text-editor.default\">\n\t\t\t\t\t\t\t\t\tAko soci\u00e1lne siete a algoritmy vytv\u00e1raj\u00fa paraleln\u00fa realitu \u2013 to ist\u00e9 podujatie sa jav\u00ed \u00faplne odli\u0161ne v z\u00e1vislosti od toho, \u010do v\u00e1m algoritmus uk\u00e1zal predt\u00fdm. Posil\u0148uj\u00fa polariz\u00e1ciu \u2013 \u010d\u00edm viac klik\u00e1te na emot\u00edvny obsah, t\u00fdm viac ho dost\u00e1vate. Menia to, \u010do pova\u017eujete za \u201enorm\u00e1lne\u201c \u2013 ak v\u0161etci vo va\u0161om feed-e myslia rovnako, m\u00f4\u017eete ma\u0165 dojem, \u017ee tak mysl\u00ed cel\u00e1 krajina.  \n\t\t\t\t\t\t\t\t<\/div>\n\t\t\t\t<\/div>\n\t\t<div class=\"elementor-element elementor-element-4ec5564 e-con-full e-flex e-con e-child\" data-id=\"4ec5564\" data-element_type=\"container\" data-settings=\"{&quot;background_background&quot;:&quot;classic&quot;}\">\n\t\t\t\t<div class=\"elementor-element elementor-element-c92ec7a elementor-widget elementor-widget-image\" data-id=\"c92ec7a\" data-element_type=\"widget\" data-widget_type=\"image.default\">\n\t\t\t\t\t\t\t\t\t\t\t\t\t\t\t<img loading=\"lazy\" decoding=\"async\" width=\"940\" height=\"788\" src=\"https:\/\/www.journalismfestival.eu\/wp-content\/uploads\/2025\/12\/5.png\" class=\"attachment-full size-full wp-image-1380\" alt=\"\" srcset=\"https:\/\/www.journalismfestival.eu\/wp-content\/uploads\/2025\/12\/5.png 940w, https:\/\/www.journalismfestival.eu\/wp-content\/uploads\/2025\/12\/5-300x251.png 300w, https:\/\/www.journalismfestival.eu\/wp-content\/uploads\/2025\/12\/5-768x644.png 768w\" sizes=\"(max-width: 940px) 100vw, 940px\" \/>\t\t\t\t\t\t\t\t\t\t\t\t\t\t\t<\/div>\n\t\t\t\t<div class=\"elementor-element elementor-element-189a673 elementor-widget elementor-widget-heading\" data-id=\"189a673\" data-element_type=\"widget\" data-widget_type=\"heading.default\">\n\t\t\t\t\t<h2 class=\"elementor-heading-title elementor-size-default\">Publiku sa to nep\u00e1\u010di: M\u00e1 n\u00e1s to tr\u00e1pi\u0165?<\/h2>\t\t\t\t<\/div>\n\t\t\t\t<div class=\"elementor-element elementor-element-53d7f70 elementor-widget elementor-widget-text-editor\" data-id=\"53d7f70\" data-element_type=\"widget\" data-widget_type=\"text-editor.default\">\n\t\t\t\t\t\t\t\t\tPanel o tlaku publika na obsah m\u00e9di\u00ed. Novin\u00e1ri diskutuj\u00fa o tom, ako reagova\u0165 na odpor \u010ditate\u013eov vo\u010di nepopul\u00e1rnym, ale d\u00f4le\u017eit\u00fdm t\u00e9mam. Migr\u00e1cia, \u017eivotn\u00e9 prostredie, LGBTI+ pr\u00e1va \u2013 t\u00e9my, ktor\u00e9 rozde\u013euj\u00fa a vytv\u00e1raj\u00fa tlak na redakcie. Kedy ust\u00fapi\u0165 a kedy st\u00e1\u0165 pevne?    \n\t\t\t\t\t\t\t\t<\/div>\n\t\t\t\t<\/div>\n\t\t<div class=\"elementor-element elementor-element-d1a2e33 e-con-full e-flex e-con e-child\" data-id=\"d1a2e33\" data-element_type=\"container\">\n\t\t\t\t<div class=\"elementor-element elementor-element-2fc92f5 elementor-widget elementor-widget-image\" data-id=\"2fc92f5\" data-element_type=\"widget\" data-widget_type=\"image.default\">\n\t\t\t\t\t\t\t\t\t\t\t\t\t\t\t<img loading=\"lazy\" decoding=\"async\" width=\"940\" height=\"788\" src=\"https:\/\/www.journalismfestival.eu\/wp-content\/uploads\/2025\/12\/3-2.png\" class=\"attachment-full size-full wp-image-1381\" alt=\"\" srcset=\"https:\/\/www.journalismfestival.eu\/wp-content\/uploads\/2025\/12\/3-2.png 940w, https:\/\/www.journalismfestival.eu\/wp-content\/uploads\/2025\/12\/3-2-300x251.png 300w, https:\/\/www.journalismfestival.eu\/wp-content\/uploads\/2025\/12\/3-2-768x644.png 768w\" sizes=\"(max-width: 940px) 100vw, 940px\" \/>\t\t\t\t\t\t\t\t\t\t\t\t\t\t\t<\/div>\n\t\t\t\t<div class=\"elementor-element elementor-element-de96ee4 elementor-widget elementor-widget-heading\" data-id=\"de96ee4\" data-element_type=\"widget\" data-widget_type=\"heading.default\">\n\t\t\t\t\t<h2 class=\"elementor-heading-title elementor-size-default\">Bratislava o\u010dami zahrani\u010dn\u00fdch report\u00e9rov<\/h2>\t\t\t\t<\/div>\n\t\t\t\t<div class=\"elementor-element elementor-element-31b1a38 elementor-widget elementor-widget-text-editor\" data-id=\"31b1a38\" data-element_type=\"widget\" data-widget_type=\"text-editor.default\">\n\t\t\t\t\t\t\t\t\tAko vn\u00edmaj\u00fa mesto t\u00ed, ktor\u00ed o Bratislave p\u00ed\u0161u pre Financial Times, Reuters alebo BBC? Zahrani\u010dn\u00fdch kore\u0161pondentov nezauj\u00edma len politika \u2013 h\u013eadaj\u00fa pr\u00edbehy, ktor\u00e9 slovensk\u00e1 verejnos\u0165 \u010dasto prehliada. Diskusia s report\u00e9rmi, ktor\u00ed pokr\u00fdvaj\u00fa stredoeur\u00f3psky regi\u00f3n, odhal\u00ed, \u010do zo Bratislavy rezonuje v zahrani\u010d\u00ed, pre\u010do hlavn\u00e9 mesto stratilo pozornos\u0165 medzin\u00e1rodn\u00fdch m\u00e9di\u00ed a ak\u00e9 t\u00e9my by mohli pritiahnu\u0165 glob\u00e1lny z\u00e1ujem.  \n\t\t\t\t\t\t\t\t<\/div>\n\t\t\t\t<\/div>\n\t\t<div class=\"elementor-element elementor-element-8b001ec e-con-full e-flex e-con e-child\" data-id=\"8b001ec\" data-element_type=\"container\">\n\t\t\t\t<div class=\"elementor-element elementor-element-71f7119 elementor-widget elementor-widget-image\" data-id=\"71f7119\" data-element_type=\"widget\" data-widget_type=\"image.default\">\n\t\t\t\t\t\t\t\t\t\t\t\t\t\t\t<img loading=\"lazy\" decoding=\"async\" width=\"940\" height=\"788\" src=\"https:\/\/www.journalismfestival.eu\/wp-content\/uploads\/2025\/12\/2-2.png\" class=\"attachment-full size-full wp-image-1382\" alt=\"\" srcset=\"https:\/\/www.journalismfestival.eu\/wp-content\/uploads\/2025\/12\/2-2.png 940w, https:\/\/www.journalismfestival.eu\/wp-content\/uploads\/2025\/12\/2-2-300x251.png 300w, https:\/\/www.journalismfestival.eu\/wp-content\/uploads\/2025\/12\/2-2-768x644.png 768w\" sizes=\"(max-width: 940px) 100vw, 940px\" \/>\t\t\t\t\t\t\t\t\t\t\t\t\t\t\t<\/div>\n\t\t\t\t<div class=\"elementor-element elementor-element-46a94b7 elementor-widget elementor-widget-heading\" data-id=\"46a94b7\" data-element_type=\"widget\" data-widget_type=\"heading.default\">\n\t\t\t\t\t<h2 class=\"elementor-heading-title elementor-size-default\">\u017deny v m\u00e9di\u00e1ch<\/h2>\t\t\t\t<\/div>\n\t\t\t\t<div class=\"elementor-element elementor-element-4daf34f elementor-widget elementor-widget-text-editor\" data-id=\"4daf34f\" data-element_type=\"widget\" data-widget_type=\"text-editor.default\">\n\t\t\t\t\t\t\t\t\t\u00datoky, ob\u0165a\u017eovanie, spochyb\u0148ovanie kompetenci\u00ed. \u010co dnes za\u017e\u00edvaj\u00fa novin\u00e1rky \u2013 a pre\u010do sa o tom nehovor\u00ed otvorene? Diskusia o \u0161pecifick\u00fdch form\u00e1ch tlaku, ktor\u00fdm \u010delia \u017eeny v \u017eurnalistike.  \n\t\t\t\t\t\t\t\t<\/div>\n\t\t\t\t<\/div>\n\t\t<div class=\"elementor-element elementor-element-99a6572 e-con-full e-flex e-con e-child\" data-id=\"99a6572\" data-element_type=\"container\">\n\t\t\t\t<div class=\"elementor-element elementor-element-5809a71 elementor-widget elementor-widget-image\" data-id=\"5809a71\" data-element_type=\"widget\" data-widget_type=\"image.default\">\n\t\t\t\t\t\t\t\t\t\t\t\t\t\t\t<img loading=\"lazy\" decoding=\"async\" width=\"940\" height=\"788\" src=\"https:\/\/www.journalismfestival.eu\/wp-content\/uploads\/2025\/12\/7.png\" class=\"attachment-full size-full wp-image-1383\" alt=\"\" srcset=\"https:\/\/www.journalismfestival.eu\/wp-content\/uploads\/2025\/12\/7.png 940w, https:\/\/www.journalismfestival.eu\/wp-content\/uploads\/2025\/12\/7-300x251.png 300w, https:\/\/www.journalismfestival.eu\/wp-content\/uploads\/2025\/12\/7-768x644.png 768w\" sizes=\"(max-width: 940px) 100vw, 940px\" \/>\t\t\t\t\t\t\t\t\t\t\t\t\t\t\t<\/div>\n\t\t\t\t<div class=\"elementor-element elementor-element-b60b58e elementor-widget elementor-widget-heading\" data-id=\"b60b58e\" data-element_type=\"widget\" data-widget_type=\"heading.default\">\n\t\t\t\t\t<h2 class=\"elementor-heading-title elementor-size-default\">\u0160tudentsk\u00e9 m\u00e9di\u00e1: Ako vidia \u017eurnalistiku mlad\u00ed<\/h2>\t\t\t\t<\/div>\n\t\t\t\t<div class=\"elementor-element elementor-element-0039f3d elementor-widget elementor-widget-text-editor\" data-id=\"0039f3d\" data-element_type=\"widget\" data-widget_type=\"text-editor.default\">\n\t\t\t\t\t\t\t\t\t\u0160tudentsk\u00e9 m\u00e9di\u00e1 nie s\u00fa len \u201epraxou\u201c \u017eurnalistiky \u2013 \u010dasto s\u00fa prv\u00fdm miestom, kde sa testuj\u00fa hranice, experimentuje sa s form\u00e1tmi a rodia sa bud\u00faci investigat\u00edvni novin\u00e1ri. \u0160tudentsk\u00e9 m\u00e9di\u00e1 v\u00e1m bud\u00fa predstaven\u00e9 a zodpovedia aj tieto ot\u00e1zky: Kedy a ako vznikli? Odkia\u013e ber\u00fa peniaze na prev\u00e1dzku? Ako funguj\u00fa redak\u010dn\u00e9 procesy? Ak\u00e1 je odozva medzi \u0161tudentmi a u\u010dite\u013emi?     \n\t\t\t\t\t\t\t\t<\/div>\n\t\t\t\t<\/div>\n\t\t<div class=\"elementor-element elementor-element-5dedf7d e-con-full e-flex e-con e-child\" data-id=\"5dedf7d\" data-element_type=\"container\">\n\t\t\t\t<div class=\"elementor-element elementor-element-f224955 elementor-widget elementor-widget-image\" data-id=\"f224955\" data-element_type=\"widget\" data-widget_type=\"image.default\">\n\t\t\t\t\t\t\t\t\t\t\t\t\t\t\t<img loading=\"lazy\" decoding=\"async\" width=\"940\" height=\"788\" src=\"https:\/\/www.journalismfestival.eu\/wp-content\/uploads\/2025\/12\/1-3.png\" class=\"attachment-full size-full wp-image-1384\" alt=\"\" srcset=\"https:\/\/www.journalismfestival.eu\/wp-content\/uploads\/2025\/12\/1-3.png 940w, https:\/\/www.journalismfestival.eu\/wp-content\/uploads\/2025\/12\/1-3-300x251.png 300w, https:\/\/www.journalismfestival.eu\/wp-content\/uploads\/2025\/12\/1-3-768x644.png 768w\" sizes=\"(max-width: 940px) 100vw, 940px\" \/>\t\t\t\t\t\t\t\t\t\t\t\t\t\t\t<\/div>\n\t\t\t\t<div class=\"elementor-element elementor-element-71d68bb elementor-widget elementor-widget-heading\" data-id=\"71d68bb\" data-element_type=\"widget\" data-widget_type=\"heading.default\">\n\t\t\t\t\t<h2 class=\"elementor-heading-title elementor-size-default\">Ako sa robila \u017eurnalistika v 90. rokoch <\/h2>\t\t\t\t<\/div>\n\t\t\t\t<div class=\"elementor-element elementor-element-c96dce9 elementor-widget elementor-widget-text-editor\" data-id=\"c96dce9\" data-element_type=\"widget\" data-widget_type=\"text-editor.default\">\n\t\t\t\t\t\t\t\t\tAko sa robila \u017eurnalistika v 90. rokoch a vid\u00edme podobnosti so s\u00fa\u010dasnos\u0165ou? Agresia, rozdelen\u00e1 spolo\u010dnos\u0165, fyzick\u00e9 \u00fatoky na novin\u00e1rov. Na konci 90. rokov dav Me\u010diarov\u00fdch priaznivcov zbil novin\u00e1ra. In\u00fa novin\u00e1rku napadol b\u00fdval\u00fd riadite\u013e Me\u010diarovej telev\u00edznej stanice, ktor\u00fd jej zlomil ruku. Diskusia s t\u00fdmi, ktor\u00ed to za\u017eili na vlastnej ko\u017ei.      \n\t\t\t\t\t\t\t\t<\/div>\n\t\t\t\t<\/div>\n\t\t\t\t\t<\/div>\n\t\t\t\t<\/div>\n\t\t\t\t<\/div>\n\t\t\t\t<\/div>\n\t\t","protected":false},"excerpt":{"rendered":"<p>T\u00c9MY Home T\u00c9MY Hlavn\u00e1 t\u00e9ma festivalu 2026 Za hranicou na\u0161ej bubliny Polariz\u00e1cia dnes nie je len politick\u00fdm fenom\u00e9nom. Ovplyv\u0148uje to, [&hellip;]<\/p>\n","protected":false},"author":1,"featured_media":0,"parent":0,"menu_order":0,"comment_status":"closed","ping_status":"closed","template":"","meta":{"site-sidebar-layout":"no-sidebar","site-content-layout":"","ast-site-content-layout":"full-width-container","site-content-style":"default","site-sidebar-style":"default","ast-global-header-display":"","ast-banner-title-visibility":"","ast-main-header-display":"","ast-hfb-above-header-display":"","ast-hfb-below-header-display":"","ast-hfb-mobile-header-display":"","site-post-title":"disabled","ast-breadcrumbs-content":"","ast-featured-img":"disabled","footer-sml-layout":"","ast-disable-related-posts":"","theme-transparent-header-meta":"default","adv-header-id-meta":"","stick-header-meta":"","header-above-stick-meta":"","header-main-stick-meta":"","header-below-stick-meta":"","astra-migrate-meta-layouts":"default","ast-page-background-enabled":"default","ast-page-background-meta":{"desktop":{"background-color":"var(--ast-global-color-5)","background-image":"","background-repeat":"repeat","background-position":"center center","background-size":"auto","background-attachment":"scroll","background-type":"","background-media":"","overlay-type":"","overlay-color":"","overlay-opacity":"","overlay-gradient":""},"tablet":{"background-color":"","background-image":"","background-repeat":"repeat","background-position":"center center","background-size":"auto","background-attachment":"scroll","background-type":"","background-media":"","overlay-type":"","overlay-color":"","overlay-opacity":"","overlay-gradient":""},"mobile":{"background-color":"","background-image":"","background-repeat":"repeat","background-position":"center center","background-size":"auto","background-attachment":"scroll","background-type":"","background-media":"","overlay-type":"","overlay-color":"","overlay-opacity":"","overlay-gradient":""}},"ast-content-background-meta":{"desktop":{"background-color":"var(--ast-global-color-4)","background-image":"","background-repeat":"repeat","background-position":"center center","background-size":"auto","background-attachment":"scroll","background-type":"","background-media":"","overlay-type":"","overlay-color":"","overlay-opacity":"","overlay-gradient":""},"tablet":{"background-color":"var(--ast-global-color-4)","background-image":"","background-repeat":"repeat","background-position":"center center","background-size":"auto","background-attachment":"scroll","background-type":"","background-media":"","overlay-type":"","overlay-color":"","overlay-opacity":"","overlay-gradient":""},"mobile":{"background-color":"var(--ast-global-color-4)","background-image":"","background-repeat":"repeat","background-position":"center center","background-size":"auto","background-attachment":"scroll","background-type":"","background-media":"","overlay-type":"","overlay-color":"","overlay-opacity":"","overlay-gradient":""}},"footnotes":""},"class_list":["post-1416","page","type-page","status-publish","hentry"],"_links":{"self":[{"href":"https:\/\/www.journalismfestival.eu\/sk\/wp-json\/wp\/v2\/pages\/1416","targetHints":{"allow":["GET"]}}],"collection":[{"href":"https:\/\/www.journalismfestival.eu\/sk\/wp-json\/wp\/v2\/pages"}],"about":[{"href":"https:\/\/www.journalismfestival.eu\/sk\/wp-json\/wp\/v2\/types\/page"}],"author":[{"embeddable":true,"href":"https:\/\/www.journalismfestival.eu\/sk\/wp-json\/wp\/v2\/users\/1"}],"replies":[{"embeddable":true,"href":"https:\/\/www.journalismfestival.eu\/sk\/wp-json\/wp\/v2\/comments?post=1416"}],"version-history":[{"count":31,"href":"https:\/\/www.journalismfestival.eu\/sk\/wp-json\/wp\/v2\/pages\/1416\/revisions"}],"predecessor-version":[{"id":2552,"href":"https:\/\/www.journalismfestival.eu\/sk\/wp-json\/wp\/v2\/pages\/1416\/revisions\/2552"}],"wp:attachment":[{"href":"https:\/\/www.journalismfestival.eu\/sk\/wp-json\/wp\/v2\/media?parent=1416"}],"curies":[{"name":"wp","href":"https:\/\/api.w.org\/{rel}","templated":true}]}}