{"id":1313,"date":"2025-12-05T12:12:35","date_gmt":"2025-12-05T12:12:35","guid":{"rendered":"https:\/\/www.journalismfestival.eu\/festival-2023-global-challenges-local-perspectives\/"},"modified":"2026-01-12T11:26:51","modified_gmt":"2026-01-12T11:26:51","slug":"festival-2023-global-challenges-local-perspectives","status":"publish","type":"page","link":"https:\/\/www.journalismfestival.eu\/sk\/festival-2023-global-challenges-local-perspectives\/","title":{"rendered":"FESTIVAL 2023: Global Challenges, Local Perspectives"},"content":{"rendered":"\t\t<div data-elementor-type=\"wp-page\" data-elementor-id=\"1313\" class=\"elementor elementor-1313 elementor-1004\" data-elementor-post-type=\"page\">\n\t\t\t\t<div class=\"elementor-element elementor-element-3966349 e-flex e-con-boxed e-con e-parent\" data-id=\"3966349\" data-element_type=\"container\" data-settings=\"{&quot;background_background&quot;:&quot;classic&quot;}\">\n\t\t\t\t\t<div class=\"e-con-inner\">\n\t\t\t\t<div class=\"elementor-element elementor-element-3827ca5 elementor-widget elementor-widget-heading\" data-id=\"3827ca5\" data-element_type=\"widget\" data-widget_type=\"heading.default\">\n\t\t\t\t\t<h2 class=\"elementor-heading-title elementor-size-default\">FESTIVAL 2023: Glob\u00e1lne v\u00fdzvy, lok\u00e1lne poh\u013eady\n<\/h2>\t\t\t\t<\/div>\n\t\t\t\t<div class=\"elementor-element elementor-element-db856db elementor-icon-list--layout-inline elementor-align-center elementor-list-item-link-full_width elementor-widget elementor-widget-icon-list\" data-id=\"db856db\" data-element_type=\"widget\" data-widget_type=\"icon-list.default\">\n\t\t\t\t\t\t\t<ul class=\"elementor-icon-list-items elementor-inline-items\">\n\t\t\t\t\t\t\t<li class=\"elementor-icon-list-item elementor-inline-item\">\n\t\t\t\t\t\t\t\t\t\t<span class=\"elementor-icon-list-text\">Home<\/span>\n\t\t\t\t\t\t\t\t\t<\/li>\n\t\t\t\t\t\t\t\t<li class=\"elementor-icon-list-item elementor-inline-item\">\n\t\t\t\t\t\t\t\t\t\t\t<span class=\"elementor-icon-list-icon\">\n\t\t\t\t\t\t\t<svg aria-hidden=\"true\" class=\"e-font-icon-svg e-fas-caret-right\" viewBox=\"0 0 192 512\" xmlns=\"http:\/\/www.w3.org\/2000\/svg\"><path d=\"M0 384.662V127.338c0-17.818 21.543-26.741 34.142-14.142l128.662 128.662c7.81 7.81 7.81 20.474 0 28.284L34.142 398.804C21.543 411.404 0 402.48 0 384.662z\"><\/path><\/svg>\t\t\t\t\t\t<\/span>\n\t\t\t\t\t\t\t\t\t\t<span class=\"elementor-icon-list-text\">FESTIVAL 2023: Glob\u00e1lne v\u00fdzvy, lok\u00e1lne poh\u013eady<\/span>\n\t\t\t\t\t\t\t\t\t<\/li>\n\t\t\t\t\t\t<\/ul>\n\t\t\t\t\t\t<\/div>\n\t\t\t\t\t<\/div>\n\t\t\t\t<\/div>\n\t\t<div class=\"elementor-element elementor-element-77f9558 e-flex e-con-boxed e-con e-parent\" data-id=\"77f9558\" data-element_type=\"container\">\n\t\t\t\t\t<div class=\"e-con-inner\">\n\t\t<div class=\"elementor-element elementor-element-11aac23 e-flex e-con-boxed e-con e-child\" data-id=\"11aac23\" data-element_type=\"container\">\n\t\t\t\t\t<div class=\"e-con-inner\">\n\t\t\t\t<div class=\"elementor-element elementor-element-1bb76ef elementor-widget elementor-widget-heading\" data-id=\"1bb76ef\" data-element_type=\"widget\" data-widget_type=\"heading.default\">\n\t\t\t\t\t<h2 class=\"elementor-heading-title elementor-size-default\">FESTIVAL 2023: Glob\u00e1lne v\u00fdzvy, lok\u00e1lne poh\u013eady\n<\/h2>\t\t\t\t<\/div>\n\t\t\t\t<div class=\"elementor-element elementor-element-9baa452 elementor-widget elementor-widget-text-editor\" data-id=\"9baa452\" data-element_type=\"widget\" data-widget_type=\"text-editor.default\">\n\t\t\t\t\t\t\t\t\t<p>Tento ro\u010dn\u00edk sa zameral na etiku a zodpovednos\u0165 v glob\u00e1lnej \u017eurnalistike. Tri dni sme sa venovali tomu, ako informova\u0165 o klimatickej kr\u00edze, migr\u00e1cii a konfliktoch bez opakovania \u0161kodliv\u00fdch stereotypov.<\/p>\t\t\t\t\t\t\t\t<\/div>\n\t\t\t\t\t<\/div>\n\t\t\t\t<\/div>\n\t\t\t\t\t<\/div>\n\t\t\t\t<\/div>\n\t\t<div class=\"elementor-element elementor-element-8aee68c e-flex e-con-boxed e-con e-parent\" data-id=\"8aee68c\" data-element_type=\"container\">\n\t\t\t\t\t<div class=\"e-con-inner\">\n\t\t<div class=\"elementor-element elementor-element-2e9ccda e-con-full e-flex e-con e-child\" data-id=\"2e9ccda\" data-element_type=\"container\">\n\t\t\t\t<div class=\"elementor-element elementor-element-5c6947d elementor-widget elementor-widget-heading\" data-id=\"5c6947d\" data-element_type=\"widget\" data-widget_type=\"heading.default\">\n\t\t\t\t\t<h2 class=\"elementor-heading-title elementor-size-default\">O \u010dom bol festival<\/h2>\t\t\t\t<\/div>\n\t\t\t\t<div class=\"elementor-element elementor-element-cb10f8d elementor-widget elementor-widget-text-editor\" data-id=\"cb10f8d\" data-element_type=\"widget\" data-widget_type=\"text-editor.default\">\n\t\t\t\t\t\t\t\t\t<p>Po\u010das druh\u00e9ho ro\u010dn\u00edka sme si kl\u00e1dli nepr\u00edjemn\u00e9 ot\u00e1zky o tom, ako rozpr\u00e1vame pr\u00edbehy z in\u00fdch \u010dast\u00ed sveta. Nig\u00e9rijsk\u00e1 spisovate\u013eka spochybnila n\u00e1\u0161 ment\u00e1lny obraz Afriky. Fotografi demon\u0161trovali rozdiel medzi emocion\u00e1lnym dopadom a \u013eudskou d\u00f4stojnos\u0165ou \u2013 a pre\u010do by chudoba nemala definova\u0165 identitu nikoho.<br \/><br \/><span style=\"font-style: inherit; font-weight: inherit;\">Na festivale sa tie\u017e konala prv\u00e1 ve\u013ek\u00e1 verejn\u00e1 debata o umelej inteligencii v slovensk\u00fdch redakci\u00e1ch. Novin\u00e1ri zo SME, Denn\u00edk N a Seznam Zpr\u00e1vy diskutovali o tom, ktor\u00e9 pracovn\u00e9 miesta zanikn\u00fa a v \u010dom bud\u00fa \u013eudia v\u017edy lep\u0161\u00ed ne\u017e algoritmy. D\u00e1nsky priekopn\u00edk kon\u0161trukt\u00edvnej \u017eurnalistiky Ulrik Haagerup spochybnil predpoklad, \u017ee spr\u00e1vy musia by\u0165 negat\u00edvne. Workshopy pokryli v\u0161etko od produkcie podcastov po 360-stup\u0148ov\u00e9 VR report\u00e1\u017ee.<\/span><\/p>\t\t\t\t\t\t\t\t<\/div>\n\t\t\t\t<\/div>\n\t\t<div class=\"elementor-element elementor-element-dd00167 e-con-full e-flex e-con e-child\" data-id=\"dd00167\" data-element_type=\"container\" data-settings=\"{&quot;background_background&quot;:&quot;classic&quot;}\">\n\t\t\t\t<div class=\"elementor-element elementor-element-9a7b1d1 elementor-widget elementor-widget-image\" data-id=\"9a7b1d1\" data-element_type=\"widget\" data-widget_type=\"image.default\">\n\t\t\t\t\t\t\t\t\t\t\t\t\t\t\t<img fetchpriority=\"high\" decoding=\"async\" width=\"781\" height=\"517\" src=\"https:\/\/www.journalismfestival.eu\/wp-content\/uploads\/2025\/12\/Screenshot-2025-12-05-041638.png\" class=\"attachment-large size-large wp-image-1314\" alt=\"\" srcset=\"https:\/\/www.journalismfestival.eu\/wp-content\/uploads\/2025\/12\/Screenshot-2025-12-05-041638.png 781w, https:\/\/www.journalismfestival.eu\/wp-content\/uploads\/2025\/12\/Screenshot-2025-12-05-041638-300x199.png 300w, https:\/\/www.journalismfestival.eu\/wp-content\/uploads\/2025\/12\/Screenshot-2025-12-05-041638-768x508.png 768w\" sizes=\"(max-width: 781px) 100vw, 781px\" \/>\t\t\t\t\t\t\t\t\t\t\t\t\t\t\t<\/div>\n\t\t\t\t<\/div>\n\t\t\t\t\t<\/div>\n\t\t\t\t<\/div>\n\t\t<div class=\"elementor-element elementor-element-9153b80 e-con-full e-flex e-con e-parent\" data-id=\"9153b80\" data-element_type=\"container\" data-settings=\"{&quot;background_background&quot;:&quot;classic&quot;}\">\n\t\t<div class=\"elementor-element elementor-element-1ebd850 e-flex e-con-boxed e-con e-child\" data-id=\"1ebd850\" data-element_type=\"container\">\n\t\t\t\t\t<div class=\"e-con-inner\">\n\t\t\t\t<div class=\"elementor-element elementor-element-543369b elementor-widget elementor-widget-heading\" data-id=\"543369b\" data-element_type=\"widget\" data-widget_type=\"heading.default\">\n\t\t\t\t\t<h2 class=\"elementor-heading-title elementor-size-default\">V \u010c\u00cdSLACH\n<\/h2>\t\t\t\t<\/div>\n\t\t\t\t\t<\/div>\n\t\t\t\t<\/div>\n\t\t<div class=\"elementor-element elementor-element-c5f2aed e-flex e-con-boxed e-con e-child\" data-id=\"c5f2aed\" data-element_type=\"container\">\n\t\t\t\t\t<div class=\"e-con-inner\">\n\t\t<div class=\"elementor-element elementor-element-8c1b3ec e-con-full e-flex e-con e-child\" data-id=\"8c1b3ec\" data-element_type=\"container\">\n\t\t\t\t<div class=\"elementor-element elementor-element-8b9b1f8 elementor-widget elementor-widget-counter\" data-id=\"8b9b1f8\" data-element_type=\"widget\" data-widget_type=\"counter.default\">\n\t\t\t\t\t\t\t<div class=\"elementor-counter\">\n\t\t\t<div class=\"elementor-counter-title\"> \u00fa\u010dastn\u00edkov<\/div>\t\t\t<div class=\"elementor-counter-number-wrapper\">\n\t\t\t\t<span class=\"elementor-counter-number-prefix\"><\/span>\n\t\t\t\t<span class=\"elementor-counter-number\" data-duration=\"2000\" data-to-value=\"80\" data-from-value=\"0\">0<\/span>\n\t\t\t\t<span class=\"elementor-counter-number-suffix\">+<\/span>\n\t\t\t<\/div>\n\t\t<\/div>\n\t\t\t\t\t\t<\/div>\n\t\t\t\t<\/div>\n\t\t<div class=\"elementor-element elementor-element-daf59bb e-con-full e-flex e-con e-child\" data-id=\"daf59bb\" data-element_type=\"container\">\n\t\t\t\t<div class=\"elementor-element elementor-element-6518e26 elementor-widget elementor-widget-counter\" data-id=\"6518e26\" data-element_type=\"widget\" data-widget_type=\"counter.default\">\n\t\t\t\t\t\t\t<div class=\"elementor-counter\">\n\t\t\t<div class=\"elementor-counter-title\">kraj\u00edn<\/div>\t\t\t<div class=\"elementor-counter-number-wrapper\">\n\t\t\t\t<span class=\"elementor-counter-number-prefix\"><\/span>\n\t\t\t\t<span class=\"elementor-counter-number\" data-duration=\"2000\" data-to-value=\"10\" data-from-value=\"0\" data-delimiter=\",\">0<\/span>\n\t\t\t\t<span class=\"elementor-counter-number-suffix\">+<\/span>\n\t\t\t<\/div>\n\t\t<\/div>\n\t\t\t\t\t\t<\/div>\n\t\t\t\t<\/div>\n\t\t<div class=\"elementor-element elementor-element-df4442c e-con-full e-flex e-con e-child\" data-id=\"df4442c\" data-element_type=\"container\">\n\t\t\t\t<div class=\"elementor-element elementor-element-59b673c elementor-widget elementor-widget-counter\" data-id=\"59b673c\" data-element_type=\"widget\" data-widget_type=\"counter.default\">\n\t\t\t\t\t\t\t<div class=\"elementor-counter\">\n\t\t\t<div class=\"elementor-counter-title\"> re\u010dn\u00edkov a \u0161kolite\u013eov workshopov<\/div>\t\t\t<div class=\"elementor-counter-number-wrapper\">\n\t\t\t\t<span class=\"elementor-counter-number-prefix\"><\/span>\n\t\t\t\t<span class=\"elementor-counter-number\" data-duration=\"2000\" data-to-value=\"20\" data-from-value=\"0\" data-delimiter=\",\">0<\/span>\n\t\t\t\t<span class=\"elementor-counter-number-suffix\">+<\/span>\n\t\t\t<\/div>\n\t\t<\/div>\n\t\t\t\t\t\t<\/div>\n\t\t\t\t<\/div>\n\t\t<div class=\"elementor-element elementor-element-f1ab4ce e-con-full e-flex e-con e-child\" data-id=\"f1ab4ce\" data-element_type=\"container\">\n\t\t\t\t<div class=\"elementor-element elementor-element-e47f749 elementor-widget elementor-widget-counter\" data-id=\"e47f749\" data-element_type=\"widget\" data-widget_type=\"counter.default\">\n\t\t\t\t\t\t\t<div class=\"elementor-counter\">\n\t\t\t<div class=\"elementor-counter-title\">workshopov a diskusi\u00ed<\/div>\t\t\t<div class=\"elementor-counter-number-wrapper\">\n\t\t\t\t<span class=\"elementor-counter-number-prefix\"><\/span>\n\t\t\t\t<span class=\"elementor-counter-number\" data-duration=\"2000\" data-to-value=\"10\" data-from-value=\"0\" data-delimiter=\",\">0<\/span>\n\t\t\t\t<span class=\"elementor-counter-number-suffix\">+<\/span>\n\t\t\t<\/div>\n\t\t<\/div>\n\t\t\t\t\t\t<\/div>\n\t\t\t\t<\/div>\n\t\t<div class=\"elementor-element elementor-element-22f7146 e-con-full e-flex e-con e-child\" data-id=\"22f7146\" data-element_type=\"container\">\n\t\t\t\t<div class=\"elementor-element elementor-element-be9b76f elementor-widget elementor-widget-counter\" data-id=\"be9b76f\" data-element_type=\"widget\" data-widget_type=\"counter.default\">\n\t\t\t\t\t\t\t<div class=\"elementor-counter\">\n\t\t\t<div class=\"elementor-counter-title\">dni programu<\/div>\t\t\t<div class=\"elementor-counter-number-wrapper\">\n\t\t\t\t<span class=\"elementor-counter-number-prefix\"><\/span>\n\t\t\t\t<span class=\"elementor-counter-number\" data-duration=\"2000\" data-to-value=\"3\" data-from-value=\"0\" data-delimiter=\",\">0<\/span>\n\t\t\t\t<span class=\"elementor-counter-number-suffix\"><\/span>\n\t\t\t<\/div>\n\t\t<\/div>\n\t\t\t\t\t\t<\/div>\n\t\t\t\t<\/div>\n\t\t\t\t\t<\/div>\n\t\t\t\t<\/div>\n\t\t\t\t<\/div>\n\t\t<div class=\"elementor-element elementor-element-8182d56 e-flex e-con-boxed e-con e-parent\" data-id=\"8182d56\" data-element_type=\"container\" data-settings=\"{&quot;background_background&quot;:&quot;classic&quot;}\">\n\t\t\t\t\t<div class=\"e-con-inner\">\n\t\t\t\t<div class=\"elementor-element elementor-element-2cd0c44 elementor-widget elementor-widget-heading\" data-id=\"2cd0c44\" data-element_type=\"widget\" data-widget_type=\"heading.default\">\n\t\t\t\t\t<h2 class=\"elementor-heading-title elementor-size-default\">MOMENTY, KTOR\u00c9 ZOSTALI \n<\/h2>\t\t\t\t<\/div>\n\t\t<div class=\"elementor-element elementor-element-62a5139 e-con-full e-flex e-con e-child\" data-id=\"62a5139\" data-element_type=\"container\">\n\t\t<div class=\"elementor-element elementor-element-15659eb e-con-full e-flex elementor-invisible e-con e-child\" data-id=\"15659eb\" data-element_type=\"container\" data-settings=\"{&quot;animation&quot;:&quot;fadeInUp&quot;}\">\n\t\t\t\t<div class=\"elementor-element elementor-element-4d76cc7 elementor-view-default elementor-mobile-position-block-start elementor-invisible elementor-widget elementor-widget-icon-box\" data-id=\"4d76cc7\" data-element_type=\"widget\" data-settings=\"{&quot;_animation&quot;:&quot;fadeInUp&quot;}\" data-widget_type=\"icon-box.default\">\n\t\t\t\t\t\t\t<div class=\"elementor-icon-box-wrapper\">\n\n\t\t\t\t\t\t<div class=\"elementor-icon-box-icon\">\n\t\t\t\t<span  class=\"elementor-icon\">\n\t\t\t\t<svg aria-hidden=\"true\" class=\"e-font-icon-svg e-fas-book-open\" viewBox=\"0 0 576 512\" xmlns=\"http:\/\/www.w3.org\/2000\/svg\"><path d=\"M542.22 32.05c-54.8 3.11-163.72 14.43-230.96 55.59-4.64 2.84-7.27 7.89-7.27 13.17v363.87c0 11.55 12.63 18.85 23.28 13.49 69.18-34.82 169.23-44.32 218.7-46.92 16.89-.89 30.02-14.43 30.02-30.66V62.75c.01-17.71-15.35-31.74-33.77-30.7zM264.73 87.64C197.5 46.48 88.58 35.17 33.78 32.05 15.36 31.01 0 45.04 0 62.75V400.6c0 16.24 13.13 29.78 30.02 30.66 49.49 2.6 149.59 12.11 218.77 46.95 10.62 5.35 23.21-1.94 23.21-13.46V100.63c0-5.29-2.62-10.14-7.27-12.99z\"><\/path><\/svg>\t\t\t\t<\/span>\n\t\t\t<\/div>\n\t\t\t\n\t\t\t\t\t\t<div class=\"elementor-icon-box-content\">\n\n\t\t\t\t\t\t\t\t\t<h3 class=\"elementor-icon-box-title\">\n\t\t\t\t\t\t<span  >\n\t\t\t\t\t\t\tAko nerozde\u013eova\u0165 spolo\u010dnos\u0165\t\t\t\t\t\t<\/span>\n\t\t\t\t\t<\/h3>\n\t\t\t\t\n\t\t\t\t\t\t\t\t\t<p class=\"elementor-icon-box-description\">\n\t\t\t\t\t\tBeata Balogov\u00e1 (SME), Veronika Munk (b\u00fdval\u00e1 \u0161\u00e9fredaktorka Telex.hu) a Ulrik Haagerup (Constructive Institute, D\u00e1nsko) diskutovali o tom, \u010di m\u00e9di\u00e1 prispievaj\u00fa k polariz\u00e1cii \u2013 a \u010di m\u00f4\u017eu by\u0165 s\u00fa\u010das\u0165ou rie\u0161enia. Vytv\u00e1ranie narat\u00edvov \u201emy proti nim\u201c buduje bari\u00e9ry v spolo\u010dnosti. M\u00f4\u017eu novin\u00e1ri prin\u00e1\u0161a\u0165 rie\u0161enia namiesto probl\u00e9mov? \u010co je kon\u0161trukt\u00edvna \u017eurnalistika a m\u00e1 miesto v strednej Eur\u00f3pe?   \t\t\t\t\t<\/p>\n\t\t\t\t\n\t\t\t<\/div>\n\t\t\t\n\t\t<\/div>\n\t\t\t\t\t\t<\/div>\n\t\t\t\t<\/div>\n\t\t<div class=\"elementor-element elementor-element-b81785c e-con-full e-flex elementor-invisible e-con e-child\" data-id=\"b81785c\" data-element_type=\"container\" data-settings=\"{&quot;animation&quot;:&quot;fadeInUp&quot;,&quot;background_background&quot;:&quot;classic&quot;}\">\n\t\t\t\t<div class=\"elementor-element elementor-element-93b008c elementor-view-default elementor-mobile-position-block-start elementor-invisible elementor-widget elementor-widget-icon-box\" data-id=\"93b008c\" data-element_type=\"widget\" data-settings=\"{&quot;_animation&quot;:&quot;fadeInUp&quot;}\" data-widget_type=\"icon-box.default\">\n\t\t\t\t\t\t\t<div class=\"elementor-icon-box-wrapper\">\n\n\t\t\t\t\t\t<div class=\"elementor-icon-box-icon\">\n\t\t\t\t<span  class=\"elementor-icon\">\n\t\t\t\t<svg aria-hidden=\"true\" class=\"e-font-icon-svg e-fas-globe-africa\" viewBox=\"0 0 496 512\" xmlns=\"http:\/\/www.w3.org\/2000\/svg\"><path d=\"M248 8C111.03 8 0 119.03 0 256s111.03 248 248 248 248-111.03 248-248S384.97 8 248 8zm160 215.5v6.93c0 5.87-3.32 11.24-8.57 13.86l-15.39 7.7a15.485 15.485 0 0 1-15.53-.97l-18.21-12.14a15.52 15.52 0 0 0-13.5-1.81l-2.65.88c-9.7 3.23-13.66 14.79-7.99 23.3l13.24 19.86c2.87 4.31 7.71 6.9 12.89 6.9h8.21c8.56 0 15.5 6.94 15.5 15.5v11.34c0 3.35-1.09 6.62-3.1 9.3l-18.74 24.98c-1.42 1.9-2.39 4.1-2.83 6.43l-4.3 22.83c-.62 3.29-2.29 6.29-4.76 8.56a159.608 159.608 0 0 0-25 29.16l-13.03 19.55a27.756 27.756 0 0 1-23.09 12.36c-10.51 0-20.12-5.94-24.82-15.34a78.902 78.902 0 0 1-8.33-35.29V367.5c0-8.56-6.94-15.5-15.5-15.5h-25.88c-14.49 0-28.38-5.76-38.63-16a54.659 54.659 0 0 1-16-38.63v-14.06c0-17.19 8.1-33.38 21.85-43.7l27.58-20.69a54.663 54.663 0 0 1 32.78-10.93h.89c8.48 0 16.85 1.97 24.43 5.77l14.72 7.36c3.68 1.84 7.93 2.14 11.83.84l47.31-15.77c6.33-2.11 10.6-8.03 10.6-14.7 0-8.56-6.94-15.5-15.5-15.5h-10.09c-4.11 0-8.05-1.63-10.96-4.54l-6.92-6.92a15.493 15.493 0 0 0-10.96-4.54H199.5c-8.56 0-15.5-6.94-15.5-15.5v-4.4c0-7.11 4.84-13.31 11.74-15.04l14.45-3.61c3.74-.94 7-3.23 9.14-6.44l8.08-12.11c2.87-4.31 7.71-6.9 12.89-6.9h24.21c8.56 0 15.5-6.94 15.5-15.5v-21.7C359.23 71.63 422.86 131.02 441.93 208H423.5c-8.56 0-15.5 6.94-15.5 15.5z\"><\/path><\/svg>\t\t\t\t<\/span>\n\t\t\t<\/div>\n\t\t\t\n\t\t\t\t\t\t<div class=\"elementor-icon-box-content\">\n\n\t\t\t\t\t\t\t\t\t<h3 class=\"elementor-icon-box-title\">\n\t\t\t\t\t\t<span  >\n\t\t\t\t\t\t\tAko vn\u00edmame Afriku\t\t\t\t\t\t<\/span>\n\t\t\t\t\t<\/h3>\n\t\t\t\t\n\t\t\t\t\t\t\t\t\t<p class=\"elementor-icon-box-description\">\n\t\t\t\t\t\tNig\u00e9rijsk\u00e1 novin\u00e1rka Adaobi Tricia Nwaubani a Tina Lee (Unbias the News) o tom, pre\u010do si predstavujeme Afriku ako jednoliaty kontinent pln\u00fd chudoby. Mrakodrapy a technologick\u00e9 centr\u00e1 alebo antilopy a chatr\u010de? Pravda je tak\u00e1, \u017ee je to oboje \u2013 ale z\u00e1padn\u00e9 m\u00e9di\u00e1 ukazuj\u00fa len jedno.  \t\t\t\t\t<\/p>\n\t\t\t\t\n\t\t\t<\/div>\n\t\t\t\n\t\t<\/div>\n\t\t\t\t\t\t<\/div>\n\t\t\t\t<\/div>\n\t\t<div class=\"elementor-element elementor-element-f4b9a7b e-con-full e-flex elementor-invisible e-con e-child\" data-id=\"f4b9a7b\" data-element_type=\"container\" data-settings=\"{&quot;animation&quot;:&quot;fadeInUp&quot;}\">\n\t\t\t\t<div class=\"elementor-element elementor-element-67639e0 elementor-view-default elementor-mobile-position-block-start elementor-invisible elementor-widget elementor-widget-icon-box\" data-id=\"67639e0\" data-element_type=\"widget\" data-settings=\"{&quot;_animation&quot;:&quot;fadeInUp&quot;}\" data-widget_type=\"icon-box.default\">\n\t\t\t\t\t\t\t<div class=\"elementor-icon-box-wrapper\">\n\n\t\t\t\t\t\t<div class=\"elementor-icon-box-icon\">\n\t\t\t\t<span  class=\"elementor-icon\">\n\t\t\t\t<svg aria-hidden=\"true\" class=\"e-font-icon-svg e-fas-users\" viewBox=\"0 0 640 512\" xmlns=\"http:\/\/www.w3.org\/2000\/svg\"><path d=\"M96 224c35.3 0 64-28.7 64-64s-28.7-64-64-64-64 28.7-64 64 28.7 64 64 64zm448 0c35.3 0 64-28.7 64-64s-28.7-64-64-64-64 28.7-64 64 28.7 64 64 64zm32 32h-64c-17.6 0-33.5 7.1-45.1 18.6 40.3 22.1 68.9 62 75.1 109.4h66c17.7 0 32-14.3 32-32v-32c0-35.3-28.7-64-64-64zm-256 0c61.9 0 112-50.1 112-112S381.9 32 320 32 208 82.1 208 144s50.1 112 112 112zm76.8 32h-8.3c-20.8 10-43.9 16-68.5 16s-47.6-6-68.5-16h-8.3C179.6 288 128 339.6 128 403.2V432c0 26.5 21.5 48 48 48h288c26.5 0 48-21.5 48-48v-28.8c0-63.6-51.6-115.2-115.2-115.2zm-223.7-13.4C161.5 263.1 145.6 256 128 256H64c-35.3 0-64 28.7-64 64v32c0 17.7 14.3 32 32 32h65.9c6.3-47.4 34.9-87.3 75.2-109.4z\"><\/path><\/svg>\t\t\t\t<\/span>\n\t\t\t<\/div>\n\t\t\t\n\t\t\t\t\t\t<div class=\"elementor-icon-box-content\">\n\n\t\t\t\t\t\t\t\t\t<h3 class=\"elementor-icon-box-title\">\n\t\t\t\t\t\t<span  >\n\t\t\t\t\t\t\t\u201ePros\u00edm, nezabudnite ich men\u00e1\u201c\t\t\t\t\t\t<\/span>\n\t\t\t\t\t<\/h3>\n\t\t\t\t\n\t\t\t\t\t\t\t\t\t<p class=\"elementor-icon-box-description\">\n\t\t\t\t\t\tDebata a workshop o etickej fotografii s Janou \u010cavojskou, Karolom Grygorukom a Noelem Rojom. Fotografie podvy\u017eiven\u00fdch det\u00ed s naf\u00faknut\u00fdmi bru\u0161kami vyvol\u00e1vaj\u00fa em\u00f3cie \u2013 ale dovolili by ste, aby niekto takto odfotografoval va\u0161e deti? Pre\u010do si vo\u010di najzranite\u013enej\u0161\u00edm \u013eu\u010fom dovol\u00edme viac, ne\u017e by sme tolerovali vo\u010di sebe sam\u00fdm? \u201ePros\u00edm, nezabudnite ich men\u00e1. Nebol to len \u201achlapec v \u010dervenej ko\u0161eli\u2018.\u201c Aj tieto slov\u00e1 padli v d\u00f4le\u017eitej debate o citlivej fotografii.\t\t\t\t\t<\/p>\n\t\t\t\t\n\t\t\t<\/div>\n\t\t\t\n\t\t<\/div>\n\t\t\t\t\t\t<\/div>\n\t\t\t\t<\/div>\n\t\t\t\t<\/div>\n\t\t<div class=\"elementor-element elementor-element-d0caac8 e-con-full e-flex e-con e-child\" data-id=\"d0caac8\" data-element_type=\"container\">\n\t\t<div class=\"elementor-element elementor-element-01c7bb6 e-con-full e-flex elementor-invisible e-con e-child\" data-id=\"01c7bb6\" data-element_type=\"container\" data-settings=\"{&quot;animation&quot;:&quot;fadeInUp&quot;}\">\n\t\t\t\t<div class=\"elementor-element elementor-element-34d29dc elementor-view-default elementor-mobile-position-block-start elementor-invisible elementor-widget elementor-widget-icon-box\" data-id=\"34d29dc\" data-element_type=\"widget\" data-settings=\"{&quot;_animation&quot;:&quot;fadeInUp&quot;}\" data-widget_type=\"icon-box.default\">\n\t\t\t\t\t\t\t<div class=\"elementor-icon-box-wrapper\">\n\n\t\t\t\t\t\t<div class=\"elementor-icon-box-icon\">\n\t\t\t\t<span  class=\"elementor-icon\">\n\t\t\t\t<svg aria-hidden=\"true\" class=\"e-font-icon-svg e-far-newspaper\" viewBox=\"0 0 576 512\" xmlns=\"http:\/\/www.w3.org\/2000\/svg\"><path d=\"M552 64H112c-20.858 0-38.643 13.377-45.248 32H24c-13.255 0-24 10.745-24 24v272c0 30.928 25.072 56 56 56h496c13.255 0 24-10.745 24-24V88c0-13.255-10.745-24-24-24zM48 392V144h16v248c0 4.411-3.589 8-8 8s-8-3.589-8-8zm480 8H111.422c.374-2.614.578-5.283.578-8V112h416v288zM172 280h136c6.627 0 12-5.373 12-12v-96c0-6.627-5.373-12-12-12H172c-6.627 0-12 5.373-12 12v96c0 6.627 5.373 12 12 12zm28-80h80v40h-80v-40zm-40 140v-24c0-6.627 5.373-12 12-12h136c6.627 0 12 5.373 12 12v24c0 6.627-5.373 12-12 12H172c-6.627 0-12-5.373-12-12zm192 0v-24c0-6.627 5.373-12 12-12h104c6.627 0 12 5.373 12 12v24c0 6.627-5.373 12-12 12H364c-6.627 0-12-5.373-12-12zm0-144v-24c0-6.627 5.373-12 12-12h104c6.627 0 12 5.373 12 12v24c0 6.627-5.373 12-12 12H364c-6.627 0-12-5.373-12-12zm0 72v-24c0-6.627 5.373-12 12-12h104c6.627 0 12 5.373 12 12v24c0 6.627-5.373 12-12 12H364c-6.627 0-12-5.373-12-12z\"><\/path><\/svg>\t\t\t\t<\/span>\n\t\t\t<\/div>\n\t\t\t\n\t\t\t\t\t\t<div class=\"elementor-icon-box-content\">\n\n\t\t\t\t\t\t\t\t\t<h3 class=\"elementor-icon-box-title\">\n\t\t\t\t\t\t<span  >\n\t\t\t\t\t\t\tZodpovedn\u00e1 \u017eurnalistika\t\t\t\t\t\t<\/span>\n\t\t\t\t\t<\/h3>\n\t\t\t\t\n\t\t\t\t\t\t\t\t\t<p class=\"elementor-icon-box-description\">\n\t\t\t\t\t\tWorkshop s Magdal\u00e9nou Rojo o udr\u017eate\u013enosti v \u017eurnalistike. Ako informova\u0165 o svete bez toho, aby sme \u0161kodili miestnym komunit\u00e1m? Novin\u00e1ri s\u00fa mostami medzi kult\u00farami \u2013 ich \u00faloha je k\u013e\u00fa\u010dov\u00e1 pri formovan\u00ed glob\u00e1lneho porozumenia. Zodpovedn\u00ed novin\u00e1ri vn\u00edmaj\u00fa kontext, hist\u00f3riu, kult\u00faru. A uvedomuj\u00fa si, \u017ee aj ich cesta do menej rozvinutej krajiny m\u00e1 vplyv na miestnu komunitu.    \t\t\t\t\t<\/p>\n\t\t\t\t\n\t\t\t<\/div>\n\t\t\t\n\t\t<\/div>\n\t\t\t\t\t\t<\/div>\n\t\t\t\t<\/div>\n\t\t<div class=\"elementor-element elementor-element-b641970 e-con-full e-flex elementor-invisible e-con e-child\" data-id=\"b641970\" data-element_type=\"container\" data-settings=\"{&quot;animation&quot;:&quot;fadeInUp&quot;,&quot;background_background&quot;:&quot;classic&quot;}\">\n\t\t\t\t<div class=\"elementor-element elementor-element-c2fa1a8 elementor-view-default elementor-mobile-position-block-start elementor-invisible elementor-widget elementor-widget-icon-box\" data-id=\"c2fa1a8\" data-element_type=\"widget\" data-settings=\"{&quot;_animation&quot;:&quot;fadeInUp&quot;}\" data-widget_type=\"icon-box.default\">\n\t\t\t\t\t\t\t<div class=\"elementor-icon-box-wrapper\">\n\n\t\t\t\t\t\t<div class=\"elementor-icon-box-icon\">\n\t\t\t\t<span  class=\"elementor-icon\">\n\t\t\t\t<svg aria-hidden=\"true\" class=\"e-font-icon-svg e-far-user-circle\" viewBox=\"0 0 496 512\" xmlns=\"http:\/\/www.w3.org\/2000\/svg\"><path d=\"M248 104c-53 0-96 43-96 96s43 96 96 96 96-43 96-96-43-96-96-96zm0 144c-26.5 0-48-21.5-48-48s21.5-48 48-48 48 21.5 48 48-21.5 48-48 48zm0-240C111 8 0 119 0 256s111 248 248 248 248-111 248-248S385 8 248 8zm0 448c-49.7 0-95.1-18.3-130.1-48.4 14.9-23 40.4-38.6 69.6-39.5 20.8 6.4 40.6 9.6 60.5 9.6s39.7-3.1 60.5-9.6c29.2 1 54.7 16.5 69.6 39.5-35 30.1-80.4 48.4-130.1 48.4zm162.7-84.1c-24.4-31.4-62.1-51.9-105.1-51.9-10.2 0-26 9.6-57.6 9.6-31.5 0-47.4-9.6-57.6-9.6-42.9 0-80.6 20.5-105.1 51.9C61.9 339.2 48 299.2 48 256c0-110.3 89.7-200 200-200s200 89.7 200 200c0 43.2-13.9 83.2-37.3 115.9z\"><\/path><\/svg>\t\t\t\t<\/span>\n\t\t\t<\/div>\n\t\t\t\n\t\t\t\t\t\t<div class=\"elementor-icon-box-content\">\n\n\t\t\t\t\t\t\t\t\t<h3 class=\"elementor-icon-box-title\">\n\t\t\t\t\t\t<span  >\n\t\t\t\t\t\t\tAko umel\u00e1 inteligencia (z)men\u00ed \u017eurnalistiku\t\t\t\t\t\t<\/span>\n\t\t\t\t\t<\/h3>\n\t\t\t\t\n\t\t\t\t\t\t\t\t\t<p class=\"elementor-icon-box-description\">\n\t\t\t\t\t\tPrv\u00e1 ve\u013ek\u00e1 debata o umelej inteligencii v slovensk\u00fdch m\u00e9di\u00e1ch. J\u00ed\u0159\u00ed \u0160pa\u010dek (Seznam Zpr\u00e1vy), Filip Struh\u00e1rik (Denn\u00edk N) a Ondrej Podstupka (SME) sa rozpr\u00e1vali o tom, \u010do sa zmen\u00ed v redakci\u00e1ch. Bud\u00fa chatboty p\u00edsa\u0165 \u010dl\u00e1nky o \u017eivotnom \u0161t\u00fdle lep\u0161ie ako \u013eudia? Kto sa nemus\u00ed ob\u00e1va\u0165 o svoju pr\u00e1cu a kto \u00e1no?    \t\t\t\t\t<\/p>\n\t\t\t\t\n\t\t\t<\/div>\n\t\t\t\n\t\t<\/div>\n\t\t\t\t\t\t<\/div>\n\t\t\t\t<\/div>\n\t\t<div class=\"elementor-element elementor-element-4d21347 e-con-full e-flex elementor-invisible e-con e-child\" data-id=\"4d21347\" data-element_type=\"container\" data-settings=\"{&quot;animation&quot;:&quot;fadeInUp&quot;}\">\n\t\t\t\t<div class=\"elementor-element elementor-element-b5e55e7 elementor-view-default elementor-mobile-position-block-start elementor-invisible elementor-widget elementor-widget-icon-box\" data-id=\"b5e55e7\" data-element_type=\"widget\" data-settings=\"{&quot;_animation&quot;:&quot;fadeInUp&quot;}\" data-widget_type=\"icon-box.default\">\n\t\t\t\t\t\t\t<div class=\"elementor-icon-box-wrapper\">\n\n\t\t\t\t\t\t<div class=\"elementor-icon-box-icon\">\n\t\t\t\t<span  class=\"elementor-icon\">\n\t\t\t\t<i aria-hidden=\"true\" class=\"icon icon-photo-camera1\"><\/i>\t\t\t\t<\/span>\n\t\t\t<\/div>\n\t\t\t\n\t\t\t\t\t\t<div class=\"elementor-icon-box-content\">\n\n\t\t\t\t\t\t\t\t\t<h3 class=\"elementor-icon-box-title\">\n\t\t\t\t\t\t<span  >\n\t\t\t\t\t\t\tKlimatick\u00e1 zmena v m\u00e9di\u00e1ch\t\t\t\t\t\t<\/span>\n\t\t\t\t\t<\/h3>\n\t\t\t\t\n\t\t\t\t\t\t\t\t\t<p class=\"elementor-icon-box-description\">\n\t\t\t\t\t\tAko informova\u0165 o glob\u00e1lnom otep\u013eovan\u00ed sp\u00f4sobom, ktor\u00fd motivuje namiesto toho, aby desil? Katar\u00edna Kozinkov\u00e1 (SME), Tom\u00e1\u0161 Gre\u010dko (Denn\u00edk N) a Irena Jen\u010dov\u00e1 (Euractiv) diskutovali o tom, ako informova\u0165 o najv\u00e4\u010d\u0161ej v\u00fdzve s\u00fa\u010dasnosti bez toho, aby \u013eudia prepadli klimatickej \u00fazkosti. \t\t\t\t\t<\/p>\n\t\t\t\t\n\t\t\t<\/div>\n\t\t\t\n\t\t<\/div>\n\t\t\t\t\t\t<\/div>\n\t\t\t\t<\/div>\n\t\t\t\t<\/div>\n\t\t\t\t\t<\/div>\n\t\t\t\t<\/div>\n\t\t<div class=\"elementor-element elementor-element-24eef4f e-flex e-con-boxed e-con e-parent\" data-id=\"24eef4f\" data-element_type=\"container\">\n\t\t\t\t\t<div class=\"e-con-inner\">\n\t\t\t\t<div class=\"elementor-element elementor-element-c95d35c elementor-widget elementor-widget-heading\" data-id=\"c95d35c\" data-element_type=\"widget\" data-widget_type=\"heading.default\">\n\t\t\t\t\t<h2 class=\"elementor-heading-title elementor-size-default\">FOTKY Z FESTIVALU \n<\/h2>\t\t\t\t<\/div>\n\t\t\t\t<div class=\"elementor-element elementor-element-dd05726 elementor-widget elementor-widget-gallery\" data-id=\"dd05726\" data-element_type=\"widget\" data-settings=\"{&quot;gallery_layout&quot;:&quot;masonry&quot;,&quot;columns&quot;:3,&quot;lazyload&quot;:&quot;yes&quot;,&quot;columns_tablet&quot;:2,&quot;columns_mobile&quot;:1,&quot;gap&quot;:{&quot;unit&quot;:&quot;px&quot;,&quot;size&quot;:10,&quot;sizes&quot;:[]},&quot;gap_tablet&quot;:{&quot;unit&quot;:&quot;px&quot;,&quot;size&quot;:10,&quot;sizes&quot;:[]},&quot;gap_mobile&quot;:{&quot;unit&quot;:&quot;px&quot;,&quot;size&quot;:10,&quot;sizes&quot;:[]},&quot;link_to&quot;:&quot;file&quot;,&quot;overlay_background&quot;:&quot;yes&quot;,&quot;content_hover_animation&quot;:&quot;fade-in&quot;}\" data-widget_type=\"gallery.default\">\n\t\t\t\t\t\t\t<div class=\"elementor-gallery__container\">\n\t\t\t\t\t\t\t<a class=\"e-gallery-item elementor-gallery-item elementor-animated-content\" href=\"https:\/\/www.journalismfestival.eu\/wp-content\/uploads\/2025\/12\/svetmedziriadkami-piatok-83-1-scaled.jpg\" data-elementor-open-lightbox=\"yes\" data-elementor-lightbox-slideshow=\"dd05726\" data-elementor-lightbox-title=\"svetmedziriadkami-piatok-83 (1)\" data-e-action-hash=\"#elementor-action%3Aaction%3Dlightbox%26settings%3DeyJpZCI6MTMxNSwidXJsIjoiaHR0cHM6XC9cL3d3dy5qb3VybmFsaXNtZmVzdGl2YWwuZXVcL3dwLWNvbnRlbnRcL3VwbG9hZHNcLzIwMjVcLzEyXC9zdmV0bWVkemlyaWFka2FtaS1waWF0b2stODMtMS1zY2FsZWQuanBnIiwic2xpZGVzaG93IjoiZGQwNTcyNiJ9\">\n\t\t\t\t\t<div class=\"e-gallery-image elementor-gallery-item__image\" data-thumbnail=\"https:\/\/www.journalismfestival.eu\/wp-content\/uploads\/2025\/12\/svetmedziriadkami-piatok-83-1-768x512.jpg\" data-width=\"768\" data-height=\"512\" aria-label=\"\" role=\"img\" ><\/div>\n\t\t\t\t\t\t\t\t\t\t\t<div class=\"elementor-gallery-item__overlay\"><\/div>\n\t\t\t\t\t\t\t\t\t\t\t\t\t\t<\/a>\n\t\t\t\t\t\t\t<a class=\"e-gallery-item elementor-gallery-item elementor-animated-content\" href=\"https:\/\/www.journalismfestival.eu\/wp-content\/uploads\/2025\/12\/svetmedziriadkami-piatok-added-4-scaled.jpg\" data-elementor-open-lightbox=\"yes\" data-elementor-lightbox-slideshow=\"dd05726\" data-elementor-lightbox-title=\"svetmedziriadkami-piatok-added-4\" data-e-action-hash=\"#elementor-action%3Aaction%3Dlightbox%26settings%3DeyJpZCI6MTMxNiwidXJsIjoiaHR0cHM6XC9cL3d3dy5qb3VybmFsaXNtZmVzdGl2YWwuZXVcL3dwLWNvbnRlbnRcL3VwbG9hZHNcLzIwMjVcLzEyXC9zdmV0bWVkemlyaWFka2FtaS1waWF0b2stYWRkZWQtNC1zY2FsZWQuanBnIiwic2xpZGVzaG93IjoiZGQwNTcyNiJ9\">\n\t\t\t\t\t<div class=\"e-gallery-image elementor-gallery-item__image\" data-thumbnail=\"https:\/\/www.journalismfestival.eu\/wp-content\/uploads\/2025\/12\/svetmedziriadkami-piatok-added-4-768x1152.jpg\" data-width=\"768\" data-height=\"1152\" aria-label=\"\" role=\"img\" ><\/div>\n\t\t\t\t\t\t\t\t\t\t\t<div class=\"elementor-gallery-item__overlay\"><\/div>\n\t\t\t\t\t\t\t\t\t\t\t\t\t\t<\/a>\n\t\t\t\t\t\t\t<a class=\"e-gallery-item elementor-gallery-item elementor-animated-content\" href=\"https:\/\/www.journalismfestival.eu\/wp-content\/uploads\/2025\/12\/svetmedziriadkami-STREDA-25-scaled.jpg\" data-elementor-open-lightbox=\"yes\" data-elementor-lightbox-slideshow=\"dd05726\" data-elementor-lightbox-title=\"svetmedziriadkami-STREDA-25\" data-e-action-hash=\"#elementor-action%3Aaction%3Dlightbox%26settings%3DeyJpZCI6MTMxNywidXJsIjoiaHR0cHM6XC9cL3d3dy5qb3VybmFsaXNtZmVzdGl2YWwuZXVcL3dwLWNvbnRlbnRcL3VwbG9hZHNcLzIwMjVcLzEyXC9zdmV0bWVkemlyaWFka2FtaS1TVFJFREEtMjUtc2NhbGVkLmpwZyIsInNsaWRlc2hvdyI6ImRkMDU3MjYifQ%3D%3D\">\n\t\t\t\t\t<div class=\"e-gallery-image elementor-gallery-item__image\" data-thumbnail=\"https:\/\/www.journalismfestival.eu\/wp-content\/uploads\/2025\/12\/svetmedziriadkami-STREDA-25-768x1365.jpg\" data-width=\"768\" data-height=\"1365\" aria-label=\"\" role=\"img\" ><\/div>\n\t\t\t\t\t\t\t\t\t\t\t<div class=\"elementor-gallery-item__overlay\"><\/div>\n\t\t\t\t\t\t\t\t\t\t\t\t\t\t<\/a>\n\t\t\t\t\t\t\t<a class=\"e-gallery-item elementor-gallery-item elementor-animated-content\" href=\"https:\/\/www.journalismfestival.eu\/wp-content\/uploads\/2025\/12\/svetmedziriadkami-stvrtok-31-scaled.jpg\" data-elementor-open-lightbox=\"yes\" data-elementor-lightbox-slideshow=\"dd05726\" data-elementor-lightbox-title=\"svetmedziriadkami-\u0161tvrtok-31\" data-e-action-hash=\"#elementor-action%3Aaction%3Dlightbox%26settings%3DeyJpZCI6MTMxOCwidXJsIjoiaHR0cHM6XC9cL3d3dy5qb3VybmFsaXNtZmVzdGl2YWwuZXVcL3dwLWNvbnRlbnRcL3VwbG9hZHNcLzIwMjVcLzEyXC9zdmV0bWVkemlyaWFka2FtaS1zdHZydG9rLTMxLXNjYWxlZC5qcGciLCJzbGlkZXNob3ciOiJkZDA1NzI2In0%3D\">\n\t\t\t\t\t<div class=\"e-gallery-image elementor-gallery-item__image\" data-thumbnail=\"https:\/\/www.journalismfestival.eu\/wp-content\/uploads\/2025\/12\/svetmedziriadkami-stvrtok-31-768x512.jpg\" data-width=\"768\" data-height=\"512\" aria-label=\"\" role=\"img\" ><\/div>\n\t\t\t\t\t\t\t\t\t\t\t<div class=\"elementor-gallery-item__overlay\"><\/div>\n\t\t\t\t\t\t\t\t\t\t\t\t\t\t<\/a>\n\t\t\t\t\t\t\t<a class=\"e-gallery-item elementor-gallery-item elementor-animated-content\" href=\"https:\/\/www.journalismfestival.eu\/wp-content\/uploads\/2025\/12\/svetmedziriadkami-stvrtok-50-scaled.jpg\" data-elementor-open-lightbox=\"yes\" data-elementor-lightbox-slideshow=\"dd05726\" data-elementor-lightbox-title=\"svetmedziriadkami-\u0161tvrtok-50\" data-e-action-hash=\"#elementor-action%3Aaction%3Dlightbox%26settings%3DeyJpZCI6MTMxOSwidXJsIjoiaHR0cHM6XC9cL3d3dy5qb3VybmFsaXNtZmVzdGl2YWwuZXVcL3dwLWNvbnRlbnRcL3VwbG9hZHNcLzIwMjVcLzEyXC9zdmV0bWVkemlyaWFka2FtaS1zdHZydG9rLTUwLXNjYWxlZC5qcGciLCJzbGlkZXNob3ciOiJkZDA1NzI2In0%3D\">\n\t\t\t\t\t<div class=\"e-gallery-image elementor-gallery-item__image\" data-thumbnail=\"https:\/\/www.journalismfestival.eu\/wp-content\/uploads\/2025\/12\/svetmedziriadkami-stvrtok-50-768x512.jpg\" data-width=\"768\" data-height=\"512\" aria-label=\"\" role=\"img\" ><\/div>\n\t\t\t\t\t\t\t\t\t\t\t<div class=\"elementor-gallery-item__overlay\"><\/div>\n\t\t\t\t\t\t\t\t\t\t\t\t\t\t<\/a>\n\t\t\t\t\t\t\t<a class=\"e-gallery-item elementor-gallery-item elementor-animated-content\" href=\"https:\/\/www.journalismfestival.eu\/wp-content\/uploads\/2025\/12\/svetmedziriadkami-stvrtok-56-scaled.jpg\" data-elementor-open-lightbox=\"yes\" data-elementor-lightbox-slideshow=\"dd05726\" data-elementor-lightbox-title=\"svetmedziriadkami-\u0161tvrtok-56\" data-e-action-hash=\"#elementor-action%3Aaction%3Dlightbox%26settings%3DeyJpZCI6MTMyMCwidXJsIjoiaHR0cHM6XC9cL3d3dy5qb3VybmFsaXNtZmVzdGl2YWwuZXVcL3dwLWNvbnRlbnRcL3VwbG9hZHNcLzIwMjVcLzEyXC9zdmV0bWVkemlyaWFka2FtaS1zdHZydG9rLTU2LXNjYWxlZC5qcGciLCJzbGlkZXNob3ciOiJkZDA1NzI2In0%3D\">\n\t\t\t\t\t<div class=\"e-gallery-image elementor-gallery-item__image\" data-thumbnail=\"https:\/\/www.journalismfestival.eu\/wp-content\/uploads\/2025\/12\/svetmedziriadkami-stvrtok-56-768x512.jpg\" data-width=\"768\" data-height=\"512\" aria-label=\"\" role=\"img\" ><\/div>\n\t\t\t\t\t\t\t\t\t\t\t<div class=\"elementor-gallery-item__overlay\"><\/div>\n\t\t\t\t\t\t\t\t\t\t\t\t\t\t<\/a>\n\t\t\t\t\t<\/div>\n\t\t\t\t\t<\/div>\n\t\t\t\t\t<\/div>\n\t\t\t\t<\/div>\n\t\t<div class=\"elementor-element elementor-element-0981cce e-flex e-con-boxed e-con e-parent\" data-id=\"0981cce\" data-element_type=\"container\" data-settings=\"{&quot;background_background&quot;:&quot;classic&quot;}\">\n\t\t\t\t\t<div class=\"e-con-inner\">\n\t\t<div class=\"elementor-element elementor-element-2c4bcd0 e-flex e-con-boxed e-con e-child\" data-id=\"2c4bcd0\" data-element_type=\"container\">\n\t\t\t\t\t<div class=\"e-con-inner\">\n\t\t\t\t<div class=\"elementor-element elementor-element-63867c8 elementor-widget elementor-widget-heading\" data-id=\"63867c8\" data-element_type=\"widget\" data-widget_type=\"heading.default\">\n\t\t\t\t\t<h2 class=\"elementor-heading-title elementor-size-default\">KTO PRI\u0160IEL\n<\/h2>\t\t\t\t<\/div>\n\t\t\t\t<div class=\"elementor-element elementor-element-7b022e6 elementor-widget elementor-widget-text-editor\" data-id=\"7b022e6\" data-element_type=\"widget\" data-widget_type=\"text-editor.default\">\n\t\t\t\t\t\t\t\t\t<p>Od nig\u00e9rijskej spisovate\u013eky po d\u00e1nskeho medi\u00e1lneho priekopn\u00edka, od po\u013esk\u00e9ho fotografa po kanadsk\u00e9ho odborn\u00edka na etiku. Novin\u00e1ri, ktor\u00ed sk\u00famaj\u00fa, ako zodpovedne informova\u0165 o svete.<\/p>\n<p><b>Hlavn\u00ed sp\u00edkri:<\/b><\/p>\n<p><span style=\"font-weight: 400;\"> Adaobi Tricia Nwaubani (Nig\u00e9ria)<\/span><span style=\"font-weight: 400;\"><br><\/span><span style=\"font-weight: 400;\"> Ulrik Haagerup (Constructive Institute, D\u00e1nsko)<\/span><span style=\"font-weight: 400;\"><br><\/span><span style=\"font-weight: 400;\"> Beata Balogov\u00e1 (SME, Slovensko)<\/span><span style=\"font-weight: 400;\"><br><\/span><span style=\"font-weight: 400;\"> Tina Lee (Unbias The News, Nemecko)<\/span><span style=\"font-weight: 400;\"><br><\/span><span style=\"font-weight: 400;\"> Karol Grygoruk (RATS Agency, Po\u013esko)<\/span><span style=\"font-weight: 400;\"><br><\/span><span style=\"font-weight: 400;\"> Noel Rojo (freelance fotograf, USA\/Mexiko)<\/span><span style=\"font-weight: 400;\"><br><\/span><span style=\"font-weight: 400;\"> Stephen Ward (medi\u00e1lny etik, Kanada)<\/span><span style=\"font-weight: 400;\"><br><\/span><span style=\"font-weight: 400;\"> Veronika Munk (b\u00fdvala \u0161\u00e9fredaktorka Telex.hu, Ma\u010farsko)<\/span><\/p>\n<p><b>+ 15 \u010fal\u0161\u00edch novin\u00e1rov, fotografov a medi\u00e1lnych odborn\u00edkov <\/b><\/p>\n<p><b>Pri\u0161li tie\u017e:<\/b><\/p>\n<p><span style=\"font-weight: 400;\">Jana \u010cavojsk\u00e1 (fotografka, Slovensko), Magdal\u00e9na Rojo (nez\u00e1visl\u00e1 novin\u00e1rka), Christiane Wittenbecher (priekopn\u00ed\u010dka VR novin\u00e1r\u010diny, Nemecko), J\u00ed\u0159\u00ed \u0160pa\u010dek (Seznam Zpr\u00e1vy, \u010cesko), Filip Struh\u00e1rik (Denn\u00edk N, Slovensko), Ondrej Podstupka (SME, Slovensko), Jana Ma\u0165kov\u00e1 (podcasty SME, Slovensko), Katar\u00edna Kozinkov\u00e1 (SME, Slovensko), Tom\u00e1\u0161 Gre\u010dko (Denn\u00edk N, Slovensko), Irena Jen\u010dov\u00e1 (Euractiv, Slovensko), Peter Ivani\u010d (Svet medzi riadkami, Slovensko), J\u00e1n Dobransk\u00fd (film\u00e1r, Slovensko), Eva \u017dilinekov\u00e1 (hlasov\u00e1 kou\u010dka, Slovensko)<\/span><\/p>\t\t\t\t\t\t\t\t<\/div>\n\t\t\t\t\t<\/div>\n\t\t\t\t<\/div>\n\t\t\t\t\t<\/div>\n\t\t\t\t<\/div>\n\t\t\t\t<\/div>\n\t\t","protected":false},"excerpt":{"rendered":"<p>FESTIVAL 2023: Glob\u00e1lne v\u00fdzvy, lok\u00e1lne poh\u013eady Home FESTIVAL 2023: Glob\u00e1lne v\u00fdzvy, lok\u00e1lne poh\u013eady FESTIVAL 2023: Glob\u00e1lne v\u00fdzvy, lok\u00e1lne poh\u013eady Tento [&hellip;]<\/p>\n","protected":false},"author":1,"featured_media":0,"parent":0,"menu_order":0,"comment_status":"closed","ping_status":"closed","template":"elementor_header_footer","meta":{"site-sidebar-layout":"no-sidebar","site-content-layout":"","ast-site-content-layout":"full-width-container","site-content-style":"default","site-sidebar-style":"default","ast-global-header-display":"","ast-banner-title-visibility":"","ast-main-header-display":"","ast-hfb-above-header-display":"","ast-hfb-below-header-display":"","ast-hfb-mobile-header-display":"","site-post-title":"","ast-breadcrumbs-content":"","ast-featured-img":"disabled","footer-sml-layout":"","ast-disable-related-posts":"","theme-transparent-header-meta":"default","adv-header-id-meta":"","stick-header-meta":"","header-above-stick-meta":"","header-main-stick-meta":"","header-below-stick-meta":"","astra-migrate-meta-layouts":"default","ast-page-background-enabled":"default","ast-page-background-meta":{"desktop":{"background-color":"var(--ast-global-color-5)","background-image":"","background-repeat":"repeat","background-position":"center center","background-size":"auto","background-attachment":"scroll","background-type":"","background-media":"","overlay-type":"","overlay-color":"","overlay-opacity":"","overlay-gradient":""},"tablet":{"background-color":"","background-image":"","background-repeat":"repeat","background-position":"center center","background-size":"auto","background-attachment":"scroll","background-type":"","background-media":"","overlay-type":"","overlay-color":"","overlay-opacity":"","overlay-gradient":""},"mobile":{"background-color":"","background-image":"","background-repeat":"repeat","background-position":"center center","background-size":"auto","background-attachment":"scroll","background-type":"","background-media":"","overlay-type":"","overlay-color":"","overlay-opacity":"","overlay-gradient":""}},"ast-content-background-meta":{"desktop":{"background-color":"var(--ast-global-color-4)","background-image":"","background-repeat":"repeat","background-position":"center center","background-size":"auto","background-attachment":"scroll","background-type":"","background-media":"","overlay-type":"","overlay-color":"","overlay-opacity":"","overlay-gradient":""},"tablet":{"background-color":"var(--ast-global-color-4)","background-image":"","background-repeat":"repeat","background-position":"center center","background-size":"auto","background-attachment":"scroll","background-type":"","background-media":"","overlay-type":"","overlay-color":"","overlay-opacity":"","overlay-gradient":""},"mobile":{"background-color":"var(--ast-global-color-4)","background-image":"","background-repeat":"repeat","background-position":"center center","background-size":"auto","background-attachment":"scroll","background-type":"","background-media":"","overlay-type":"","overlay-color":"","overlay-opacity":"","overlay-gradient":""}},"footnotes":""},"class_list":["post-1313","page","type-page","status-publish","hentry"],"_links":{"self":[{"href":"https:\/\/www.journalismfestival.eu\/sk\/wp-json\/wp\/v2\/pages\/1313","targetHints":{"allow":["GET"]}}],"collection":[{"href":"https:\/\/www.journalismfestival.eu\/sk\/wp-json\/wp\/v2\/pages"}],"about":[{"href":"https:\/\/www.journalismfestival.eu\/sk\/wp-json\/wp\/v2\/types\/page"}],"author":[{"embeddable":true,"href":"https:\/\/www.journalismfestival.eu\/sk\/wp-json\/wp\/v2\/users\/1"}],"replies":[{"embeddable":true,"href":"https:\/\/www.journalismfestival.eu\/sk\/wp-json\/wp\/v2\/comments?post=1313"}],"version-history":[{"count":7,"href":"https:\/\/www.journalismfestival.eu\/sk\/wp-json\/wp\/v2\/pages\/1313\/revisions"}],"predecessor-version":[{"id":1845,"href":"https:\/\/www.journalismfestival.eu\/sk\/wp-json\/wp\/v2\/pages\/1313\/revisions\/1845"}],"wp:attachment":[{"href":"https:\/\/www.journalismfestival.eu\/sk\/wp-json\/wp\/v2\/media?parent=1313"}],"curies":[{"name":"wp","href":"https:\/\/api.w.org\/{rel}","templated":true}]}}