{"id":1304,"date":"2025-12-05T12:25:43","date_gmt":"2025-12-05T12:25:43","guid":{"rendered":"https:\/\/www.journalismfestival.eu\/festival-2022\/"},"modified":"2026-01-12T11:15:00","modified_gmt":"2026-01-12T11:15:00","slug":"festival-2022","status":"publish","type":"page","link":"https:\/\/www.journalismfestival.eu\/sk\/festival-2022\/","title":{"rendered":"FESTIVAL 2022"},"content":{"rendered":"\t\t<div data-elementor-type=\"wp-page\" data-elementor-id=\"1304\" class=\"elementor elementor-1304 elementor-1029\" data-elementor-post-type=\"page\">\n\t\t\t\t<div class=\"elementor-element elementor-element-83d4559 e-flex e-con-boxed e-con e-parent\" data-id=\"83d4559\" data-element_type=\"container\" data-settings=\"{&quot;background_background&quot;:&quot;classic&quot;}\">\n\t\t\t\t\t<div class=\"e-con-inner\">\n\t\t\t\t<div class=\"elementor-element elementor-element-81bbbda elementor-widget elementor-widget-heading\" data-id=\"81bbbda\" data-element_type=\"widget\" data-widget_type=\"heading.default\">\n\t\t\t\t\t<h2 class=\"elementor-heading-title elementor-size-default\">FESTIVAL 2022: Medzi riadkami \n<\/h2>\t\t\t\t<\/div>\n\t\t\t\t<div class=\"elementor-element elementor-element-5606dea elementor-icon-list--layout-inline elementor-align-center elementor-list-item-link-full_width elementor-widget elementor-widget-icon-list\" data-id=\"5606dea\" data-element_type=\"widget\" data-widget_type=\"icon-list.default\">\n\t\t\t\t\t\t\t<ul class=\"elementor-icon-list-items elementor-inline-items\">\n\t\t\t\t\t\t\t<li class=\"elementor-icon-list-item elementor-inline-item\">\n\t\t\t\t\t\t\t\t\t\t<span class=\"elementor-icon-list-text\">Home<\/span>\n\t\t\t\t\t\t\t\t\t<\/li>\n\t\t\t\t\t\t\t\t<li class=\"elementor-icon-list-item elementor-inline-item\">\n\t\t\t\t\t\t\t\t\t\t\t<span class=\"elementor-icon-list-icon\">\n\t\t\t\t\t\t\t<svg aria-hidden=\"true\" class=\"e-font-icon-svg e-fas-caret-right\" viewBox=\"0 0 192 512\" xmlns=\"http:\/\/www.w3.org\/2000\/svg\"><path d=\"M0 384.662V127.338c0-17.818 21.543-26.741 34.142-14.142l128.662 128.662c7.81 7.81 7.81 20.474 0 28.284L34.142 398.804C21.543 411.404 0 402.48 0 384.662z\"><\/path><\/svg>\t\t\t\t\t\t<\/span>\n\t\t\t\t\t\t\t\t\t\t<span class=\"elementor-icon-list-text\">FESTIVAL 2022: Medzi riadkami <\/span>\n\t\t\t\t\t\t\t\t\t<\/li>\n\t\t\t\t\t\t<\/ul>\n\t\t\t\t\t\t<\/div>\n\t\t\t\t\t<\/div>\n\t\t\t\t<\/div>\n\t\t<div class=\"elementor-element elementor-element-dde99da e-flex e-con-boxed e-con e-parent\" data-id=\"dde99da\" data-element_type=\"container\">\n\t\t\t\t\t<div class=\"e-con-inner\">\n\t\t<div class=\"elementor-element elementor-element-3f072f9 e-flex e-con-boxed e-con e-child\" data-id=\"3f072f9\" data-element_type=\"container\">\n\t\t\t\t\t<div class=\"e-con-inner\">\n\t\t\t\t<div class=\"elementor-element elementor-element-35fc09a elementor-widget elementor-widget-heading\" data-id=\"35fc09a\" data-element_type=\"widget\" data-widget_type=\"heading.default\">\n\t\t\t\t\t<h2 class=\"elementor-heading-title elementor-size-default\">FESTIVAL 2022: Medzi riadkami \n<\/h2>\t\t\t\t<\/div>\n\t\t\t\t<div class=\"elementor-element elementor-element-03e22a1 elementor-widget elementor-widget-text-editor\" data-id=\"03e22a1\" data-element_type=\"widget\" data-widget_type=\"text-editor.default\">\n\t\t\t\t\t\t\t\t\t<p>Prv\u00fd ro\u010dn\u00edk spojil medzin\u00e1rodn\u00e9 vzdel\u00e1vanie s praktick\u00fdmi workshopmi: od etick\u00e9ho informovania o migr\u00e1cii cez tvorbu podcastov a\u017e po pr\u00e1cu v konfliktn\u00fdch z\u00f3nach. Tri dni u\u010denia sa, ako rozpr\u00e1va\u0165 glob\u00e1lne pr\u00edbehy bez toho, aby sme upadali do t\u00fdch ist\u00fdch pasc\u00ed, ktor\u00e9 m\u00e9di\u00e1 opakuj\u00fa u\u017e desa\u0165ro\u010dia.<\/p>\t\t\t\t\t\t\t\t<\/div>\n\t\t\t\t\t<\/div>\n\t\t\t\t<\/div>\n\t\t\t\t\t<\/div>\n\t\t\t\t<\/div>\n\t\t<div class=\"elementor-element elementor-element-44cb545 e-flex e-con-boxed e-con e-parent\" data-id=\"44cb545\" data-element_type=\"container\">\n\t\t\t\t\t<div class=\"e-con-inner\">\n\t\t<div class=\"elementor-element elementor-element-d2998df e-con-full e-flex e-con e-child\" data-id=\"d2998df\" data-element_type=\"container\">\n\t\t\t\t<div class=\"elementor-element elementor-element-cc9dc8b elementor-widget elementor-widget-heading\" data-id=\"cc9dc8b\" data-element_type=\"widget\" data-widget_type=\"heading.default\">\n\t\t\t\t\t<h2 class=\"elementor-heading-title elementor-size-default\">O \u010dom bol festival<\/h2>\t\t\t\t<\/div>\n\t\t\t\t<div class=\"elementor-element elementor-element-1e02aa0 elementor-widget elementor-widget-text-editor\" data-id=\"1e02aa0\" data-element_type=\"widget\" data-widget_type=\"text-editor.default\">\n\t\t\t\t\t\t\t\t\t<p>Prv\u00fd ro\u010dn\u00edk festivalu sa za\u010dal zmrzlinou a skon\u010dil odpor\u00fa\u010daniami pre prax. Novin\u00e1ri z Ugandy a Kostariky nab\u00e1dali \u00fa\u010dastn\u00edkov, aby sa na glob\u00e1lne t\u00e9my pozerali in\u00fdmi o\u010dami \u2013 ten ist\u00fd pr\u00edbeh vyzer\u00e1 \u00faplne inak pod\u013ea toho, odkia\u013e sa na\u0148 pozer\u00e1\u0161. Na festivale sme si kl\u00e1dli ot\u00e1zky: \u010do keby sme prestali hovori\u0165 o migr\u00e1cii a namiesto toho h\u013eadali paralely? \u010co keby sme p\u00edsali o rie\u0161eniach namiesto\u00a0 trag\u00e9di\u00e1ch?<\/p><p>Za zatvoren\u00fdmi dverami editori ukazovali, ako pripravi\u0165 dobr\u00fd pitch pre medzin\u00e1rodn\u00e9 m\u00e9di\u00e1. Sociologi\u010dka z London School of Economics rozober\u0430la, ako m\u00e9di\u00e1 formuj\u00fa na\u0161u predstavu o svete. Ke\u010f sa podujatie otvorilo verejnosti, prebiehali tri paraleln\u00e9 workshopy: tvorba podcastov s profesion\u00e1lkou z nemeck\u00e9ho rozhlasu, fotografovanie telef\u00f3nom a praktick\u00e9 zru\u010dnosti s vojnov\u00fdm report\u00e9rom. Z\u00e1vere\u010dn\u00e1 ve\u010dern\u00e1 debata porovn\u00e1vala fungovanie redakci\u00ed v strednej a v\u00fdchodnej Eur\u00f3pe so z\u00e1padn\u00fdmi m\u00e9diami \u2013 a odhalila, ak\u00e1 rozdielna je novin\u00e1r\u010dina, ke\u010f nem\u00e1\u0161 v redakcii fact-checkerov ani v\u00fdskumn\u00edkov.<\/p>\t\t\t\t\t\t\t\t<\/div>\n\t\t\t\t<\/div>\n\t\t<div class=\"elementor-element elementor-element-06c39ba e-con-full e-flex e-con e-child\" data-id=\"06c39ba\" data-element_type=\"container\" data-settings=\"{&quot;background_background&quot;:&quot;classic&quot;}\">\n\t\t\t\t<div class=\"elementor-element elementor-element-625c0cf elementor-widget elementor-widget-image\" data-id=\"625c0cf\" data-element_type=\"widget\" data-widget_type=\"image.default\">\n\t\t\t\t\t\t\t\t\t\t\t\t\t\t\t<img fetchpriority=\"high\" decoding=\"async\" width=\"1024\" height=\"683\" src=\"https:\/\/www.journalismfestival.eu\/wp-content\/uploads\/2025\/12\/fin_w_-187-1024x683.jpg\" class=\"attachment-large size-large wp-image-1305\" alt=\"\" srcset=\"https:\/\/www.journalismfestival.eu\/wp-content\/uploads\/2025\/12\/fin_w_-187-1024x683.jpg 1024w, https:\/\/www.journalismfestival.eu\/wp-content\/uploads\/2025\/12\/fin_w_-187-300x200.jpg 300w, https:\/\/www.journalismfestival.eu\/wp-content\/uploads\/2025\/12\/fin_w_-187-768x512.jpg 768w, https:\/\/www.journalismfestival.eu\/wp-content\/uploads\/2025\/12\/fin_w_-187-1536x1024.jpg 1536w, https:\/\/www.journalismfestival.eu\/wp-content\/uploads\/2025\/12\/fin_w_-187.jpg 1620w\" sizes=\"(max-width: 1024px) 100vw, 1024px\" \/>\t\t\t\t\t\t\t\t\t\t\t\t\t\t\t<\/div>\n\t\t\t\t<\/div>\n\t\t\t\t\t<\/div>\n\t\t\t\t<\/div>\n\t\t<div class=\"elementor-element elementor-element-aed66ea e-con-full e-flex e-con e-parent\" data-id=\"aed66ea\" data-element_type=\"container\" data-settings=\"{&quot;background_background&quot;:&quot;classic&quot;}\">\n\t\t<div class=\"elementor-element elementor-element-3c007a8 e-flex e-con-boxed e-con e-child\" data-id=\"3c007a8\" data-element_type=\"container\">\n\t\t\t\t\t<div class=\"e-con-inner\">\n\t\t\t\t<div class=\"elementor-element elementor-element-7b1b65d elementor-widget elementor-widget-heading\" data-id=\"7b1b65d\" data-element_type=\"widget\" data-widget_type=\"heading.default\">\n\t\t\t\t\t<h2 class=\"elementor-heading-title elementor-size-default\">V \u010c\u00cdSLACH\n<\/h2>\t\t\t\t<\/div>\n\t\t\t\t\t<\/div>\n\t\t\t\t<\/div>\n\t\t<div class=\"elementor-element elementor-element-1a6e54b e-flex e-con-boxed e-con e-child\" data-id=\"1a6e54b\" data-element_type=\"container\">\n\t\t\t\t\t<div class=\"e-con-inner\">\n\t\t<div class=\"elementor-element elementor-element-19a32ef e-con-full e-flex e-con e-child\" data-id=\"19a32ef\" data-element_type=\"container\">\n\t\t\t\t<div class=\"elementor-element elementor-element-e7ec73c elementor-widget elementor-widget-counter\" data-id=\"e7ec73c\" data-element_type=\"widget\" data-widget_type=\"counter.default\">\n\t\t\t\t\t\t\t<div class=\"elementor-counter\">\n\t\t\t<div class=\"elementor-counter-title\"> \u00fa\u010dastn\u00edkov<\/div>\t\t\t<div class=\"elementor-counter-number-wrapper\">\n\t\t\t\t<span class=\"elementor-counter-number-prefix\"><\/span>\n\t\t\t\t<span class=\"elementor-counter-number\" data-duration=\"2000\" data-to-value=\"60\" data-from-value=\"0\">0<\/span>\n\t\t\t\t<span class=\"elementor-counter-number-suffix\">+<\/span>\n\t\t\t<\/div>\n\t\t<\/div>\n\t\t\t\t\t\t<\/div>\n\t\t\t\t<\/div>\n\t\t<div class=\"elementor-element elementor-element-820a02f e-con-full e-flex e-con e-child\" data-id=\"820a02f\" data-element_type=\"container\">\n\t\t\t\t<div class=\"elementor-element elementor-element-88d093d elementor-widget elementor-widget-counter\" data-id=\"88d093d\" data-element_type=\"widget\" data-widget_type=\"counter.default\">\n\t\t\t\t\t\t\t<div class=\"elementor-counter\">\n\t\t\t<div class=\"elementor-counter-title\"> kraj\u00edn<\/div>\t\t\t<div class=\"elementor-counter-number-wrapper\">\n\t\t\t\t<span class=\"elementor-counter-number-prefix\"><\/span>\n\t\t\t\t<span class=\"elementor-counter-number\" data-duration=\"2000\" data-to-value=\"5\" data-from-value=\"0\" data-delimiter=\",\">0<\/span>\n\t\t\t\t<span class=\"elementor-counter-number-suffix\">+<\/span>\n\t\t\t<\/div>\n\t\t<\/div>\n\t\t\t\t\t\t<\/div>\n\t\t\t\t<\/div>\n\t\t<div class=\"elementor-element elementor-element-c18aad9 e-con-full e-flex e-con e-child\" data-id=\"c18aad9\" data-element_type=\"container\">\n\t\t\t\t<div class=\"elementor-element elementor-element-2dbc92c elementor-widget elementor-widget-counter\" data-id=\"2dbc92c\" data-element_type=\"widget\" data-widget_type=\"counter.default\">\n\t\t\t\t\t\t\t<div class=\"elementor-counter\">\n\t\t\t<div class=\"elementor-counter-title\">sp\u00edkrov a lektorov<\/div>\t\t\t<div class=\"elementor-counter-number-wrapper\">\n\t\t\t\t<span class=\"elementor-counter-number-prefix\"><\/span>\n\t\t\t\t<span class=\"elementor-counter-number\" data-duration=\"2000\" data-to-value=\"12\" data-from-value=\"0\" data-delimiter=\",\">0<\/span>\n\t\t\t\t<span class=\"elementor-counter-number-suffix\">+<\/span>\n\t\t\t<\/div>\n\t\t<\/div>\n\t\t\t\t\t\t<\/div>\n\t\t\t\t<\/div>\n\t\t<div class=\"elementor-element elementor-element-724eb93 e-con-full e-flex e-con e-child\" data-id=\"724eb93\" data-element_type=\"container\">\n\t\t\t\t<div class=\"elementor-element elementor-element-e41d6f7 elementor-widget elementor-widget-counter\" data-id=\"e41d6f7\" data-element_type=\"widget\" data-widget_type=\"counter.default\">\n\t\t\t\t\t\t\t<div class=\"elementor-counter\">\n\t\t\t<div class=\"elementor-counter-title\">online lekcie<\/div>\t\t\t<div class=\"elementor-counter-number-wrapper\">\n\t\t\t\t<span class=\"elementor-counter-number-prefix\"><\/span>\n\t\t\t\t<span class=\"elementor-counter-number\" data-duration=\"2000\" data-to-value=\"4\" data-from-value=\"0\" data-delimiter=\",\">0<\/span>\n\t\t\t\t<span class=\"elementor-counter-number-suffix\">+<\/span>\n\t\t\t<\/div>\n\t\t<\/div>\n\t\t\t\t\t\t<\/div>\n\t\t\t\t<\/div>\n\t\t<div class=\"elementor-element elementor-element-3a577d5 e-con-full e-flex e-con e-child\" data-id=\"3a577d5\" data-element_type=\"container\">\n\t\t\t\t<div class=\"elementor-element elementor-element-b433d8d elementor-widget elementor-widget-counter\" data-id=\"b433d8d\" data-element_type=\"widget\" data-widget_type=\"counter.default\">\n\t\t\t\t\t\t\t<div class=\"elementor-counter\">\n\t\t\t<div class=\"elementor-counter-title\">dni programu<\/div>\t\t\t<div class=\"elementor-counter-number-wrapper\">\n\t\t\t\t<span class=\"elementor-counter-number-prefix\"><\/span>\n\t\t\t\t<span class=\"elementor-counter-number\" data-duration=\"2000\" data-to-value=\"3\" data-from-value=\"0\" data-delimiter=\",\">0<\/span>\n\t\t\t\t<span class=\"elementor-counter-number-suffix\"><\/span>\n\t\t\t<\/div>\n\t\t<\/div>\n\t\t\t\t\t\t<\/div>\n\t\t\t\t<\/div>\n\t\t\t\t\t<\/div>\n\t\t\t\t<\/div>\n\t\t\t\t<\/div>\n\t\t<div class=\"elementor-element elementor-element-7ad9143 e-flex e-con-boxed e-con e-parent\" data-id=\"7ad9143\" data-element_type=\"container\" data-settings=\"{&quot;background_background&quot;:&quot;classic&quot;}\">\n\t\t\t\t\t<div class=\"e-con-inner\">\n\t\t\t\t<div class=\"elementor-element elementor-element-b5e60c3 elementor-widget elementor-widget-heading\" data-id=\"b5e60c3\" data-element_type=\"widget\" data-widget_type=\"heading.default\">\n\t\t\t\t\t<h2 class=\"elementor-heading-title elementor-size-default\">MOMENTY, KTOR\u00c9 ZOSTALI \n<\/h2>\t\t\t\t<\/div>\n\t\t<div class=\"elementor-element elementor-element-20c061d e-con-full e-flex e-con e-child\" data-id=\"20c061d\" data-element_type=\"container\">\n\t\t<div class=\"elementor-element elementor-element-b01bde4 e-con-full e-flex elementor-invisible e-con e-child\" data-id=\"b01bde4\" data-element_type=\"container\" data-settings=\"{&quot;animation&quot;:&quot;fadeInUp&quot;}\">\n\t\t\t\t<div class=\"elementor-element elementor-element-bdc15e5 elementor-view-default elementor-mobile-position-block-start elementor-invisible elementor-widget elementor-widget-icon-box\" data-id=\"bdc15e5\" data-element_type=\"widget\" data-settings=\"{&quot;_animation&quot;:&quot;fadeInUp&quot;}\" data-widget_type=\"icon-box.default\">\n\t\t\t\t\t\t\t<div class=\"elementor-icon-box-wrapper\">\n\n\t\t\t\t\t\t<div class=\"elementor-icon-box-icon\">\n\t\t\t\t<span  class=\"elementor-icon\">\n\t\t\t\t<svg aria-hidden=\"true\" class=\"e-font-icon-svg e-fas-book-open\" viewBox=\"0 0 576 512\" xmlns=\"http:\/\/www.w3.org\/2000\/svg\"><path d=\"M542.22 32.05c-54.8 3.11-163.72 14.43-230.96 55.59-4.64 2.84-7.27 7.89-7.27 13.17v363.87c0 11.55 12.63 18.85 23.28 13.49 69.18-34.82 169.23-44.32 218.7-46.92 16.89-.89 30.02-14.43 30.02-30.66V62.75c.01-17.71-15.35-31.74-33.77-30.7zM264.73 87.64C197.5 46.48 88.58 35.17 33.78 32.05 15.36 31.01 0 45.04 0 62.75V400.6c0 16.24 13.13 29.78 30.02 30.66 49.49 2.6 149.59 12.11 218.77 46.95 10.62 5.35 23.21-1.94 23.21-13.46V100.63c0-5.29-2.62-10.14-7.27-12.99z\"><\/path><\/svg>\t\t\t\t<\/span>\n\t\t\t<\/div>\n\t\t\t\n\t\t\t\t\t\t<div class=\"elementor-icon-box-content\">\n\n\t\t\t\t\t\t\t\t\t<h3 class=\"elementor-icon-box-title\">\n\t\t\t\t\t\t<span  >\n\t\t\t\t\t\t\tPoh\u013eady z glob\u00e1lneho Juhu \t\t\t\t\t\t<\/span>\n\t\t\t\t\t<\/h3>\n\t\t\t\t\n\t\t\t\t\t\t\t\t\t<p class=\"elementor-icon-box-description\">\n\t\t\t\t\t\tNovin\u00e1ri z Ugandy a Kostariky viedli workshopy o tom, ako sa pozera\u0165 na glob\u00e1lne v\u00fdzvy cez in\u00e9 optiky. T\u00e1 ist\u00e1 t\u00e9ma \u2013 klimatick\u00e1 zmena, konflikt, rozvoj \u2013 vyzer\u00e1 \u00faplne inak pod\u013ea toho, odkia\u013e poch\u00e1dza\u0161. Ako prekona\u0165 z\u00e1padn\u00e9 r\u00e1mce a skuto\u010dne po\u010d\u00fava\u0165 hlasy z in\u00fdch \u010dast\u00ed sveta?  \n\t\t\t\t\t<\/p>\n\t\t\t\t\n\t\t\t<\/div>\n\t\t\t\n\t\t<\/div>\n\t\t\t\t\t\t<\/div>\n\t\t\t\t<\/div>\n\t\t<div class=\"elementor-element elementor-element-9200893 e-con-full e-flex elementor-invisible e-con e-child\" data-id=\"9200893\" data-element_type=\"container\" data-settings=\"{&quot;animation&quot;:&quot;fadeInUp&quot;,&quot;background_background&quot;:&quot;classic&quot;}\">\n\t\t\t\t<div class=\"elementor-element elementor-element-e12fdf9 elementor-view-default elementor-mobile-position-block-start elementor-invisible elementor-widget elementor-widget-icon-box\" data-id=\"e12fdf9\" data-element_type=\"widget\" data-settings=\"{&quot;_animation&quot;:&quot;fadeInUp&quot;}\" data-widget_type=\"icon-box.default\">\n\t\t\t\t\t\t\t<div class=\"elementor-icon-box-wrapper\">\n\n\t\t\t\t\t\t<div class=\"elementor-icon-box-icon\">\n\t\t\t\t<span  class=\"elementor-icon\">\n\t\t\t\t<svg aria-hidden=\"true\" class=\"e-font-icon-svg e-fas-globe-africa\" viewBox=\"0 0 496 512\" xmlns=\"http:\/\/www.w3.org\/2000\/svg\"><path d=\"M248 8C111.03 8 0 119.03 0 256s111.03 248 248 248 248-111.03 248-248S384.97 8 248 8zm160 215.5v6.93c0 5.87-3.32 11.24-8.57 13.86l-15.39 7.7a15.485 15.485 0 0 1-15.53-.97l-18.21-12.14a15.52 15.52 0 0 0-13.5-1.81l-2.65.88c-9.7 3.23-13.66 14.79-7.99 23.3l13.24 19.86c2.87 4.31 7.71 6.9 12.89 6.9h8.21c8.56 0 15.5 6.94 15.5 15.5v11.34c0 3.35-1.09 6.62-3.1 9.3l-18.74 24.98c-1.42 1.9-2.39 4.1-2.83 6.43l-4.3 22.83c-.62 3.29-2.29 6.29-4.76 8.56a159.608 159.608 0 0 0-25 29.16l-13.03 19.55a27.756 27.756 0 0 1-23.09 12.36c-10.51 0-20.12-5.94-24.82-15.34a78.902 78.902 0 0 1-8.33-35.29V367.5c0-8.56-6.94-15.5-15.5-15.5h-25.88c-14.49 0-28.38-5.76-38.63-16a54.659 54.659 0 0 1-16-38.63v-14.06c0-17.19 8.1-33.38 21.85-43.7l27.58-20.69a54.663 54.663 0 0 1 32.78-10.93h.89c8.48 0 16.85 1.97 24.43 5.77l14.72 7.36c3.68 1.84 7.93 2.14 11.83.84l47.31-15.77c6.33-2.11 10.6-8.03 10.6-14.7 0-8.56-6.94-15.5-15.5-15.5h-10.09c-4.11 0-8.05-1.63-10.96-4.54l-6.92-6.92a15.493 15.493 0 0 0-10.96-4.54H199.5c-8.56 0-15.5-6.94-15.5-15.5v-4.4c0-7.11 4.84-13.31 11.74-15.04l14.45-3.61c3.74-.94 7-3.23 9.14-6.44l8.08-12.11c2.87-4.31 7.71-6.9 12.89-6.9h24.21c8.56 0 15.5-6.94 15.5-15.5v-21.7C359.23 71.63 422.86 131.02 441.93 208H423.5c-8.56 0-15.5 6.94-15.5 15.5z\"><\/path><\/svg>\t\t\t\t<\/span>\n\t\t\t<\/div>\n\t\t\t\n\t\t\t\t\t\t<div class=\"elementor-icon-box-content\">\n\n\t\t\t\t\t\t\t\t\t<h3 class=\"elementor-icon-box-title\">\n\t\t\t\t\t\t<span  >\n\t\t\t\t\t\t\tNehovorme o migr\u00e1cii \t\t\t\t\t\t<\/span>\n\t\t\t\t\t<\/h3>\n\t\t\t\t\n\t\t\t\t\t\t\t\t\t<p class=\"elementor-icon-box-description\">\n\t\t\t\t\t\tTom Law (Global Forum for Media Development) a Peter Ivani\u010d oto\u010dili spravodajstvo o migr\u00e1cii naruby: pou\u017e\u00edvaj paralely, hovor o rie\u0161eniach, nie o trag\u00e9di\u00e1ch, maj na pam\u00e4ti vn\u00edmanie publika. Ak\u00e9 s\u00fa na\u0161e vlastn\u00e9 predsudky a stereotypy o migr\u00e1cii? A \u010do by sme NEMALI robi\u0165, ke\u010f o nej p\u00ed\u0161eme?  \n\t\t\t\t\t<\/p>\n\t\t\t\t\n\t\t\t<\/div>\n\t\t\t\n\t\t<\/div>\n\t\t\t\t\t\t<\/div>\n\t\t\t\t<\/div>\n\t\t<div class=\"elementor-element elementor-element-d648c74 e-con-full e-flex elementor-invisible e-con e-child\" data-id=\"d648c74\" data-element_type=\"container\" data-settings=\"{&quot;animation&quot;:&quot;fadeInUp&quot;}\">\n\t\t\t\t<div class=\"elementor-element elementor-element-76e6788 elementor-view-default elementor-mobile-position-block-start elementor-invisible elementor-widget elementor-widget-icon-box\" data-id=\"76e6788\" data-element_type=\"widget\" data-settings=\"{&quot;_animation&quot;:&quot;fadeInUp&quot;}\" data-widget_type=\"icon-box.default\">\n\t\t\t\t\t\t\t<div class=\"elementor-icon-box-wrapper\">\n\n\t\t\t\t\t\t<div class=\"elementor-icon-box-icon\">\n\t\t\t\t<span  class=\"elementor-icon\">\n\t\t\t\t<svg aria-hidden=\"true\" class=\"e-font-icon-svg e-fas-users\" viewBox=\"0 0 640 512\" xmlns=\"http:\/\/www.w3.org\/2000\/svg\"><path d=\"M96 224c35.3 0 64-28.7 64-64s-28.7-64-64-64-64 28.7-64 64 28.7 64 64 64zm448 0c35.3 0 64-28.7 64-64s-28.7-64-64-64-64 28.7-64 64 28.7 64 64 64zm32 32h-64c-17.6 0-33.5 7.1-45.1 18.6 40.3 22.1 68.9 62 75.1 109.4h66c17.7 0 32-14.3 32-32v-32c0-35.3-28.7-64-64-64zm-256 0c61.9 0 112-50.1 112-112S381.9 32 320 32 208 82.1 208 144s50.1 112 112 112zm76.8 32h-8.3c-20.8 10-43.9 16-68.5 16s-47.6-6-68.5-16h-8.3C179.6 288 128 339.6 128 403.2V432c0 26.5 21.5 48 48 48h288c26.5 0 48-21.5 48-48v-28.8c0-63.6-51.6-115.2-115.2-115.2zm-223.7-13.4C161.5 263.1 145.6 256 128 256H64c-35.3 0-64 28.7-64 64v32c0 17.7 14.3 32 32 32h65.9c6.3-47.4 34.9-87.3 75.2-109.4z\"><\/path><\/svg>\t\t\t\t<\/span>\n\t\t\t<\/div>\n\t\t\t\n\t\t\t\t\t\t<div class=\"elementor-icon-box-content\">\n\n\t\t\t\t\t\t\t\t\t<h3 class=\"elementor-icon-box-title\">\n\t\t\t\t\t\t<span  >\n\t\t\t\t\t\t\tAko p\u00edsa\u0165 pre svetov\u00e9 m\u00e9di\u00e1 \t\t\t\t\t\t<\/span>\n\t\t\t\t\t<\/h3>\n\t\t\t\t\n\t\t\t\t\t\t\t\t\t<p class=\"elementor-icon-box-description\">\n\t\t\t\t\t\tM\u00e1\u0161 chu\u0165 p\u00edsa\u0165 pre The New York Times, The Guardian alebo Reuters? B\u00fdval\u00fd \u0161\u00e9fredaktor Thomson Reuters Foundation uk\u00e1zal, ako pripravi\u0165 pitch, ktor\u00fd neskon\u010d\u00ed v ko\u0161i. Na pr\u00edkladoch migra\u010dn\u00fdch t\u00e9m demon\u0161troval, \u010do medzin\u00e1rodn\u00ed editori skuto\u010dne chc\u00fa vidie\u0165 \u2013 a \u010do ich naopak prin\u00fati stla\u010di\u0165 delete.  \n\t\t\t\t\t<\/p>\n\t\t\t\t\n\t\t\t<\/div>\n\t\t\t\n\t\t<\/div>\n\t\t\t\t\t\t<\/div>\n\t\t\t\t<\/div>\n\t\t\t\t<\/div>\n\t\t<div class=\"elementor-element elementor-element-43cc93c e-con-full e-flex e-con e-child\" data-id=\"43cc93c\" data-element_type=\"container\">\n\t\t<div class=\"elementor-element elementor-element-2b3b943 e-con-full e-flex elementor-invisible e-con e-child\" data-id=\"2b3b943\" data-element_type=\"container\" data-settings=\"{&quot;animation&quot;:&quot;fadeInUp&quot;}\">\n\t\t\t\t<div class=\"elementor-element elementor-element-441bfa5 elementor-view-default elementor-mobile-position-block-start elementor-invisible elementor-widget elementor-widget-icon-box\" data-id=\"441bfa5\" data-element_type=\"widget\" data-settings=\"{&quot;_animation&quot;:&quot;fadeInUp&quot;}\" data-widget_type=\"icon-box.default\">\n\t\t\t\t\t\t\t<div class=\"elementor-icon-box-wrapper\">\n\n\t\t\t\t\t\t<div class=\"elementor-icon-box-icon\">\n\t\t\t\t<span  class=\"elementor-icon\">\n\t\t\t\t<svg aria-hidden=\"true\" class=\"e-font-icon-svg e-far-newspaper\" viewBox=\"0 0 576 512\" xmlns=\"http:\/\/www.w3.org\/2000\/svg\"><path d=\"M552 64H112c-20.858 0-38.643 13.377-45.248 32H24c-13.255 0-24 10.745-24 24v272c0 30.928 25.072 56 56 56h496c13.255 0 24-10.745 24-24V88c0-13.255-10.745-24-24-24zM48 392V144h16v248c0 4.411-3.589 8-8 8s-8-3.589-8-8zm480 8H111.422c.374-2.614.578-5.283.578-8V112h416v288zM172 280h136c6.627 0 12-5.373 12-12v-96c0-6.627-5.373-12-12-12H172c-6.627 0-12 5.373-12 12v96c0 6.627 5.373 12 12 12zm28-80h80v40h-80v-40zm-40 140v-24c0-6.627 5.373-12 12-12h136c6.627 0 12 5.373 12 12v24c0 6.627-5.373 12-12 12H172c-6.627 0-12-5.373-12-12zm192 0v-24c0-6.627 5.373-12 12-12h104c6.627 0 12 5.373 12 12v24c0 6.627-5.373 12-12 12H364c-6.627 0-12-5.373-12-12zm0-144v-24c0-6.627 5.373-12 12-12h104c6.627 0 12 5.373 12 12v24c0 6.627-5.373 12-12 12H364c-6.627 0-12-5.373-12-12zm0 72v-24c0-6.627 5.373-12 12-12h104c6.627 0 12 5.373 12 12v24c0 6.627-5.373 12-12 12H364c-6.627 0-12-5.373-12-12z\"><\/path><\/svg>\t\t\t\t<\/span>\n\t\t\t<\/div>\n\t\t\t\n\t\t\t\t\t\t<div class=\"elementor-icon-box-content\">\n\n\t\t\t\t\t\t\t\t\t<h3 class=\"elementor-icon-box-title\">\n\t\t\t\t\t\t<span  >\n\t\t\t\t\t\t\t Intenz\u00edvny tr\u00e9ning zru\u010dnost\u00ed\t\t\t\t\t\t<\/span>\n\t\t\t\t\t<\/h3>\n\t\t\t\t\n\t\t\t\t\t\t\t\t\t<p class=\"elementor-icon-box-description\">\n\t\t\t\t\t\tParaleln\u00e9 workshopy: tvorba podcastov s Diane Hielscher (Nemecko) a Janou Ma\u0165kovou (SME), fotografovanie telef\u00f3nom s Janou \u010cavojskou a Tom\u00e1\u0161om Benedekovi\u010dom (Denn\u00edk N).\n\t\t\t\t\t<\/p>\n\t\t\t\t\n\t\t\t<\/div>\n\t\t\t\n\t\t<\/div>\n\t\t\t\t\t\t<\/div>\n\t\t\t\t<\/div>\n\t\t<div class=\"elementor-element elementor-element-b5fc33b e-con-full e-flex elementor-invisible e-con e-child\" data-id=\"b5fc33b\" data-element_type=\"container\" data-settings=\"{&quot;animation&quot;:&quot;fadeInUp&quot;,&quot;background_background&quot;:&quot;classic&quot;}\">\n\t\t\t\t<div class=\"elementor-element elementor-element-ca85987 elementor-view-default elementor-mobile-position-block-start elementor-invisible elementor-widget elementor-widget-icon-box\" data-id=\"ca85987\" data-element_type=\"widget\" data-settings=\"{&quot;_animation&quot;:&quot;fadeInUp&quot;}\" data-widget_type=\"icon-box.default\">\n\t\t\t\t\t\t\t<div class=\"elementor-icon-box-wrapper\">\n\n\t\t\t\t\t\t<div class=\"elementor-icon-box-icon\">\n\t\t\t\t<span  class=\"elementor-icon\">\n\t\t\t\t<svg aria-hidden=\"true\" class=\"e-font-icon-svg e-far-user-circle\" viewBox=\"0 0 496 512\" xmlns=\"http:\/\/www.w3.org\/2000\/svg\"><path d=\"M248 104c-53 0-96 43-96 96s43 96 96 96 96-43 96-96-43-96-96-96zm0 144c-26.5 0-48-21.5-48-48s21.5-48 48-48 48 21.5 48 48-21.5 48-48 48zm0-240C111 8 0 119 0 256s111 248 248 248 248-111 248-248S385 8 248 8zm0 448c-49.7 0-95.1-18.3-130.1-48.4 14.9-23 40.4-38.6 69.6-39.5 20.8 6.4 40.6 9.6 60.5 9.6s39.7-3.1 60.5-9.6c29.2 1 54.7 16.5 69.6 39.5-35 30.1-80.4 48.4-130.1 48.4zm162.7-84.1c-24.4-31.4-62.1-51.9-105.1-51.9-10.2 0-26 9.6-57.6 9.6-31.5 0-47.4-9.6-57.6-9.6-42.9 0-80.6 20.5-105.1 51.9C61.9 339.2 48 299.2 48 256c0-110.3 89.7-200 200-200s200 89.7 200 200c0 43.2-13.9 83.2-37.3 115.9z\"><\/path><\/svg>\t\t\t\t<\/span>\n\t\t\t<\/div>\n\t\t\t\n\t\t\t\t\t\t<div class=\"elementor-icon-box-content\">\n\n\t\t\t\t\t\t\t\t\t<h3 class=\"elementor-icon-box-title\">\n\t\t\t\t\t\t<span  >\n\t\t\t\t\t\t\tNovin\u00e1r\u010dina z vojnov\u00fdch z\u00f3n \t\t\t\t\t\t<\/span>\n\t\t\t\t\t<\/h3>\n\t\t\t\t\n\t\t\t\t\t\t\t\t\t<p class=\"elementor-icon-box-description\">\n\t\t\t\t\t\tAndr\u00e1s F\u00f6ldes (Telex.hu), Mirek T\u00f3da (Denn\u00edk N) a Ameera Harouda (prv\u00e1 palest\u00ednska fixerka, online) rozpr\u00e1vali o rizik\u00e1ch v konfliktn\u00fdch z\u00f3nach, pr\u00edprave, poisten\u00ed, v\u00fdskume \u2013 a ako sa nerozpr\u00e1va\u0165 s traumatizovan\u00fdmi \u013eu\u010fmi v ter\u00e9ne. Uk\u00e1zali neprikr\u00e1\u0161len\u00fa realitu vojnov\u00e9ho reportovania: je to hlavne o logistike a bezpe\u010dnostn\u00fdch protokoloch. \n\t\t\t\t\t<\/p>\n\t\t\t\t\n\t\t\t<\/div>\n\t\t\t\n\t\t<\/div>\n\t\t\t\t\t\t<\/div>\n\t\t\t\t<\/div>\n\t\t<div class=\"elementor-element elementor-element-f6d3771 e-con-full e-flex elementor-invisible e-con e-child\" data-id=\"f6d3771\" data-element_type=\"container\" data-settings=\"{&quot;animation&quot;:&quot;fadeInUp&quot;}\">\n\t\t\t\t<div class=\"elementor-element elementor-element-9253095 elementor-view-default elementor-mobile-position-block-start elementor-invisible elementor-widget elementor-widget-icon-box\" data-id=\"9253095\" data-element_type=\"widget\" data-settings=\"{&quot;_animation&quot;:&quot;fadeInUp&quot;}\" data-widget_type=\"icon-box.default\">\n\t\t\t\t\t\t\t<div class=\"elementor-icon-box-wrapper\">\n\n\t\t\t\t\t\t<div class=\"elementor-icon-box-icon\">\n\t\t\t\t<span  class=\"elementor-icon\">\n\t\t\t\t<svg aria-hidden=\"true\" class=\"e-font-icon-svg e-fas-book\" viewBox=\"0 0 448 512\" xmlns=\"http:\/\/www.w3.org\/2000\/svg\"><path d=\"M448 360V24c0-13.3-10.7-24-24-24H96C43 0 0 43 0 96v320c0 53 43 96 96 96h328c13.3 0 24-10.7 24-24v-16c0-7.5-3.5-14.3-8.9-18.7-4.2-15.4-4.2-59.3 0-74.7 5.4-4.3 8.9-11.1 8.9-18.6zM128 134c0-3.3 2.7-6 6-6h212c3.3 0 6 2.7 6 6v20c0 3.3-2.7 6-6 6H134c-3.3 0-6-2.7-6-6v-20zm0 64c0-3.3 2.7-6 6-6h212c3.3 0 6 2.7 6 6v20c0 3.3-2.7 6-6 6H134c-3.3 0-6-2.7-6-6v-20zm253.4 250H96c-17.7 0-32-14.3-32-32 0-17.6 14.4-32 32-32h285.4c-1.9 17.1-1.9 46.9 0 64z\"><\/path><\/svg>\t\t\t\t<\/span>\n\t\t\t<\/div>\n\t\t\t\n\t\t\t\t\t\t<div class=\"elementor-icon-box-content\">\n\n\t\t\t\t\t\t\t\t\t<h3 class=\"elementor-icon-box-title\">\n\t\t\t\t\t\t<span  >\n\t\t\t\t\t\t\tNovin\u00e1r\u010dina v strednej a z\u00e1padnej Eur\u00f3pe \t\t\t\t\t\t<\/span>\n\t\t\t\t\t<\/h3>\n\t\t\t\t\n\t\t\t\t\t\t\t\t\t<p class=\"elementor-icon-box-description\">\n\t\t\t\t\t\tBeata Balogov\u00e1 (SME) a Timothy Large porovn\u00e1vali praktiky v redakci\u00e1ch strednej a v\u00fdchodnej Eur\u00f3py so Z\u00e1padom. Pracovn\u00e9 poz\u00edcie ako v\u00fdskumn\u00edk \u010di fact-checker u n\u00e1s neexistuj\u00fa. Z\u00e1padn\u00ed novin\u00e1ri si nevedia predstavi\u0165, ako u n\u00e1s pracujeme. In\u00e9 zdroje, in\u00e9 obmedzenia, in\u00e1 novin\u00e1r\u010dina.   \n\t\t\t\t\t<\/p>\n\t\t\t\t\n\t\t\t<\/div>\n\t\t\t\n\t\t<\/div>\n\t\t\t\t\t\t<\/div>\n\t\t\t\t<\/div>\n\t\t\t\t<\/div>\n\t\t\t\t\t<\/div>\n\t\t\t\t<\/div>\n\t\t<div class=\"elementor-element elementor-element-29281c0 e-flex e-con-boxed e-con e-parent\" data-id=\"29281c0\" data-element_type=\"container\">\n\t\t\t\t\t<div class=\"e-con-inner\">\n\t\t\t\t<div class=\"elementor-element elementor-element-dfa0fd2 elementor-widget elementor-widget-heading\" data-id=\"dfa0fd2\" data-element_type=\"widget\" data-widget_type=\"heading.default\">\n\t\t\t\t\t<h2 class=\"elementor-heading-title elementor-size-default\">FOTKY Z FESTIVALU \n<\/h2>\t\t\t\t<\/div>\n\t\t\t\t<div class=\"elementor-element elementor-element-56e90b4 elementor-widget elementor-widget-gallery\" data-id=\"56e90b4\" data-element_type=\"widget\" data-settings=\"{&quot;gallery_layout&quot;:&quot;masonry&quot;,&quot;columns&quot;:3,&quot;gap&quot;:{&quot;unit&quot;:&quot;px&quot;,&quot;size&quot;:8,&quot;sizes&quot;:[]},&quot;lazyload&quot;:&quot;yes&quot;,&quot;columns_tablet&quot;:2,&quot;columns_mobile&quot;:1,&quot;gap_tablet&quot;:{&quot;unit&quot;:&quot;px&quot;,&quot;size&quot;:10,&quot;sizes&quot;:[]},&quot;gap_mobile&quot;:{&quot;unit&quot;:&quot;px&quot;,&quot;size&quot;:10,&quot;sizes&quot;:[]},&quot;link_to&quot;:&quot;file&quot;,&quot;overlay_background&quot;:&quot;yes&quot;,&quot;content_hover_animation&quot;:&quot;fade-in&quot;}\" data-widget_type=\"gallery.default\">\n\t\t\t\t\t\t\t<div class=\"elementor-gallery__container\">\n\t\t\t\t\t\t\t<a class=\"e-gallery-item elementor-gallery-item elementor-animated-content\" href=\"https:\/\/www.journalismfestival.eu\/wp-content\/uploads\/2025\/12\/fin_w_-262.jpg\" data-elementor-open-lightbox=\"yes\" data-elementor-lightbox-slideshow=\"56e90b4\" data-elementor-lightbox-title=\"fin_w_-262\" data-e-action-hash=\"#elementor-action%3Aaction%3Dlightbox%26settings%3DeyJpZCI6MTMwNiwidXJsIjoiaHR0cHM6XC9cL3d3dy5qb3VybmFsaXNtZmVzdGl2YWwuZXVcL3dwLWNvbnRlbnRcL3VwbG9hZHNcLzIwMjVcLzEyXC9maW5fd18tMjYyLmpwZyIsInNsaWRlc2hvdyI6IjU2ZTkwYjQifQ%3D%3D\">\n\t\t\t\t\t<div class=\"e-gallery-image elementor-gallery-item__image\" data-thumbnail=\"https:\/\/www.journalismfestival.eu\/wp-content\/uploads\/2025\/12\/fin_w_-262-768x512.jpg\" data-width=\"768\" data-height=\"512\" aria-label=\"\" role=\"img\" ><\/div>\n\t\t\t\t\t\t\t\t\t\t\t<div class=\"elementor-gallery-item__overlay\"><\/div>\n\t\t\t\t\t\t\t\t\t\t\t\t\t\t<\/a>\n\t\t\t\t\t\t\t<a class=\"e-gallery-item elementor-gallery-item elementor-animated-content\" href=\"https:\/\/www.journalismfestival.eu\/wp-content\/uploads\/2025\/12\/fin_w_-214.jpg\" data-elementor-open-lightbox=\"yes\" data-elementor-lightbox-slideshow=\"56e90b4\" data-elementor-lightbox-title=\"fin_w_-214\" data-e-action-hash=\"#elementor-action%3Aaction%3Dlightbox%26settings%3DeyJpZCI6MTMwNywidXJsIjoiaHR0cHM6XC9cL3d3dy5qb3VybmFsaXNtZmVzdGl2YWwuZXVcL3dwLWNvbnRlbnRcL3VwbG9hZHNcLzIwMjVcLzEyXC9maW5fd18tMjE0LmpwZyIsInNsaWRlc2hvdyI6IjU2ZTkwYjQifQ%3D%3D\">\n\t\t\t\t\t<div class=\"e-gallery-image elementor-gallery-item__image\" data-thumbnail=\"https:\/\/www.journalismfestival.eu\/wp-content\/uploads\/2025\/12\/fin_w_-214-768x512.jpg\" data-width=\"768\" data-height=\"512\" aria-label=\"\" role=\"img\" ><\/div>\n\t\t\t\t\t\t\t\t\t\t\t<div class=\"elementor-gallery-item__overlay\"><\/div>\n\t\t\t\t\t\t\t\t\t\t\t\t\t\t<\/a>\n\t\t\t\t\t\t\t<a class=\"e-gallery-item elementor-gallery-item elementor-animated-content\" href=\"https:\/\/www.journalismfestival.eu\/wp-content\/uploads\/2025\/12\/fin_w_-206.jpg\" data-elementor-open-lightbox=\"yes\" data-elementor-lightbox-slideshow=\"56e90b4\" data-elementor-lightbox-title=\"fin_w_-206\" data-e-action-hash=\"#elementor-action%3Aaction%3Dlightbox%26settings%3DeyJpZCI6MTMwOCwidXJsIjoiaHR0cHM6XC9cL3d3dy5qb3VybmFsaXNtZmVzdGl2YWwuZXVcL3dwLWNvbnRlbnRcL3VwbG9hZHNcLzIwMjVcLzEyXC9maW5fd18tMjA2LmpwZyIsInNsaWRlc2hvdyI6IjU2ZTkwYjQifQ%3D%3D\">\n\t\t\t\t\t<div class=\"e-gallery-image elementor-gallery-item__image\" data-thumbnail=\"https:\/\/www.journalismfestival.eu\/wp-content\/uploads\/2025\/12\/fin_w_-206-768x512.jpg\" data-width=\"768\" data-height=\"512\" aria-label=\"\" role=\"img\" ><\/div>\n\t\t\t\t\t\t\t\t\t\t\t<div class=\"elementor-gallery-item__overlay\"><\/div>\n\t\t\t\t\t\t\t\t\t\t\t\t\t\t<\/a>\n\t\t\t\t\t\t\t<a class=\"e-gallery-item elementor-gallery-item elementor-animated-content\" href=\"https:\/\/www.journalismfestival.eu\/wp-content\/uploads\/2025\/12\/fin_w_-199.jpg\" data-elementor-open-lightbox=\"yes\" data-elementor-lightbox-slideshow=\"56e90b4\" data-elementor-lightbox-title=\"fin_w_-199\" data-e-action-hash=\"#elementor-action%3Aaction%3Dlightbox%26settings%3DeyJpZCI6MTMwOSwidXJsIjoiaHR0cHM6XC9cL3d3dy5qb3VybmFsaXNtZmVzdGl2YWwuZXVcL3dwLWNvbnRlbnRcL3VwbG9hZHNcLzIwMjVcLzEyXC9maW5fd18tMTk5LmpwZyIsInNsaWRlc2hvdyI6IjU2ZTkwYjQifQ%3D%3D\">\n\t\t\t\t\t<div class=\"e-gallery-image elementor-gallery-item__image\" data-thumbnail=\"https:\/\/www.journalismfestival.eu\/wp-content\/uploads\/2025\/12\/fin_w_-199-768x512.jpg\" data-width=\"768\" data-height=\"512\" aria-label=\"\" role=\"img\" ><\/div>\n\t\t\t\t\t\t\t\t\t\t\t<div class=\"elementor-gallery-item__overlay\"><\/div>\n\t\t\t\t\t\t\t\t\t\t\t\t\t\t<\/a>\n\t\t\t\t\t\t\t<a class=\"e-gallery-item elementor-gallery-item elementor-animated-content\" href=\"https:\/\/www.journalismfestival.eu\/wp-content\/uploads\/2025\/12\/fin_w_-67.jpg\" data-elementor-open-lightbox=\"yes\" data-elementor-lightbox-slideshow=\"56e90b4\" data-elementor-lightbox-title=\"fin_w_-67\" data-e-action-hash=\"#elementor-action%3Aaction%3Dlightbox%26settings%3DeyJpZCI6MTMxMCwidXJsIjoiaHR0cHM6XC9cL3d3dy5qb3VybmFsaXNtZmVzdGl2YWwuZXVcL3dwLWNvbnRlbnRcL3VwbG9hZHNcLzIwMjVcLzEyXC9maW5fd18tNjcuanBnIiwic2xpZGVzaG93IjoiNTZlOTBiNCJ9\">\n\t\t\t\t\t<div class=\"e-gallery-image elementor-gallery-item__image\" data-thumbnail=\"https:\/\/www.journalismfestival.eu\/wp-content\/uploads\/2025\/12\/fin_w_-67-768x512.jpg\" data-width=\"768\" data-height=\"512\" aria-label=\"\" role=\"img\" ><\/div>\n\t\t\t\t\t\t\t\t\t\t\t<div class=\"elementor-gallery-item__overlay\"><\/div>\n\t\t\t\t\t\t\t\t\t\t\t\t\t\t<\/a>\n\t\t\t\t\t\t\t<a class=\"e-gallery-item elementor-gallery-item elementor-animated-content\" href=\"https:\/\/www.journalismfestival.eu\/wp-content\/uploads\/2025\/12\/fin_w_-19.jpg\" data-elementor-open-lightbox=\"yes\" data-elementor-lightbox-slideshow=\"56e90b4\" data-elementor-lightbox-title=\"fin_w_-19\" data-e-action-hash=\"#elementor-action%3Aaction%3Dlightbox%26settings%3DeyJpZCI6MTMxMSwidXJsIjoiaHR0cHM6XC9cL3d3dy5qb3VybmFsaXNtZmVzdGl2YWwuZXVcL3dwLWNvbnRlbnRcL3VwbG9hZHNcLzIwMjVcLzEyXC9maW5fd18tMTkuanBnIiwic2xpZGVzaG93IjoiNTZlOTBiNCJ9\">\n\t\t\t\t\t<div class=\"e-gallery-image elementor-gallery-item__image\" data-thumbnail=\"https:\/\/www.journalismfestival.eu\/wp-content\/uploads\/2025\/12\/fin_w_-19-768x512.jpg\" data-width=\"768\" data-height=\"512\" aria-label=\"\" role=\"img\" ><\/div>\n\t\t\t\t\t\t\t\t\t\t\t<div class=\"elementor-gallery-item__overlay\"><\/div>\n\t\t\t\t\t\t\t\t\t\t\t\t\t\t<\/a>\n\t\t\t\t\t<\/div>\n\t\t\t\t\t<\/div>\n\t\t\t\t\t<\/div>\n\t\t\t\t<\/div>\n\t\t<div class=\"elementor-element elementor-element-389dcc0 e-flex e-con-boxed e-con e-parent\" data-id=\"389dcc0\" data-element_type=\"container\" data-settings=\"{&quot;background_background&quot;:&quot;classic&quot;}\">\n\t\t\t\t\t<div class=\"e-con-inner\">\n\t\t<div class=\"elementor-element elementor-element-fb066d5 e-flex e-con-boxed e-con e-child\" data-id=\"fb066d5\" data-element_type=\"container\">\n\t\t\t\t\t<div class=\"e-con-inner\">\n\t\t\t\t<div class=\"elementor-element elementor-element-c3df760 elementor-widget elementor-widget-heading\" data-id=\"c3df760\" data-element_type=\"widget\" data-widget_type=\"heading.default\">\n\t\t\t\t\t<h2 class=\"elementor-heading-title elementor-size-default\">KTO PRI\u0160IEL\n<\/h2>\t\t\t\t<\/div>\n\t\t\t\t<div class=\"elementor-element elementor-element-9c87634 elementor-widget elementor-widget-text-editor\" data-id=\"9c87634\" data-element_type=\"widget\" data-widget_type=\"text-editor.default\">\n\t\t\t\t\t\t\t\t\t<p><span style=\"font-weight: 400;\">Prv\u00fd festival spojil mlad\u00fdch novin\u00e1rov, ktor\u00ed chceli p\u00edsa\u0165 o glob\u00e1lnych t\u00e9mach. Od vojnov\u00fdch kore\u0161pondentov cez sociol\u00f3gov a\u017e po fixerov pracuj\u00facich v konfliktn\u00fdch z\u00f3nach.<\/span><\/p><p><b>Hlavn\u00ed sp\u00edkri:<\/b><\/p><p><span style=\"font-weight: 400;\">Andr\u00e1s F\u00f6ldes (HVG, Ma\u010farsko)<\/span><\/p><p><span style=\"font-weight: 400;\">Beata Balogov\u00e1 (SME, Slovensko)<\/span><\/p><p><span style=\"font-weight: 400;\">Shani Orgad (London School of Economics, Ve\u013ek\u00e1 Brit\u00e1nia) <\/span><\/p><p><span style=\"font-weight: 400;\">Ameera Harouda (Palest\u00edna) <\/span><\/p><p><span style=\"font-weight: 400;\">Tom Law (Global Forum for Media Development) <\/span><\/p><p><span style=\"font-weight: 400;\">Diane Hielscher (rozhlasov\u00e1 novin\u00e1rka, Nemecko) <\/span><\/p><p><span style=\"font-weight: 400;\">Hamimu Masudi (Uganda) <\/span><\/p><p><span style=\"font-weight: 400;\">Michel Ferris Dobles (Kostarika)<\/span><\/p><p><b>+ 15 \u010fal\u0161\u00edch novin\u00e1rov, editorov a medi\u00e1lnych odborn\u00edkov <\/b><\/p><p><b>Z\u00fa\u010dastnili sa tie\u017e:<\/b><\/p><p><span style=\"font-weight: 400;\">Timothy Large (Thomson Reuters Foundation), Jana \u010cavojsk\u00e1 (fotografka, Slovensko), Tom\u00e1\u0161 Benedekovi\u010d (Denn\u00edk N, Slovensko), Jana Ma\u0165kov\u00e1 (SME, Slovensko), Mirek T\u00f3da (Denn\u00edk N, Slovensko), Peter Ivani\u010d (Svet medzi riadkami, Slovensko), Miroslava German \u0160irotn\u00edkov\u00e1 (nez\u00e1visl\u00e1 novin\u00e1rka, Slovensko) a \u0161tudenti \u017eurnalistiky zo Slovenska a viacer\u00fdch eur\u00f3pskych kraj\u00edn.<\/span><\/p>\t\t\t\t\t\t\t\t<\/div>\n\t\t\t\t\t<\/div>\n\t\t\t\t<\/div>\n\t\t\t\t\t<\/div>\n\t\t\t\t<\/div>\n\t\t\t\t<\/div>\n\t\t","protected":false},"excerpt":{"rendered":"<p>FESTIVAL 2022: Medzi riadkami Home FESTIVAL 2022: Medzi riadkami FESTIVAL 2022: Medzi riadkami Prv\u00fd ro\u010dn\u00edk spojil medzin\u00e1rodn\u00e9 vzdel\u00e1vanie s praktick\u00fdmi [&hellip;]<\/p>\n","protected":false},"author":1,"featured_media":0,"parent":0,"menu_order":0,"comment_status":"closed","ping_status":"closed","template":"elementor_header_footer","meta":{"site-sidebar-layout":"no-sidebar","site-content-layout":"","ast-site-content-layout":"full-width-container","site-content-style":"default","site-sidebar-style":"default","ast-global-header-display":"","ast-banner-title-visibility":"","ast-main-header-display":"","ast-hfb-above-header-display":"","ast-hfb-below-header-display":"","ast-hfb-mobile-header-display":"","site-post-title":"","ast-breadcrumbs-content":"","ast-featured-img":"disabled","footer-sml-layout":"","ast-disable-related-posts":"","theme-transparent-header-meta":"default","adv-header-id-meta":"","stick-header-meta":"","header-above-stick-meta":"","header-main-stick-meta":"","header-below-stick-meta":"","astra-migrate-meta-layouts":"default","ast-page-background-enabled":"default","ast-page-background-meta":{"desktop":{"background-color":"var(--ast-global-color-5)","background-image":"","background-repeat":"repeat","background-position":"center center","background-size":"auto","background-attachment":"scroll","background-type":"","background-media":"","overlay-type":"","overlay-color":"","overlay-opacity":"","overlay-gradient":""},"tablet":{"background-color":"","background-image":"","background-repeat":"repeat","background-position":"center center","background-size":"auto","background-attachment":"scroll","background-type":"","background-media":"","overlay-type":"","overlay-color":"","overlay-opacity":"","overlay-gradient":""},"mobile":{"background-color":"","background-image":"","background-repeat":"repeat","background-position":"center center","background-size":"auto","background-attachment":"scroll","background-type":"","background-media":"","overlay-type":"","overlay-color":"","overlay-opacity":"","overlay-gradient":""}},"ast-content-background-meta":{"desktop":{"background-color":"var(--ast-global-color-4)","background-image":"","background-repeat":"repeat","background-position":"center center","background-size":"auto","background-attachment":"scroll","background-type":"","background-media":"","overlay-type":"","overlay-color":"","overlay-opacity":"","overlay-gradient":""},"tablet":{"background-color":"var(--ast-global-color-4)","background-image":"","background-repeat":"repeat","background-position":"center center","background-size":"auto","background-attachment":"scroll","background-type":"","background-media":"","overlay-type":"","overlay-color":"","overlay-opacity":"","overlay-gradient":""},"mobile":{"background-color":"var(--ast-global-color-4)","background-image":"","background-repeat":"repeat","background-position":"center center","background-size":"auto","background-attachment":"scroll","background-type":"","background-media":"","overlay-type":"","overlay-color":"","overlay-opacity":"","overlay-gradient":""}},"footnotes":""},"class_list":["post-1304","page","type-page","status-publish","hentry"],"_links":{"self":[{"href":"https:\/\/www.journalismfestival.eu\/sk\/wp-json\/wp\/v2\/pages\/1304","targetHints":{"allow":["GET"]}}],"collection":[{"href":"https:\/\/www.journalismfestival.eu\/sk\/wp-json\/wp\/v2\/pages"}],"about":[{"href":"https:\/\/www.journalismfestival.eu\/sk\/wp-json\/wp\/v2\/types\/page"}],"author":[{"embeddable":true,"href":"https:\/\/www.journalismfestival.eu\/sk\/wp-json\/wp\/v2\/users\/1"}],"replies":[{"embeddable":true,"href":"https:\/\/www.journalismfestival.eu\/sk\/wp-json\/wp\/v2\/comments?post=1304"}],"version-history":[{"count":7,"href":"https:\/\/www.journalismfestival.eu\/sk\/wp-json\/wp\/v2\/pages\/1304\/revisions"}],"predecessor-version":[{"id":1842,"href":"https:\/\/www.journalismfestival.eu\/sk\/wp-json\/wp\/v2\/pages\/1304\/revisions\/1842"}],"wp:attachment":[{"href":"https:\/\/www.journalismfestival.eu\/sk\/wp-json\/wp\/v2\/media?parent=1304"}],"curies":[{"name":"wp","href":"https:\/\/api.w.org\/{rel}","templated":true}]}}